{"id":334,"date":"2020-07-14T19:36:28","date_gmt":"2020-07-14T17:36:28","guid":{"rendered":"https:\/\/xn--brgerstiftung-emscherlippe-land-oid.de\/?page_id=334"},"modified":"2025-05-16T08:09:59","modified_gmt":"2025-05-16T06:09:59","slug":"zivilcourage","status":"publish","type":"page","link":"https:\/\/xn--brgerstiftung-emscherlippe-land-oid.de\/index.php\/aktuelle-projekte\/zivilcourage\/","title":{"rendered":"B\u00fcrgercourage Preis 2024"},"content":{"rendered":"\n<div class=\"wp-block-media-text alignwide is-stacked-on-mobile\" style=\"grid-template-columns:31% auto\"><figure class=\"wp-block-media-text__media\"><img loading=\"lazy\" decoding=\"async\" width=\"1024\" height=\"1024\" src=\"https:\/\/xn--brgerstiftung-emscherlippe-land-oid.de\/wp-content\/uploads\/2024\/06\/Logo-Buergercourage-1024x1024.png\" alt=\"\" class=\"wp-image-1985 size-full\" srcset=\"https:\/\/xn--brgerstiftung-emscherlippe-land-oid.de\/wp-content\/uploads\/2024\/06\/Logo-Buergercourage-1024x1024.png 1024w, https:\/\/xn--brgerstiftung-emscherlippe-land-oid.de\/wp-content\/uploads\/2024\/06\/Logo-Buergercourage-300x300.png 300w, https:\/\/xn--brgerstiftung-emscherlippe-land-oid.de\/wp-content\/uploads\/2024\/06\/Logo-Buergercourage-150x150.png 150w, https:\/\/xn--brgerstiftung-emscherlippe-land-oid.de\/wp-content\/uploads\/2024\/06\/Logo-Buergercourage-768x768.png 768w, https:\/\/xn--brgerstiftung-emscherlippe-land-oid.de\/wp-content\/uploads\/2024\/06\/Logo-Buergercourage-100x100.png 100w, https:\/\/xn--brgerstiftung-emscherlippe-land-oid.de\/wp-content\/uploads\/2024\/06\/Logo-Buergercourage.png 1182w\" sizes=\"auto, (max-width: 706px) 89vw, (max-width: 767px) 82vw, 740px\" \/><\/figure><div class=\"wp-block-media-text__content\">\n<p><em>Rote Karte gegen Gewalt<\/em><br>die <mark style=\"background-color:rgba(0, 0, 0, 0)\" class=\"has-inline-color has-luminous-vivid-orange-color\"><strong>B\u00fcrgerstiftung EmscherLippe-Land<\/strong><\/mark><\/p>\n\n\n\n<p>zeichnet mit <em>mit dem diesj\u00e4hrigen B\u00fcrgercourage-Preis Personen aus, die sich aktiv gegen Gewalt im Sport einsetzen<\/em>. Gewalt im Sport ist ein immer wieder auftretendes Problem, das nicht nur die Freude des Sportgeistes raubt, sondern auch das k\u00f6rperliche und psychische Wohlergehen der Sportler, Trainer, Schiedsrichter und Fans gef\u00e4hrdet. Viele Personen, auch hier bei uns im EmscherLippe-Land, setzen sich aktiv gegen diese Gewalt ein, um ein faires Miteinander in der Sportwelt zu f\u00f6rdern.<\/p>\n<\/div><\/div>\n\n\n\n<p>Gewalt im Sport kann vielf\u00e4ltige Formen annehmen. Von k\u00f6rperlichen Angriffen durch oder gegen\u00fcber Fans, Gewalt gegen Schiedsrichter, Gewaltanstiftungen am Spielfeldrand bis hin zu psychischer Gewalt, wie Beleidigungen oder Mobbing. Dabei stellt die B\u00fcrgerstiftung nicht nur den Profisport in den Fokus. F\u00fcr uns f\u00e4ngt ein friedliches Miteinander bei jedem Sportverein vor Ort an. Um dieser Form der Gewalt entgegenzuwirken, m\u00f6chten wir Personen oder Vereine auszeichnen, die sich durch diverse Ma\u00dfnahmen f\u00fcr eine gerechte und faire Sportwelt einsetzen. Das k\u00f6nnen beispielsweise Ausbildungen von Streitschlichtern, der Einsatz von Mediatoren, Veranstaltungen zur Pr\u00e4vention von Gewalt und Mobbing oder aber auch das aktive Einschreiten von Personen in Gewaltsituationen sein.<\/p>\n\n\n\n<p><\/p>\n\n\n\n<div class=\"wp-block-media-text has-media-on-the-right is-stacked-on-mobile has-small-font-size\" style=\"grid-template-columns:auto 42%\"><div class=\"wp-block-media-text__content\">\n<h3 class=\"wp-block-heading\">Erkennen Sie sich oder Ihren Verein in dieser Beschreibung wieder oder kennen Sie jemanden, der sich in diesem Sinne engagiert? Dann bewerben Sie sich hier f\u00fcr den B\u00fcrgercourage-Preis! Mit der Auszeichnung erhalten die Pr\u00e4mierten ein <strong>Preisgeld im Gesamtwert von 10.000 Euro zur Weitergabe an einen Verein ihrer Wahl in der Region<\/strong>. Geh\u00f6ren Sie selbst einem Verein an, k\u00f6nnen Sie auch Ihren Verein als Empf\u00e4nger des Preisgelds vorschlagen. Bewerbungen oder Vorschl\u00e4ge k\u00f6nnen bis zum 31. Dezember 2024 eingereicht werden.<\/h3>\n\n\n\n<p><\/p>\n<\/div><figure class=\"wp-block-media-text__media\"><img loading=\"lazy\" decoding=\"async\" width=\"612\" height=\"612\" src=\"https:\/\/xn--brgerstiftung-emscherlippe-land-oid.de\/wp-content\/uploads\/2024\/06\/roteKarte.png\" alt=\"\" class=\"wp-image-1991 size-full\" srcset=\"https:\/\/xn--brgerstiftung-emscherlippe-land-oid.de\/wp-content\/uploads\/2024\/06\/roteKarte.png 612w, https:\/\/xn--brgerstiftung-emscherlippe-land-oid.de\/wp-content\/uploads\/2024\/06\/roteKarte-300x300.png 300w, https:\/\/xn--brgerstiftung-emscherlippe-land-oid.de\/wp-content\/uploads\/2024\/06\/roteKarte-150x150.png 150w, https:\/\/xn--brgerstiftung-emscherlippe-land-oid.de\/wp-content\/uploads\/2024\/06\/roteKarte-100x100.png 100w\" sizes=\"auto, (max-width: 612px) 100vw, 612px\" \/><\/figure><\/div>\n\n\n\n<div class=\"wp-block-media-text alignwide is-stacked-on-mobile is-vertically-aligned-top\" style=\"grid-template-columns:33% auto\"><figure class=\"wp-block-media-text__media\"><img loading=\"lazy\" decoding=\"async\" width=\"894\" height=\"924\" src=\"https:\/\/xn--brgerstiftung-emscherlippe-land-oid.de\/wp-content\/uploads\/2020\/07\/Bildschirmfoto-2020-07-14-um-18.13.12.png\" alt=\"\" class=\"wp-image-319 size-full\" srcset=\"https:\/\/xn--brgerstiftung-emscherlippe-land-oid.de\/wp-content\/uploads\/2020\/07\/Bildschirmfoto-2020-07-14-um-18.13.12.png 894w, https:\/\/xn--brgerstiftung-emscherlippe-land-oid.de\/wp-content\/uploads\/2020\/07\/Bildschirmfoto-2020-07-14-um-18.13.12-290x300.png 290w, https:\/\/xn--brgerstiftung-emscherlippe-land-oid.de\/wp-content\/uploads\/2020\/07\/Bildschirmfoto-2020-07-14-um-18.13.12-768x794.png 768w\" sizes=\"auto, (max-width: 706px) 89vw, (max-width: 767px) 82vw, 740px\" \/><\/figure><div class=\"wp-block-media-text__content\">\n<p><em>Der Arzt, Autor und Schauspieler <a href=\"https:\/\/www.instagram.com\/bauschjoe?igsh=cXNuczVmOWpwMjdh\">Joe Bausch<\/a> ist bereits zum f\u00fcnften Mal in Folge Schirmherr<\/em> <em>des B\u00fcrgercourage-Preises. Spielte er im Tatort regelm\u00e4\u00dfig den Gerichtsmediziner, so war<\/em> <em><a href=\"https:\/\/www.instagram.com\/bauschjoe?igsh=cXNuczVmOWpwMjdh\">Joe Bausch<\/a> im wahren Leben als Anstaltsarzt in der Justizvollzugsanstalt in Werl t\u00e4tig. Seine<\/em> <em>Erfahrungen und seine pers\u00f6nlichen Erlebnisse, die ihn stark gepr\u00e4gt haben, hat er bereits in<\/em> <em>vier B\u00fcchern (\u201eKnast\u201c, \u201eGangsterblues\u201c, \u201eMaxima Culpa\u201c und \u201eVerr\u00fccktes Blut\u201c)<\/em> <em>festgehalten und f\u00fcr ein breites Publikum erlebbar gemacht.<\/em><\/p>\n<\/div><\/div>\n\n\n\n<h2 class=\"wp-block-heading\">Die bisherigen Preistr\u00e4ger des Zivilcourage-Preis der B\u00fcrgerstiftung Emscherlippe-Land<\/h2>\n\n\n\t\t\t<!-- Cool Timeline PRO V4.9 -->\r\n\t\t\t<div class=\"ctl-wrapper\" role=\"region\" aria-label=\"Timeline\">\r\n\t\t\t\t\t\t\t\t<div id=\"cool_timeline_1\" class=\"cool-timeline-wrapper ctl-horizontal ctl-horizontal-wrapper ctl-horizontal-timeline ctl-design-2\" data-items=\"\" data-start-on=\"0\" data-autoplay=\"true\" data-autoplay-speed=\"3000\" data-load=\"\" data-nav=\"hide\" data-line-filling=\"false\" data-nav-pos=\"left\" role=\"region\" aria-label=\"Timeline\">\r\n\t\t\t\t\t<div class=\"ctl-wrapper-inside\">\r\n\t\t\t\t\t\t\t\t\t\t\t\t<div id=\"ctl-slider-container\" class=\"ctl-slider-container swiper-container ctl-line-filler swiper-container-horizontal\" aria-live=\"polite\">\r\n\t\t\t\t\t\t\t<!-- Timeline Container -->\r\n\t\t\t\t\t\t\t<div class=\"ctl-slider-wrapper ctl-timeline-container swiper-wrapper\">\r\n\t\t\t\t\t\t\t\t<!-- Timeline Content --><div id=\"ctl-story-2194\" class=\"ctl-story ctl-story-icon swiper-slide odd\" data-story-index=\"1\" role=\"article\"><!-- Story Year Section --><div data-cls=\"sc-nv-light horizontal\" class=\"timeline-year scrollable-section ctl-year ctl-year-container light-year\" data-section-title=\"2025\" id=\"year-2025\"><div class=\"ctl-year-label ctl-year-text\"><span>2025<\/span><\/div><\/div><!-- Story Date --><div class=\"ctl-labels\"><div class=\"ctl-label-big story-date\">2025<\/div><\/div><!-- Story Icon --><div class=\"ctl-icon\"><i class=\"fa fa-clock-o\" aria-hidden=\"true\"><\/i><\/div> <!-- Story Arrow --><div class=\"ctl-arrow\"><\/div>\r\n\t\t\t<!-- Story Content --><div class=\"ctl-content\"><!-- Story Title --> <div class=\"ctl-title story-2194\" role=\"heading\" aria-level=\"2\"><a target=\"_self\" title=\"Rote Karte gegen Gewalt im Sport\" href=\"https:\/\/xn--brgerstiftung-emscherlippe-land-oid.de\/index.php\/timeline\/rote-karte-gegen-gewalt-im-sport\/\" class=\"story-link\">Rote Karte gegen Gewalt im Sport<\/a><\/div><!-- Story Media --><div class=\"ctl-media full\"><a data-glightbox=\"Rote Karte gegen Gewalt im Sport\" href=\"https:\/\/xn--brgerstiftung-emscherlippe-land-oid.de\/wp-content\/uploads\/2025\/05\/Praemierung-Buergercourage-1-scaled.jpg\" class=\"ctl_glightbox\"><img loading=\"lazy\" decoding=\"async\" width=\"525\" height=\"394\" src=\"https:\/\/xn--brgerstiftung-emscherlippe-land-oid.de\/wp-content\/uploads\/2025\/05\/Praemierung-Buergercourage-1-1024x768.jpg\" class=\"story-img wp-post-image\" alt=\"Rote Karte gegen Gewalt im Sport\" srcset=\"https:\/\/xn--brgerstiftung-emscherlippe-land-oid.de\/wp-content\/uploads\/2025\/05\/Praemierung-Buergercourage-1-1024x768.jpg 1024w, https:\/\/xn--brgerstiftung-emscherlippe-land-oid.de\/wp-content\/uploads\/2025\/05\/Praemierung-Buergercourage-1-300x225.jpg 300w, https:\/\/xn--brgerstiftung-emscherlippe-land-oid.de\/wp-content\/uploads\/2025\/05\/Praemierung-Buergercourage-1-768x576.jpg 768w, https:\/\/xn--brgerstiftung-emscherlippe-land-oid.de\/wp-content\/uploads\/2025\/05\/Praemierung-Buergercourage-1-1536x1152.jpg 1536w, https:\/\/xn--brgerstiftung-emscherlippe-land-oid.de\/wp-content\/uploads\/2025\/05\/Praemierung-Buergercourage-1-2048x1536.jpg 2048w\" sizes=\"auto, 100vw\" \/><\/a><\/div><!-- Story Description --><div class=\"ctl-description\"><p>\u00a0B\u00fcrgerstiftung vergibt 10.000 Euro an Vereine\u00a0 Es war der f\u00fcnfte B\u00fcrgercourage-Preis, den die B\u00fcrgerstiftung EmscherLippe-Land gemeinsam mit Schirmherrn Joe Bausch ausgelobt hat. Jetzt wurden in der Turnhalle des GV Waltrop die Siegervereine pr\u00e4miert. Der Auftakt des Wettbewerbes fand bereits im Juli 2024 statt im Rahmen des Benefizspiels der DJK Sportfreunde&hellip;<br \/><a class=\"read_more ctl_read_more\" target=\"_self\" href=\"https:\/\/xn--brgerstiftung-emscherlippe-land-oid.de\/index.php\/timeline\/rote-karte-gegen-gewalt-im-sport\/\" role=\"link\">Mehr lesen<\/a><\/p>\n<\/div><\/div><\/div><!-- Timeline Content --><div id=\"ctl-story-2080\" class=\"ctl-story ctl-story-icon swiper-slide even\" data-story-index=\"2\" role=\"article\"><!-- Story Year Section --><div data-cls=\"sc-nv-light horizontal\" class=\"timeline-year scrollable-section ctl-year ctl-year-container light-year\" data-section-title=\"2024\" id=\"year-2024\"><div class=\"ctl-year-label ctl-year-text\"><span>2024<\/span><\/div><\/div><!-- Story Date --><div class=\"ctl-labels\"><div class=\"ctl-label-big story-date\">2024<\/div><\/div><!-- Story Icon --><div class=\"ctl-icon\"><i class=\"fa fa-clock-o\" aria-hidden=\"true\"><\/i><\/div> <!-- Story Arrow --><div class=\"ctl-arrow\"><\/div>\r\n\t\t\t<!-- Story Content --><div class=\"ctl-content\"><!-- Story Title --> <div class=\"ctl-title story-2080\" role=\"heading\" aria-level=\"2\"><a target=\"_self\" title=\"B\u00fcrgercourage-Preis 2024: B\u00fcrgerstiftung zeigt rote Karte gegen Gewalt im Sport\" href=\"https:\/\/xn--brgerstiftung-emscherlippe-land-oid.de\/index.php\/timeline\/buergercourage-preis-2024-buergerstiftung-zeigt-rote-karte-gegen-gewalt-im-sport\/\" class=\"story-link\">B\u00fcrgercourage-Preis 2024: B\u00fcrgerstiftung zeigt rote Karte gegen Gewalt im Sport<\/a><\/div><!-- Story Media --><div class=\"ctl-media full\"><a data-glightbox=\"B\u00fcrgercourage-Preis 2024: B\u00fcrgerstiftung zeigt rote Karte gegen Gewalt im Sport\" href=\"https:\/\/xn--brgerstiftung-emscherlippe-land-oid.de\/wp-content\/uploads\/2024\/07\/Foto-Auftakt-scaled.jpg\" class=\"ctl_glightbox\"><img loading=\"lazy\" decoding=\"async\" width=\"525\" height=\"394\" src=\"https:\/\/xn--brgerstiftung-emscherlippe-land-oid.de\/wp-content\/uploads\/2024\/07\/Foto-Auftakt-1024x768.jpg\" class=\"story-img wp-post-image\" alt=\"B\u00fcrgercourage-Preis 2024: B\u00fcrgerstiftung zeigt rote Karte gegen Gewalt im Sport\" srcset=\"https:\/\/xn--brgerstiftung-emscherlippe-land-oid.de\/wp-content\/uploads\/2024\/07\/Foto-Auftakt-1024x768.jpg 1024w, https:\/\/xn--brgerstiftung-emscherlippe-land-oid.de\/wp-content\/uploads\/2024\/07\/Foto-Auftakt-300x225.jpg 300w, https:\/\/xn--brgerstiftung-emscherlippe-land-oid.de\/wp-content\/uploads\/2024\/07\/Foto-Auftakt-768x576.jpg 768w, https:\/\/xn--brgerstiftung-emscherlippe-land-oid.de\/wp-content\/uploads\/2024\/07\/Foto-Auftakt-1536x1152.jpg 1536w, https:\/\/xn--brgerstiftung-emscherlippe-land-oid.de\/wp-content\/uploads\/2024\/07\/Foto-Auftakt-2048x1536.jpg 2048w\" sizes=\"auto, 100vw\" \/><\/a><\/div><!-- Story Description --><div class=\"ctl-description\"><p>B\u00fcrgercourage-Preis 2024: B\u00fcrgerstiftung zeigt rote Karte gegen Gewalt im Sport \u00a0Es ist der f\u00fcnfte Zivilcourage-Preis, den die B\u00fcrgerstiftung EmscherLippe-Land gemeinsam mit Schirmherr Joe Bausch auslobt. In diesem Jahr sollen Personen ausgezeichnet werden, die sich aktiv gegen Gewalt im Sport einsetzen. Daf\u00fcr lobt die B\u00fcrgerstiftung ein Preisgeld von insgesamt 10.000 Euro&hellip;<br \/><a class=\"read_more ctl_read_more\" target=\"_self\" href=\"https:\/\/xn--brgerstiftung-emscherlippe-land-oid.de\/index.php\/timeline\/buergercourage-preis-2024-buergerstiftung-zeigt-rote-karte-gegen-gewalt-im-sport\/\" role=\"link\">Mehr lesen<\/a><\/p>\n<\/div><\/div><\/div><!-- Timeline Content --><div id=\"ctl-story-1617\" class=\"ctl-story ctl-story-icon swiper-slide odd\" data-story-index=\"3\" role=\"article\"><!-- Story Year Section --><div data-cls=\"sc-nv-light horizontal\" class=\"timeline-year scrollable-section ctl-year ctl-year-container light-year\" data-section-title=\"2022\" id=\"year-2022\"><div class=\"ctl-year-label ctl-year-text\"><span>2022<\/span><\/div><\/div><!-- Story Date --><div class=\"ctl-labels\"><div class=\"ctl-label-big story-date\">2022<\/div><\/div><!-- Story Icon --><div class=\"ctl-icon\"><i class=\"fa fa-clock-o\" aria-hidden=\"true\"><\/i><\/div> <!-- Story Arrow --><div class=\"ctl-arrow\"><\/div>\r\n\t\t\t<!-- Story Content --><div class=\"ctl-content\"><!-- Story Title --> <div class=\"ctl-title story-1617\" role=\"heading\" aria-level=\"2\"><a target=\"_self\" title=\"B\u00fcrgerstiftung EmscherLippe-Land verleiht Zivilcourage-Preis\" href=\"https:\/\/xn--brgerstiftung-emscherlippe-land-oid.de\/index.php\/timeline\/vierter-zivilcourage-preis\/\" class=\"story-link\">B\u00fcrgerstiftung EmscherLippe-Land verleiht Zivilcourage-Preis<\/a><\/div><div class=\"ctp-media-slider\"><!-- Story Slider Container -->\r\n\t\t\t\t\t\t<div id=\"story-1617\" class=\"ctp-story-slider story-swiper-1617\" data-swiper-autoplay=\"1\" data-swiper-speed=\"5000\">\r\n\t\t\t\t\t\t\t<div class=\"story-swiper-wrapper swiper-wrapper\">\r\n\t\t\t\t\t\t\t\t<!-- Slides --><div class=\"story-slide swiper-slide\"><a class=\"ctl_glightbox_gallery\" data-gallery=\"ctl_glightbox_gallery[g_gallery-1617]\" href=\"https:\/\/xn--brgerstiftung-emscherlippe-land-oid.de\/wp-content\/uploads\/2022\/06\/Realschule-scaled.jpg\"><img decoding=\"async\" class=\"story-image\" src=\"https:\/\/xn--brgerstiftung-emscherlippe-land-oid.de\/wp-content\/uploads\/2022\/06\/Realschule-1024x768.jpg\" class=\"no-lazyload skip-lazy\"><\/a><\/div><div class=\"story-slide swiper-slide\"><a class=\"ctl_glightbox_gallery\" data-gallery=\"ctl_glightbox_gallery[g_gallery-1617]\" href=\"https:\/\/xn--brgerstiftung-emscherlippe-land-oid.de\/wp-content\/uploads\/2022\/06\/Lohschule-scaled.jpg\"><img decoding=\"async\" class=\"story-image\" src=\"https:\/\/xn--brgerstiftung-emscherlippe-land-oid.de\/wp-content\/uploads\/2022\/06\/Lohschule-1024x768.jpg\" class=\"no-lazyload skip-lazy\"><\/a><\/div><div class=\"story-slide swiper-slide\"><a class=\"ctl_glightbox_gallery\" data-gallery=\"ctl_glightbox_gallery[g_gallery-1617]\" href=\"https:\/\/xn--brgerstiftung-emscherlippe-land-oid.de\/wp-content\/uploads\/2022\/06\/Katielli-scaled.jpg\"><img decoding=\"async\" class=\"story-image\" src=\"https:\/\/xn--brgerstiftung-emscherlippe-land-oid.de\/wp-content\/uploads\/2022\/06\/Katielli-1024x768.jpg\" class=\"no-lazyload skip-lazy\"><\/a><\/div><div class=\"story-slide swiper-slide\"><a class=\"ctl_glightbox_gallery\" data-gallery=\"ctl_glightbox_gallery[g_gallery-1617]\" href=\"https:\/\/xn--brgerstiftung-emscherlippe-land-oid.de\/wp-content\/uploads\/2022\/06\/Flu\u0308chtlingshilfe_Waltrop-scaled.jpeg\"><img decoding=\"async\" class=\"story-image\" src=\"https:\/\/xn--brgerstiftung-emscherlippe-land-oid.de\/wp-content\/uploads\/2022\/06\/Flu\u0308chtlingshilfe_Waltrop-1024x768.jpeg\" class=\"no-lazyload skip-lazy\"><\/a><\/div><div class=\"story-slide swiper-slide\"><a class=\"ctl_glightbox_gallery\" data-gallery=\"ctl_glightbox_gallery[g_gallery-1617]\" href=\"https:\/\/xn--brgerstiftung-emscherlippe-land-oid.de\/wp-content\/uploads\/2022\/06\/Christengemeinde-Gottes-Wort-scaled.jpg\"><img decoding=\"async\" class=\"story-image\" src=\"https:\/\/xn--brgerstiftung-emscherlippe-land-oid.de\/wp-content\/uploads\/2022\/06\/Christengemeinde-Gottes-Wort-1024x768.jpg\" class=\"no-lazyload skip-lazy\"><\/a><\/div><div class=\"story-slide swiper-slide\"><a class=\"ctl_glightbox_gallery\" data-gallery=\"ctl_glightbox_gallery[g_gallery-1617]\" href=\"https:\/\/xn--brgerstiftung-emscherlippe-land-oid.de\/wp-content\/uploads\/2022\/06\/Gesamt-scaled.jpg\"><img decoding=\"async\" class=\"story-image\" src=\"https:\/\/xn--brgerstiftung-emscherlippe-land-oid.de\/wp-content\/uploads\/2022\/06\/Gesamt-1024x768.jpg\" class=\"no-lazyload skip-lazy\"><\/a><\/div><\/div>\r\n\t\t\t\t\t\t\t<div class=\"story-swiper-pagination\"><\/div>\r\n\t\t\t\t\t\t\t<div class=\"story-swiper-button-prev\"><svg xmlns=\"http:\/\/www.w3.org\/2000\/svg\" height=\"1em\" viewBox=\"0 0 320 512\">\r\n\t\t\t\t<path d=\"M34.52 239.03L228.87 44.69c9.37-9.37 24.57-9.37 33.94 0l22.67 22.67c9.36 9.36 9.37 24.52.04 33.9L131.49 256l154.02 154.75c9.34 9.38 9.32 24.54-.04 33.9l-22.67 22.67c-9.37 9.37-24.57 9.37-33.94 0L34.52 272.97c-9.37-9.37-9.37-24.57 0-33.94z\"\/>\r\n\t\t\t\t<\/svg><\/div>\r\n\t\t\t\t\t\t\t<div class=\"story-swiper-button-next\"><svg xmlns=\"http:\/\/www.w3.org\/2000\/svg\" height=\"1em\" viewBox=\"0 0 320 512\">\r\n\t\t\t\t<path d=\"M285.476 272.971L91.132 467.314c-9.373 9.373-24.569 9.373-33.941 0l-22.667-22.667c-9.357-9.357-9.375-24.522-.04-33.901L188.505 256 34.484 101.255c-9.335-9.379-9.317-24.544.04-33.901l22.667-22.667c9.373-9.373 24.569-9.373 33.941 0L285.475 239.03c9.373 9.372 9.373 24.568.001 33.941z\"\/>\r\n\t\t\t\t<\/svg><\/div>\r\n\t\t\t\t\t\t<\/div><\/div><!-- Story Description --><div class=\"ctl-description\"><p>Bereits zum vierten Mal verleiht die B\u00fcrgerstiftung EmscherLippe-Land den Zivilcourage-Preis. Sich f\u00fcr seine Mitmenschen einzusetzen und f\u00fcreinander da zu sein, ist leider nicht immer eine Selbstverst\u00e4ndlichkeit. Doch das vielf\u00e4ltige Engagement f\u00fcr die Menschen aus der Ukraine hat die Verantwortlichen der B\u00fcrgerstiftung tief beeindruckt und so war schnell klar, dass der&hellip;<br \/><a class=\"read_more ctl_read_more\" target=\"_self\" href=\"https:\/\/xn--brgerstiftung-emscherlippe-land-oid.de\/index.php\/timeline\/vierter-zivilcourage-preis\/\" role=\"link\">Mehr lesen<\/a><\/p>\n<\/div><\/div><\/div><!-- Timeline Content --><div id=\"ctl-story-1442\" class=\"ctl-story ctl-story-icon swiper-slide even\" data-story-index=\"4\" role=\"article\"><!-- Story Year Section --><div data-cls=\"sc-nv-light horizontal\" class=\"timeline-year scrollable-section ctl-year ctl-year-container light-year\" data-section-title=\"2021\" id=\"year-2021\"><div class=\"ctl-year-label ctl-year-text\"><span>2021<\/span><\/div><\/div><!-- Story Date --><div class=\"ctl-labels\"><div class=\"ctl-label-big story-date\">2021<\/div><\/div><!-- Story Icon --><div class=\"ctl-icon\"><i class=\"fa fa-clock-o\" aria-hidden=\"true\"><\/i><\/div> <!-- Story Arrow --><div class=\"ctl-arrow\"><\/div>\r\n\t\t\t<!-- Story Content --><div class=\"ctl-content\"><!-- Story Title --> <div class=\"ctl-title story-1442\" role=\"heading\" aria-level=\"2\"><a target=\"_self\" title=\"5.000 Euro f\u00fcr das \u201eCome-Back\u201c von Vereinen\" href=\"https:\/\/xn--brgerstiftung-emscherlippe-land-oid.de\/index.php\/timeline\/5-000-euro-fuer-das-come-back-von-vereinen\/\" class=\"story-link\">5.000 Euro f\u00fcr das \u201eCome-Back\u201c von Vereinen<\/a><\/div><!-- Story Media --><div class=\"ctl-media full\"><a data-glightbox=\"5.000 Euro f\u00fcr das \u201eCome-Back\u201c von Vereinen\" href=\"https:\/\/xn--brgerstiftung-emscherlippe-land-oid.de\/wp-content\/uploads\/2021\/11\/Mein-Ickern-scaled.jpg\" class=\"ctl_glightbox\"><img loading=\"lazy\" decoding=\"async\" width=\"525\" height=\"394\" src=\"https:\/\/xn--brgerstiftung-emscherlippe-land-oid.de\/wp-content\/uploads\/2021\/11\/Mein-Ickern-1024x768.jpg\" class=\"story-img wp-post-image\" alt=\"5.000 Euro f\u00fcr das \u201eCome-Back\u201c von Vereinen\" srcset=\"https:\/\/xn--brgerstiftung-emscherlippe-land-oid.de\/wp-content\/uploads\/2021\/11\/Mein-Ickern-1024x768.jpg 1024w, https:\/\/xn--brgerstiftung-emscherlippe-land-oid.de\/wp-content\/uploads\/2021\/11\/Mein-Ickern-300x225.jpg 300w, https:\/\/xn--brgerstiftung-emscherlippe-land-oid.de\/wp-content\/uploads\/2021\/11\/Mein-Ickern-768x576.jpg 768w, https:\/\/xn--brgerstiftung-emscherlippe-land-oid.de\/wp-content\/uploads\/2021\/11\/Mein-Ickern-1536x1152.jpg 1536w, https:\/\/xn--brgerstiftung-emscherlippe-land-oid.de\/wp-content\/uploads\/2021\/11\/Mein-Ickern-2048x1536.jpg 2048w\" sizes=\"auto, 100vw\" \/><\/a><\/div><!-- Story Description --><div class=\"ctl-description\"><p>B\u00fcrgerstiftung EmscherLippe-Land verleiht Zivilcourage-Preis Bereits zum dritten Mal verleiht die B\u00fcrgerstiftung EmscherLippe-Land den Zivilcourage-Preis. Sich f\u00fcr seine Mitmenschen einsetzen \u2013 das ist der Leitgedanke dabei. Und daf\u00fcr gibt es vielf\u00e4ltige M\u00f6glichkeiten. So hat die B\u00fcrgerstiftung im vergangenen Jahr die Corona-Helden gesucht, die w\u00e4hrend der schweren Zeit der Pandemie anderen Menschen&hellip;<br \/><a class=\"read_more ctl_read_more\" target=\"_self\" href=\"https:\/\/xn--brgerstiftung-emscherlippe-land-oid.de\/index.php\/timeline\/5-000-euro-fuer-das-come-back-von-vereinen\/\" role=\"link\">Mehr lesen<\/a><\/p>\n<\/div><\/div><\/div><!-- Timeline Content --><div id=\"ctl-story-1587\" class=\"ctl-story ctl-story-icon swiper-slide odd\" data-story-index=\"5\" role=\"article\"><!-- Story Year Section --><div data-cls=\"sc-nv-light horizontal\" class=\"timeline-year scrollable-section ctl-year ctl-year-container light-year\" data-section-title=\"2020\" id=\"year-2020\"><div class=\"ctl-year-label ctl-year-text\"><span>2020<\/span><\/div><\/div><!-- Story Date --><div class=\"ctl-labels\"><div class=\"ctl-label-big story-date\">2020<\/div><\/div><!-- Story Icon --><div class=\"ctl-icon\"><i class=\"fa fa-clock-o\" aria-hidden=\"true\"><\/i><\/div> <!-- Story Arrow --><div class=\"ctl-arrow\"><\/div>\r\n\t\t\t<!-- Story Content --><div class=\"ctl-content\"><!-- Story Title --> <div class=\"ctl-title story-1587\" role=\"heading\" aria-level=\"2\"><a target=\"_self\" title=\"Zivilcourage-Preis 2020 Patricia Schmitz, Datteln\" href=\"https:\/\/xn--brgerstiftung-emscherlippe-land-oid.de\/index.php\/timeline\/zivilcourage-preis-2020-patricia-schmitz-datteln\/\" class=\"story-link\">Zivilcourage-Preis 2020 Patricia Schmitz, Datteln<\/a><\/div><!-- Story Media --><div class=\"ctl-media full\"><a data-glightbox=\"Zivilcourage-Preis 2020 Patricia Schmitz, Datteln\" href=\"https:\/\/xn--brgerstiftung-emscherlippe-land-oid.de\/wp-content\/uploads\/2021\/02\/Patricia-Schmitz_1.jpg\" class=\"ctl_glightbox\"><img loading=\"lazy\" decoding=\"async\" width=\"525\" height=\"791\" src=\"https:\/\/xn--brgerstiftung-emscherlippe-land-oid.de\/wp-content\/uploads\/2021\/02\/Patricia-Schmitz_1-680x1024.jpg\" class=\"story-img wp-post-image\" alt=\"Zivilcourage-Preis 2020 Patricia Schmitz, Datteln\" srcset=\"https:\/\/xn--brgerstiftung-emscherlippe-land-oid.de\/wp-content\/uploads\/2021\/02\/Patricia-Schmitz_1-680x1024.jpg 680w, https:\/\/xn--brgerstiftung-emscherlippe-land-oid.de\/wp-content\/uploads\/2021\/02\/Patricia-Schmitz_1-199x300.jpg 199w, https:\/\/xn--brgerstiftung-emscherlippe-land-oid.de\/wp-content\/uploads\/2021\/02\/Patricia-Schmitz_1-768x1157.jpg 768w, https:\/\/xn--brgerstiftung-emscherlippe-land-oid.de\/wp-content\/uploads\/2021\/02\/Patricia-Schmitz_1-1020x1536.jpg 1020w, https:\/\/xn--brgerstiftung-emscherlippe-land-oid.de\/wp-content\/uploads\/2021\/02\/Patricia-Schmitz_1.jpg 1062w\" sizes=\"auto, 100vw\" \/><\/a><\/div><!-- Story Description --><div class=\"ctl-description\"><p>Patricia Schmitz hat sich w\u00e4hrend der Corona-Pandemie trotz des enormen Arbeitsaufwandes um ein digitales Sportangebot f\u00fcr die jungen Rollkunstl\u00e4ufer des TV Datteln 09 gek\u00fcmmert. Durch die Online-Trainings hat sie den Kindern nicht nur Abwechslung geboten, sondern war mit ihrem Verst\u00e4ndnis auch ein gro\u00dfer Halt f\u00fcr die Kleinen.<\/p>\n<\/div><\/div><\/div><!-- Timeline Content --><div id=\"ctl-story-1588\" class=\"ctl-story ctl-story-icon swiper-slide even\" data-story-index=\"6\" role=\"article\"><!-- Story Date --><div class=\"ctl-labels\"><div class=\"ctl-label-big story-date\">2020<\/div><\/div><!-- Story Icon --><div class=\"ctl-icon\"><i class=\"fa fa-clock-o\" aria-hidden=\"true\"><\/i><\/div> <!-- Story Arrow --><div class=\"ctl-arrow\"><\/div>\r\n\t\t\t<!-- Story Content --><div class=\"ctl-content\"><!-- Story Title --> <div class=\"ctl-title story-1588\" role=\"heading\" aria-level=\"2\"><a target=\"_self\" title=\"Zivilcourage-Preis 2020 Michaela B\u00fcrger f\u00fcr das Kinder-und Jugendparlament, Oer-Erkenschwick\" href=\"https:\/\/xn--brgerstiftung-emscherlippe-land-oid.de\/index.php\/timeline\/zivilcourage-preis-2020-michaela-buerger-fuer-das-kinder-und-jugendparlament-oer-erkenschwick\/\" class=\"story-link\">Zivilcourage-Preis 2020 Michaela B\u00fcrger f\u00fcr das Kinder-und Jugendparlament, Oer-Erkenschwick<\/a><\/div><!-- Story Media --><div class=\"ctl-media full\"><a data-glightbox=\"Zivilcourage-Preis 2020 Michaela B\u00fcrger f\u00fcr das Kinder-und Jugendparlament, Oer-Erkenschwick\" href=\"https:\/\/xn--brgerstiftung-emscherlippe-land-oid.de\/wp-content\/uploads\/2021\/02\/KiJuPa.jpg\" class=\"ctl_glightbox\"><img loading=\"lazy\" decoding=\"async\" width=\"525\" height=\"523\" src=\"https:\/\/xn--brgerstiftung-emscherlippe-land-oid.de\/wp-content\/uploads\/2021\/02\/KiJuPa-1024x1021.jpg\" class=\"story-img wp-post-image\" alt=\"Zivilcourage-Preis 2020 Michaela B\u00fcrger f\u00fcr das Kinder-und Jugendparlament, Oer-Erkenschwick\" srcset=\"https:\/\/xn--brgerstiftung-emscherlippe-land-oid.de\/wp-content\/uploads\/2021\/02\/KiJuPa-1024x1021.jpg 1024w, https:\/\/xn--brgerstiftung-emscherlippe-land-oid.de\/wp-content\/uploads\/2021\/02\/KiJuPa-300x300.jpg 300w, https:\/\/xn--brgerstiftung-emscherlippe-land-oid.de\/wp-content\/uploads\/2021\/02\/KiJuPa-150x150.jpg 150w, https:\/\/xn--brgerstiftung-emscherlippe-land-oid.de\/wp-content\/uploads\/2021\/02\/KiJuPa-768x766.jpg 768w, https:\/\/xn--brgerstiftung-emscherlippe-land-oid.de\/wp-content\/uploads\/2021\/02\/KiJuPa-250x250.jpg 250w, https:\/\/xn--brgerstiftung-emscherlippe-land-oid.de\/wp-content\/uploads\/2021\/02\/KiJuPa-1536x1532.jpg 1536w, https:\/\/xn--brgerstiftung-emscherlippe-land-oid.de\/wp-content\/uploads\/2021\/02\/KiJuPa-100x100.jpg 100w, https:\/\/xn--brgerstiftung-emscherlippe-land-oid.de\/wp-content\/uploads\/2021\/02\/KiJuPa.jpg 1768w\" sizes=\"auto, 100vw\" \/><\/a><\/div><!-- Story Description --><div class=\"ctl-description\"><p>Das Kinder- und Jugendparlament in Oer-Erkenschwick wird von Michaela B\u00fcrger betreut. Dieses KiJuPa hat in der schweren Zeit des Lockdowns mehrere Projekte gestartet, um Menschen schnell und unb\u00fcrokratisch helfen zu k\u00f6nnen: Einrichtung eines Pop Up Working Space f\u00fcr Jugendliche, eine Hotline f\u00fcr Jugendliche, Singen in Altenheimen oder Alltagshilfen f\u00fcr \u00c4ltere.&hellip;<br \/><a class=\"read_more ctl_read_more\" target=\"_self\" href=\"https:\/\/xn--brgerstiftung-emscherlippe-land-oid.de\/index.php\/timeline\/zivilcourage-preis-2020-michaela-buerger-fuer-das-kinder-und-jugendparlament-oer-erkenschwick\/\" role=\"link\">Mehr lesen<\/a><\/p>\n<\/div><\/div><\/div><!-- Timeline Content --><div id=\"ctl-story-1589\" class=\"ctl-story ctl-story-icon swiper-slide odd\" data-story-index=\"7\" role=\"article\"><!-- Story Date --><div class=\"ctl-labels\"><div class=\"ctl-label-big story-date\">2020<\/div><\/div><!-- Story Icon --><div class=\"ctl-icon\"><i class=\"fa fa-clock-o\" aria-hidden=\"true\"><\/i><\/div> <!-- Story Arrow --><div class=\"ctl-arrow\"><\/div>\r\n\t\t\t<!-- Story Content --><div class=\"ctl-content\"><!-- Story Title --> <div class=\"ctl-title story-1589\" role=\"heading\" aria-level=\"2\"><a target=\"_self\" title=\"Zivilcourage-Preis 2020 Lisa Szumigala, Herten\" href=\"https:\/\/xn--brgerstiftung-emscherlippe-land-oid.de\/index.php\/timeline\/zivilcourage-preis-2020-lisa-szumigala-herten\/\" class=\"story-link\">Zivilcourage-Preis 2020 Lisa Szumigala, Herten<\/a><\/div><!-- Story Media --><div class=\"ctl-media full\"><a data-glightbox=\"Zivilcourage-Preis 2020 Lisa Szumigala, Herten\" href=\"https:\/\/xn--brgerstiftung-emscherlippe-land-oid.de\/wp-content\/uploads\/2021\/02\/Lisa-Szumigala-Foto-ist-von-der-Hertener-Allg-scaled.jpg\" class=\"ctl_glightbox\"><img loading=\"lazy\" decoding=\"async\" width=\"525\" height=\"394\" src=\"https:\/\/xn--brgerstiftung-emscherlippe-land-oid.de\/wp-content\/uploads\/2021\/02\/Lisa-Szumigala-Foto-ist-von-der-Hertener-Allg-1024x768.jpg\" class=\"story-img wp-post-image\" alt=\"Zivilcourage-Preis 2020 Lisa Szumigala, Herten\" srcset=\"https:\/\/xn--brgerstiftung-emscherlippe-land-oid.de\/wp-content\/uploads\/2021\/02\/Lisa-Szumigala-Foto-ist-von-der-Hertener-Allg-1024x768.jpg 1024w, https:\/\/xn--brgerstiftung-emscherlippe-land-oid.de\/wp-content\/uploads\/2021\/02\/Lisa-Szumigala-Foto-ist-von-der-Hertener-Allg-300x225.jpg 300w, https:\/\/xn--brgerstiftung-emscherlippe-land-oid.de\/wp-content\/uploads\/2021\/02\/Lisa-Szumigala-Foto-ist-von-der-Hertener-Allg-768x576.jpg 768w, https:\/\/xn--brgerstiftung-emscherlippe-land-oid.de\/wp-content\/uploads\/2021\/02\/Lisa-Szumigala-Foto-ist-von-der-Hertener-Allg-1536x1152.jpg 1536w, https:\/\/xn--brgerstiftung-emscherlippe-land-oid.de\/wp-content\/uploads\/2021\/02\/Lisa-Szumigala-Foto-ist-von-der-Hertener-Allg-2048x1536.jpg 2048w\" sizes=\"auto, 100vw\" \/><\/a><\/div><!-- Story Description --><div class=\"ctl-description\"><p>Mit ihrer Pl\u00e4tzchenaktion hat Lisa Szumigala fast 8.000 Euro Erl\u00f6s f\u00fcr das Therapiezentrum Hof Feuler in Marl erzielt, das aufgrund fehlender Einnahmem\u00f6glichkeiten w\u00e4hrend der Corona-Krise auf finanzielle Hilfe angewiesen war. Dar\u00fcber hinaus hat diese Aktion allen Beteiligten eine Aufgabe und Hoffnung in der schweren Zeit gegeben.<\/p>\n<\/div><\/div><\/div><!-- Timeline Content --><div id=\"ctl-story-1590\" class=\"ctl-story ctl-story-icon swiper-slide even\" data-story-index=\"8\" role=\"article\"><!-- Story Date --><div class=\"ctl-labels\"><div class=\"ctl-label-big story-date\">2020<\/div><\/div><!-- Story Icon --><div class=\"ctl-icon\"><i class=\"fa fa-clock-o\" aria-hidden=\"true\"><\/i><\/div> <!-- Story Arrow --><div class=\"ctl-arrow\"><\/div>\r\n\t\t\t<!-- Story Content --><div class=\"ctl-content\"><!-- Story Title --> <div class=\"ctl-title story-1590\" role=\"heading\" aria-level=\"2\"><a target=\"_self\" title=\"Zivilcourage-Preis 2020 Jutta Timpe, L\u00fcnen\" href=\"https:\/\/xn--brgerstiftung-emscherlippe-land-oid.de\/index.php\/timeline\/zivilcourage-preis-2020-jutta-timpe-luenen\/\" class=\"story-link\">Zivilcourage-Preis 2020 Jutta Timpe, L\u00fcnen<\/a><\/div><!-- Story Media --><div class=\"ctl-media full\"><a data-glightbox=\"Zivilcourage-Preis 2020 Jutta Timpe, L\u00fcnen\" href=\"https:\/\/xn--brgerstiftung-emscherlippe-land-oid.de\/wp-content\/uploads\/2021\/02\/Jutta-Timpe-an-der-Orgel_02-scaled.jpg\" class=\"ctl_glightbox\"><img loading=\"lazy\" decoding=\"async\" width=\"525\" height=\"350\" src=\"https:\/\/xn--brgerstiftung-emscherlippe-land-oid.de\/wp-content\/uploads\/2021\/02\/Jutta-Timpe-an-der-Orgel_02-1024x683.jpg\" class=\"story-img wp-post-image\" alt=\"Zivilcourage-Preis 2020 Jutta Timpe, L\u00fcnen\" srcset=\"https:\/\/xn--brgerstiftung-emscherlippe-land-oid.de\/wp-content\/uploads\/2021\/02\/Jutta-Timpe-an-der-Orgel_02-1024x683.jpg 1024w, https:\/\/xn--brgerstiftung-emscherlippe-land-oid.de\/wp-content\/uploads\/2021\/02\/Jutta-Timpe-an-der-Orgel_02-300x200.jpg 300w, https:\/\/xn--brgerstiftung-emscherlippe-land-oid.de\/wp-content\/uploads\/2021\/02\/Jutta-Timpe-an-der-Orgel_02-768x512.jpg 768w, https:\/\/xn--brgerstiftung-emscherlippe-land-oid.de\/wp-content\/uploads\/2021\/02\/Jutta-Timpe-an-der-Orgel_02-1536x1024.jpg 1536w, https:\/\/xn--brgerstiftung-emscherlippe-land-oid.de\/wp-content\/uploads\/2021\/02\/Jutta-Timpe-an-der-Orgel_02-2048x1365.jpg 2048w\" sizes=\"auto, 100vw\" \/><\/a><\/div><!-- Story Description --><div class=\"ctl-description\"><p>Als Organistin in der Kirchengemeinde St. Georg in L\u00fcnen hat Jutta Timpe w\u00e4hrend der Corona-Pandemie mit selbst erstellten Videos t\u00e4glich vielen Menschen Freude bereitet. Das \u201eLied des Tages\u201c \u2013 mal kirchlich, mal jahreszeitlich \u2013 gespielt am Klavier, mit dem passenden Text per E-Mail wurde zum Mutmacher w\u00e4hrend der schweren Zeit&hellip;<br \/><a class=\"read_more ctl_read_more\" target=\"_self\" href=\"https:\/\/xn--brgerstiftung-emscherlippe-land-oid.de\/index.php\/timeline\/zivilcourage-preis-2020-jutta-timpe-luenen\/\" role=\"link\">Mehr lesen<\/a><\/p>\n<\/div><\/div><\/div><!-- Timeline Content --><div id=\"ctl-story-1591\" class=\"ctl-story ctl-story-icon swiper-slide odd\" data-story-index=\"9\" role=\"article\"><!-- Story Date --><div class=\"ctl-labels\"><div class=\"ctl-label-big story-date\">2020<\/div><\/div><!-- Story Icon --><div class=\"ctl-icon\"><i class=\"fa fa-clock-o\" aria-hidden=\"true\"><\/i><\/div> <!-- Story Arrow --><div class=\"ctl-arrow\"><\/div>\r\n\t\t\t<!-- Story Content --><div class=\"ctl-content\"><!-- Story Title --> <div class=\"ctl-title story-1591\" role=\"heading\" aria-level=\"2\"><a target=\"_self\" title=\"Zivilcourage-Preis 2020 Lenner Online Marketing, Oer-Erkenschwick\" href=\"https:\/\/xn--brgerstiftung-emscherlippe-land-oid.de\/index.php\/timeline\/zivilcourage-preis-2020-lenner-online-marketing-oer-erkenschwick\/\" class=\"story-link\">Zivilcourage-Preis 2020 Lenner Online Marketing, Oer-Erkenschwick<\/a><\/div><!-- Story Media --><div class=\"ctl-media full\"><a data-glightbox=\"Zivilcourage-Preis 2020 Lenner Online Marketing, Oer-Erkenschwick\" href=\"https:\/\/xn--brgerstiftung-emscherlippe-land-oid.de\/wp-content\/uploads\/2021\/02\/Lenner-Online-Marketing-Team-Lieferportale-Zivilcourage-Preis-Corona-Pandemie.png\" class=\"ctl_glightbox\"><img loading=\"lazy\" decoding=\"async\" width=\"525\" height=\"295\" src=\"https:\/\/xn--brgerstiftung-emscherlippe-land-oid.de\/wp-content\/uploads\/2021\/02\/Lenner-Online-Marketing-Team-Lieferportale-Zivilcourage-Preis-Corona-Pandemie-1024x575.png\" class=\"story-img wp-post-image\" alt=\"Zivilcourage-Preis 2020 Lenner Online Marketing, Oer-Erkenschwick\" srcset=\"https:\/\/xn--brgerstiftung-emscherlippe-land-oid.de\/wp-content\/uploads\/2021\/02\/Lenner-Online-Marketing-Team-Lieferportale-Zivilcourage-Preis-Corona-Pandemie-1024x575.png 1024w, https:\/\/xn--brgerstiftung-emscherlippe-land-oid.de\/wp-content\/uploads\/2021\/02\/Lenner-Online-Marketing-Team-Lieferportale-Zivilcourage-Preis-Corona-Pandemie-300x169.png 300w, https:\/\/xn--brgerstiftung-emscherlippe-land-oid.de\/wp-content\/uploads\/2021\/02\/Lenner-Online-Marketing-Team-Lieferportale-Zivilcourage-Preis-Corona-Pandemie-768x431.png 768w, https:\/\/xn--brgerstiftung-emscherlippe-land-oid.de\/wp-content\/uploads\/2021\/02\/Lenner-Online-Marketing-Team-Lieferportale-Zivilcourage-Preis-Corona-Pandemie-1536x863.png 1536w, https:\/\/xn--brgerstiftung-emscherlippe-land-oid.de\/wp-content\/uploads\/2021\/02\/Lenner-Online-Marketing-Team-Lieferportale-Zivilcourage-Preis-Corona-Pandemie.png 1889w\" sizes=\"auto, 100vw\" \/><\/a><\/div><!-- Story Description --><div class=\"ctl-description\"><p>Als es im M\u00e4rz zum Lockdown aller Gesch\u00e4fte kam, hat die Firma Lenner Online Marketing durch die schnelle Einf\u00fchrung des kostenlosen Online-Portals\u00a0www.RE-liefert.de\u00a0vielen Unternehmen geholfen. Neben der technischen Betreuung des Portals wurde auch auf den Facebook-Seiten kostenlose Werbung f\u00fcr die Lieferdienste platziert.<\/p>\n<\/div><\/div><\/div><!-- Timeline Content --><div id=\"ctl-story-1580\" class=\"ctl-story ctl-story-icon swiper-slide even\" data-story-index=\"10\" role=\"article\"><!-- Story Date --><div class=\"ctl-labels\"><div class=\"ctl-label-big story-date\">2020<\/div><\/div><!-- Story Icon --><div class=\"ctl-icon\"><i class=\"fa fa-clock-o\" aria-hidden=\"true\"><\/i><\/div> <!-- Story Arrow --><div class=\"ctl-arrow\"><\/div>\r\n\t\t\t<!-- Story Content --><div class=\"ctl-content\"><!-- Story Title --> <div class=\"ctl-title story-1580\" role=\"heading\" aria-level=\"2\"><a target=\"_self\" title=\"Zivilcourage-Preis 2020 Sch\u00fclervertretung des Comenius Gymnasiums, Datteln\" href=\"https:\/\/xn--brgerstiftung-emscherlippe-land-oid.de\/index.php\/timeline\/zivilcourage-preis-2020-schuelervertretung-des-comenius-gymnasiums-datteln\/\" class=\"story-link\">Zivilcourage-Preis 2020 Sch\u00fclervertretung des Comenius Gymnasiums, Datteln<\/a><\/div><!-- Story Media --><div class=\"ctl-media full\"><a data-glightbox=\"Zivilcourage-Preis 2020 Sch\u00fclervertretung des Comenius Gymnasiums, Datteln\" href=\"https:\/\/xn--brgerstiftung-emscherlippe-land-oid.de\/wp-content\/uploads\/2021\/02\/SV-Comenius-Gymnasium-scaled.jpg\" class=\"ctl_glightbox\"><img loading=\"lazy\" decoding=\"async\" width=\"525\" height=\"394\" src=\"https:\/\/xn--brgerstiftung-emscherlippe-land-oid.de\/wp-content\/uploads\/2021\/02\/SV-Comenius-Gymnasium-1024x768.jpg\" class=\"story-img wp-post-image\" alt=\"Zivilcourage-Preis 2020 Sch\u00fclervertretung des Comenius Gymnasiums, Datteln\" srcset=\"https:\/\/xn--brgerstiftung-emscherlippe-land-oid.de\/wp-content\/uploads\/2021\/02\/SV-Comenius-Gymnasium-1024x768.jpg 1024w, https:\/\/xn--brgerstiftung-emscherlippe-land-oid.de\/wp-content\/uploads\/2021\/02\/SV-Comenius-Gymnasium-300x225.jpg 300w, https:\/\/xn--brgerstiftung-emscherlippe-land-oid.de\/wp-content\/uploads\/2021\/02\/SV-Comenius-Gymnasium-768x576.jpg 768w, https:\/\/xn--brgerstiftung-emscherlippe-land-oid.de\/wp-content\/uploads\/2021\/02\/SV-Comenius-Gymnasium-1536x1152.jpg 1536w, https:\/\/xn--brgerstiftung-emscherlippe-land-oid.de\/wp-content\/uploads\/2021\/02\/SV-Comenius-Gymnasium-2048x1536.jpg 2048w\" sizes=\"auto, 100vw\" \/><\/a><\/div><!-- Story Description --><div class=\"ctl-description\"><p>Die Sch\u00fclervertretung des Comenius Gymnasiums hat sich w\u00e4hrend der Corona-Krise in vorbildlicher Weise f\u00fcr die Umsetzung und Einhaltung der Hygieneregeln stark gemacht. Sie riefen im August, als die Maskenpflicht im Unterricht vor\u00fcbergehend ausgesetzt wurde, zum freiwilligen Tragen der Masken auf und gingen mit gutem Beispiel voran \u2013 trotz Gegenwind aus&hellip;<br \/><a class=\"read_more ctl_read_more\" target=\"_self\" href=\"https:\/\/xn--brgerstiftung-emscherlippe-land-oid.de\/index.php\/timeline\/zivilcourage-preis-2020-schuelervertretung-des-comenius-gymnasiums-datteln\/\" role=\"link\">Mehr lesen<\/a><\/p>\n<\/div><\/div><\/div><!-- Timeline Content --><div id=\"ctl-story-1592\" class=\"ctl-story ctl-story-icon swiper-slide odd ctl-no-media\" data-story-index=\"11\" role=\"article\"><!-- Story Date --><div class=\"ctl-labels\"><div class=\"ctl-label-big story-date\">2020<\/div><\/div><!-- Story Icon --><div class=\"ctl-icon\"><i class=\"fa fa-clock-o\" aria-hidden=\"true\"><\/i><\/div> <!-- Story Arrow --><div class=\"ctl-arrow\"><\/div>\r\n\t\t\t<!-- Story Content --><div class=\"ctl-content\"><!-- Story Title --> <div class=\"ctl-title story-1592\" role=\"heading\" aria-level=\"2\"><a target=\"_self\" title=\"Zivilcourage-Preis 2020 Kolpingfamilie Recklinghausen-Suderwich\" href=\"https:\/\/xn--brgerstiftung-emscherlippe-land-oid.de\/index.php\/timeline\/zivilcourage-preis-2020-kolpingfamilie-recklinghausen-suderwich\/\" class=\"story-link\">Zivilcourage-Preis 2020 Kolpingfamilie Recklinghausen-Suderwich<\/a><\/div><!-- Story Description --><div class=\"ctl-description\"><p>Die Kolpingfamilie Recklinghausen-Suderwich hat in der schweren Zeit des Lockdowns im M\u00e4rz gleich mehrere Projekte gestartet, um Menschen schnell und unb\u00fcrokratisch helfen zu k\u00f6nnen: F\u00fcr Senioren gab es eine Notfallnummer f\u00fcr Besorgungen, f\u00fcr die Tafel gespendete Hygienemittel und zu Ostern wurden selbstgestaltete Osterkerzen an die Mitglieder verteilt sowie Ostergr\u00fc\u00dfe an&hellip;<br \/><a class=\"read_more ctl_read_more\" target=\"_self\" href=\"https:\/\/xn--brgerstiftung-emscherlippe-land-oid.de\/index.php\/timeline\/zivilcourage-preis-2020-kolpingfamilie-recklinghausen-suderwich\/\" role=\"link\">Mehr lesen<\/a><\/p>\n<\/div><\/div><\/div><!-- Timeline Content --><div id=\"ctl-story-1581\" class=\"ctl-story ctl-story-icon swiper-slide even\" data-story-index=\"12\" role=\"article\"><!-- Story Date --><div class=\"ctl-labels\"><div class=\"ctl-label-big story-date\">2020<\/div><\/div><!-- Story Icon --><div class=\"ctl-icon\"><i class=\"fa fa-clock-o\" aria-hidden=\"true\"><\/i><\/div> <!-- Story Arrow --><div class=\"ctl-arrow\"><\/div>\r\n\t\t\t<!-- Story Content --><div class=\"ctl-content\"><!-- Story Title --> <div class=\"ctl-title story-1581\" role=\"heading\" aria-level=\"2\"><a target=\"_self\" title=\"Zivilcourage-Preis 2020 Britta Linka, Datteln\" href=\"https:\/\/xn--brgerstiftung-emscherlippe-land-oid.de\/index.php\/timeline\/zivilcourage-preis-2020-britta-linka-datteln\/\" class=\"story-link\">Zivilcourage-Preis 2020 Britta Linka, Datteln<\/a><\/div><!-- Story Media --><div class=\"ctl-media full\"><a data-glightbox=\"Zivilcourage-Preis 2020 Britta Linka, Datteln\" href=\"https:\/\/xn--brgerstiftung-emscherlippe-land-oid.de\/wp-content\/uploads\/2021\/02\/Britta-Linka_1.jpeg\" class=\"ctl_glightbox\"><img loading=\"lazy\" decoding=\"async\" width=\"525\" height=\"474\" src=\"https:\/\/xn--brgerstiftung-emscherlippe-land-oid.de\/wp-content\/uploads\/2021\/02\/Britta-Linka_1-1024x924.jpeg\" class=\"story-img wp-post-image\" alt=\"Zivilcourage-Preis 2020 Britta Linka, Datteln\" srcset=\"https:\/\/xn--brgerstiftung-emscherlippe-land-oid.de\/wp-content\/uploads\/2021\/02\/Britta-Linka_1-1024x924.jpeg 1024w, https:\/\/xn--brgerstiftung-emscherlippe-land-oid.de\/wp-content\/uploads\/2021\/02\/Britta-Linka_1-300x271.jpeg 300w, https:\/\/xn--brgerstiftung-emscherlippe-land-oid.de\/wp-content\/uploads\/2021\/02\/Britta-Linka_1-768x693.jpeg 768w, https:\/\/xn--brgerstiftung-emscherlippe-land-oid.de\/wp-content\/uploads\/2021\/02\/Britta-Linka_1.jpeg 1116w\" sizes=\"auto, 100vw\" \/><\/a><\/div><!-- Story Description --><div class=\"ctl-description\"><p>Britta Linka erreichte im April eine Anfrage vom Lions-Club, ob sie f\u00fcr hilfsbed\u00fcrftige Menschen Alltagsmasken n\u00e4hen w\u00fcrde. Sie hat nicht lange \u00fcberlegt und ab diesem Tag lief die N\u00e4hmaschine hei\u00df. Mit der Hilfe ihrer Schwestern, die beim Ausschneiden, B\u00fcgeln und Einziehen des Gummizugs geholfen haben, sind in kurzer Zeit etwa&hellip;<br \/><a class=\"read_more ctl_read_more\" target=\"_self\" href=\"https:\/\/xn--brgerstiftung-emscherlippe-land-oid.de\/index.php\/timeline\/zivilcourage-preis-2020-britta-linka-datteln\/\" role=\"link\">Mehr lesen<\/a><\/p>\n<\/div><\/div><\/div><!-- Timeline Content --><div id=\"ctl-story-1582\" class=\"ctl-story ctl-story-icon swiper-slide odd\" data-story-index=\"13\" role=\"article\"><!-- Story Date --><div class=\"ctl-labels\"><div class=\"ctl-label-big story-date\">2020<\/div><\/div><!-- Story Icon --><div class=\"ctl-icon\"><i class=\"fa fa-clock-o\" aria-hidden=\"true\"><\/i><\/div> <!-- Story Arrow --><div class=\"ctl-arrow\"><\/div>\r\n\t\t\t<!-- Story Content --><div class=\"ctl-content\"><!-- Story Title --> <div class=\"ctl-title story-1582\" role=\"heading\" aria-level=\"2\"><a target=\"_self\" title=\"Zivilcourage-Preis 2020 Dominik Lasarz, Datteln\" href=\"https:\/\/xn--brgerstiftung-emscherlippe-land-oid.de\/index.php\/timeline\/zivilcourage-preis-2020-dominik-lasarz-datteln\/\" class=\"story-link\">Zivilcourage-Preis 2020 Dominik Lasarz, Datteln<\/a><\/div><!-- Story Media --><div class=\"ctl-media full\"><a data-glightbox=\"Zivilcourage-Preis 2020 Dominik Lasarz, Datteln\" href=\"https:\/\/xn--brgerstiftung-emscherlippe-land-oid.de\/wp-content\/uploads\/2021\/02\/Dominik_Lasarz1-scaled.jpg\" class=\"ctl_glightbox\"><img loading=\"lazy\" decoding=\"async\" width=\"525\" height=\"808\" src=\"https:\/\/xn--brgerstiftung-emscherlippe-land-oid.de\/wp-content\/uploads\/2021\/02\/Dominik_Lasarz1-665x1024.jpg\" class=\"story-img wp-post-image\" alt=\"Zivilcourage-Preis 2020 Dominik Lasarz, Datteln\" srcset=\"https:\/\/xn--brgerstiftung-emscherlippe-land-oid.de\/wp-content\/uploads\/2021\/02\/Dominik_Lasarz1-665x1024.jpg 665w, https:\/\/xn--brgerstiftung-emscherlippe-land-oid.de\/wp-content\/uploads\/2021\/02\/Dominik_Lasarz1-195x300.jpg 195w, https:\/\/xn--brgerstiftung-emscherlippe-land-oid.de\/wp-content\/uploads\/2021\/02\/Dominik_Lasarz1-768x1182.jpg 768w, https:\/\/xn--brgerstiftung-emscherlippe-land-oid.de\/wp-content\/uploads\/2021\/02\/Dominik_Lasarz1-998x1536.jpg 998w, https:\/\/xn--brgerstiftung-emscherlippe-land-oid.de\/wp-content\/uploads\/2021\/02\/Dominik_Lasarz1-1331x2048.jpg 1331w, https:\/\/xn--brgerstiftung-emscherlippe-land-oid.de\/wp-content\/uploads\/2021\/02\/Dominik_Lasarz1-scaled.jpg 1664w\" sizes=\"auto, 100vw\" \/><\/a><\/div><!-- Story Description --><div class=\"ctl-description\"><p>Als Vorstandsmitglied des Sportvereins DJK Sportfreunde Datteln 2018 e.V. hat Dominik Lasarz \u201eseinen\u201c Verein w\u00e4hrend der Coronazeit mit gro\u00dfer Umsicht, Empathie und viel pers\u00f6nlichem Engagement geleitet. Dabei hatte er immer ein offenens Ohr f\u00fcr die Mitglieder und war f\u00fcr viele von ihnen ein Anker in der st\u00fcrmischen Zeit.<\/p>\n<\/div><\/div><\/div><!-- Timeline Content --><div id=\"ctl-story-1583\" class=\"ctl-story ctl-story-icon swiper-slide even\" data-story-index=\"14\" role=\"article\"><!-- Story Date --><div class=\"ctl-labels\"><div class=\"ctl-label-big story-date\">2020<\/div><\/div><!-- Story Icon --><div class=\"ctl-icon\"><i class=\"fa fa-clock-o\" aria-hidden=\"true\"><\/i><\/div> <!-- Story Arrow --><div class=\"ctl-arrow\"><\/div>\r\n\t\t\t<!-- Story Content --><div class=\"ctl-content\"><!-- Story Title --> <div class=\"ctl-title story-1583\" role=\"heading\" aria-level=\"2\"><a target=\"_self\" title=\"Zivilcourage-Preis 2020 Elke Beermann, Waltrop\" href=\"https:\/\/xn--brgerstiftung-emscherlippe-land-oid.de\/index.php\/timeline\/zivilcourage-preis-2020-elke-beermann-waltrop\/\" class=\"story-link\">Zivilcourage-Preis 2020 Elke Beermann, Waltrop<\/a><\/div><!-- Story Media --><div class=\"ctl-media full\"><a data-glightbox=\"Zivilcourage-Preis 2020 Elke Beermann, Waltrop\" href=\"https:\/\/xn--brgerstiftung-emscherlippe-land-oid.de\/wp-content\/uploads\/2021\/02\/Beermann-scaled.jpg\" class=\"ctl_glightbox\"><img loading=\"lazy\" decoding=\"async\" width=\"525\" height=\"700\" src=\"https:\/\/xn--brgerstiftung-emscherlippe-land-oid.de\/wp-content\/uploads\/2021\/02\/Beermann-768x1024.jpg\" class=\"story-img wp-post-image\" alt=\"Zivilcourage-Preis 2020 Elke Beermann, Waltrop\" srcset=\"https:\/\/xn--brgerstiftung-emscherlippe-land-oid.de\/wp-content\/uploads\/2021\/02\/Beermann-768x1024.jpg 768w, https:\/\/xn--brgerstiftung-emscherlippe-land-oid.de\/wp-content\/uploads\/2021\/02\/Beermann-225x300.jpg 225w, https:\/\/xn--brgerstiftung-emscherlippe-land-oid.de\/wp-content\/uploads\/2021\/02\/Beermann-1152x1536.jpg 1152w, https:\/\/xn--brgerstiftung-emscherlippe-land-oid.de\/wp-content\/uploads\/2021\/02\/Beermann-1536x2048.jpg 1536w, https:\/\/xn--brgerstiftung-emscherlippe-land-oid.de\/wp-content\/uploads\/2021\/02\/Beermann-scaled.jpg 1920w\" sizes=\"auto, 100vw\" \/><\/a><\/div><!-- Story Description --><div class=\"ctl-description\"><p>Als Gesch\u00e4ftsf\u00fchrerin und Trainerin des TV-Einigkeit in Waltrop hat Elke Beermann sich w\u00e4hrend der Corona-Pandemie trotz des enormen Arbeitsaufwandes um ein digitales Sportangebot f\u00fcr die Vereinsmitglieder gek\u00fcmmert. Nach dem Lockdown im Fr\u00fchjahr hat sie sich um die Umsetzung der Hygienema\u00dfnahmen f\u00fcr die sichere Wiederaufnahme des Trainings gek\u00fcmmert. Sie hat den&hellip;<br \/><a class=\"read_more ctl_read_more\" target=\"_self\" href=\"https:\/\/xn--brgerstiftung-emscherlippe-land-oid.de\/index.php\/timeline\/zivilcourage-preis-2020-elke-beermann-waltrop\/\" role=\"link\">Mehr lesen<\/a><\/p>\n<\/div><\/div><\/div><!-- Timeline Content --><div id=\"ctl-story-1584\" class=\"ctl-story ctl-story-icon swiper-slide odd\" data-story-index=\"15\" role=\"article\"><!-- Story Date --><div class=\"ctl-labels\"><div class=\"ctl-label-big story-date\">2020<\/div><\/div><!-- Story Icon --><div class=\"ctl-icon\"><i class=\"fa fa-clock-o\" aria-hidden=\"true\"><\/i><\/div> <!-- Story Arrow --><div class=\"ctl-arrow\"><\/div>\r\n\t\t\t<!-- Story Content --><div class=\"ctl-content\"><!-- Story Title --> <div class=\"ctl-title story-1584\" role=\"heading\" aria-level=\"2\"><a target=\"_self\" title=\"Zivilcourage-Preis 2020 Heike Sprenger, Mitarbeiter\/innen des Corona-Testcenters, Waltrop\" href=\"https:\/\/xn--brgerstiftung-emscherlippe-land-oid.de\/index.php\/timeline\/zivilcourage-preis-2020-heike-sprenger-mitarbeiter-innen-des-corona-testcenters-waltrop\/\" class=\"story-link\">Zivilcourage-Preis 2020 Heike Sprenger, Mitarbeiter\/innen des Corona-Testcenters, Waltrop<\/a><\/div><!-- Story Media --><div class=\"ctl-media full\"><a data-glightbox=\"Zivilcourage-Preis 2020 Heike Sprenger, Mitarbeiter\/innen des Corona-Testcenters, Waltrop\" href=\"https:\/\/xn--brgerstiftung-emscherlippe-land-oid.de\/wp-content\/uploads\/2021\/02\/Testcenter_Waltrop-scaled.jpg\" class=\"ctl_glightbox\"><img loading=\"lazy\" decoding=\"async\" width=\"525\" height=\"350\" src=\"https:\/\/xn--brgerstiftung-emscherlippe-land-oid.de\/wp-content\/uploads\/2021\/02\/Testcenter_Waltrop-1024x683.jpg\" class=\"story-img wp-post-image\" alt=\"Zivilcourage-Preis 2020 Heike Sprenger, Mitarbeiter\/innen des Corona-Testcenters, Waltrop\" srcset=\"https:\/\/xn--brgerstiftung-emscherlippe-land-oid.de\/wp-content\/uploads\/2021\/02\/Testcenter_Waltrop-1024x683.jpg 1024w, https:\/\/xn--brgerstiftung-emscherlippe-land-oid.de\/wp-content\/uploads\/2021\/02\/Testcenter_Waltrop-300x200.jpg 300w, https:\/\/xn--brgerstiftung-emscherlippe-land-oid.de\/wp-content\/uploads\/2021\/02\/Testcenter_Waltrop-768x512.jpg 768w, https:\/\/xn--brgerstiftung-emscherlippe-land-oid.de\/wp-content\/uploads\/2021\/02\/Testcenter_Waltrop-1536x1024.jpg 1536w, https:\/\/xn--brgerstiftung-emscherlippe-land-oid.de\/wp-content\/uploads\/2021\/02\/Testcenter_Waltrop-2048x1365.jpg 2048w\" sizes=\"auto, 100vw\" \/><\/a><\/div><!-- Story Description --><div class=\"ctl-description\"><p>Heike Sprenger arbeitet neben Ihrer T\u00e4tigkeit als medizinische Fachangestellte in dem Covid-19-Testcenter in Waltrop und hat alle dortigen Mitarbeiter\/innen f\u00fcr den Zivilcourage-Preis vorgeschlagen. Sie und Ihre Kollegen\/Kolleginnen k\u00e4mpfen w\u00e4hrend der Corona-Krise in dem Testcenter in Waltrop an vorderster Front. Trotz der Mehrbelastung, den erschwerten Arbeitsbedingungen und dem selbst ausgesetzten Risiko,&hellip;<br \/><a class=\"read_more ctl_read_more\" target=\"_self\" href=\"https:\/\/xn--brgerstiftung-emscherlippe-land-oid.de\/index.php\/timeline\/zivilcourage-preis-2020-heike-sprenger-mitarbeiter-innen-des-corona-testcenters-waltrop\/\" role=\"link\">Mehr lesen<\/a><\/p>\n<\/div><\/div><\/div><!-- Timeline Content --><div id=\"ctl-story-1585\" class=\"ctl-story ctl-story-icon swiper-slide even\" data-story-index=\"16\" role=\"article\"><!-- Story Date --><div class=\"ctl-labels\"><div class=\"ctl-label-big story-date\">2020<\/div><\/div><!-- Story Icon --><div class=\"ctl-icon\"><i class=\"fa fa-clock-o\" aria-hidden=\"true\"><\/i><\/div> <!-- Story Arrow --><div class=\"ctl-arrow\"><\/div>\r\n\t\t\t<!-- Story Content --><div class=\"ctl-content\"><!-- Story Title --> <div class=\"ctl-title story-1585\" role=\"heading\" aria-level=\"2\"><a target=\"_self\" title=\"Zivilcourage-Preis 2020 Dr. Felix Gahlen, Datteln und Waltrop\" href=\"https:\/\/xn--brgerstiftung-emscherlippe-land-oid.de\/index.php\/timeline\/zivilcourage-preis-2020-dr-felix-gahlen-datteln-und-waltrop\/\" class=\"story-link\">Zivilcourage-Preis 2020 Dr. Felix Gahlen, Datteln und Waltrop<\/a><\/div><!-- Story Media --><div class=\"ctl-media full\"><a data-glightbox=\"Zivilcourage-Preis 2020 Dr. Felix Gahlen, Datteln und Waltrop\" href=\"https:\/\/xn--brgerstiftung-emscherlippe-land-oid.de\/wp-content\/uploads\/2021\/02\/Dr.-Gahlen.jpg\" class=\"ctl_glightbox\"><img loading=\"lazy\" decoding=\"async\" width=\"525\" height=\"960\" src=\"https:\/\/xn--brgerstiftung-emscherlippe-land-oid.de\/wp-content\/uploads\/2021\/02\/Dr.-Gahlen-560x1024.jpg\" class=\"story-img wp-post-image\" alt=\"Zivilcourage-Preis 2020 Dr. Felix Gahlen, Datteln und Waltrop\" srcset=\"https:\/\/xn--brgerstiftung-emscherlippe-land-oid.de\/wp-content\/uploads\/2021\/02\/Dr.-Gahlen-560x1024.jpg 560w, https:\/\/xn--brgerstiftung-emscherlippe-land-oid.de\/wp-content\/uploads\/2021\/02\/Dr.-Gahlen-164x300.jpg 164w, https:\/\/xn--brgerstiftung-emscherlippe-land-oid.de\/wp-content\/uploads\/2021\/02\/Dr.-Gahlen-768x1405.jpg 768w, https:\/\/xn--brgerstiftung-emscherlippe-land-oid.de\/wp-content\/uploads\/2021\/02\/Dr.-Gahlen-840x1536.jpg 840w, https:\/\/xn--brgerstiftung-emscherlippe-land-oid.de\/wp-content\/uploads\/2021\/02\/Dr.-Gahlen-1119x2048.jpg 1119w, https:\/\/xn--brgerstiftung-emscherlippe-land-oid.de\/wp-content\/uploads\/2021\/02\/Dr.-Gahlen.jpg 1315w\" sizes=\"auto, 100vw\" \/><\/a><\/div><!-- Story Description --><div class=\"ctl-description\"><p>Dr. Felix Gahlen k\u00e4mpft w\u00e4hrend der Corona-Krise an vorderster Front und engagiert sich zus\u00e4tzlich zu seinen eigenen Praxen und seiner T\u00e4tigkeit als Notarzt noch f\u00fcr das Corona-Testcenter in Waltrop. Trotz der Mehrbelastung und dem selbst ausgesetzten Risiko ist er immer f\u00fcr seine Patienten da.<\/p>\n<\/div><\/div><\/div><!-- Timeline Content --><div id=\"ctl-story-1562\" class=\"ctl-story ctl-story-icon swiper-slide odd\" data-story-index=\"17\" role=\"article\"><!-- Story Date --><div class=\"ctl-labels\"><div class=\"ctl-label-big story-date\">2020<\/div><\/div><!-- Story Icon --><div class=\"ctl-icon\"><i class=\"fa fa-clock-o\" aria-hidden=\"true\"><\/i><\/div> <!-- Story Arrow --><div class=\"ctl-arrow\"><\/div>\r\n\t\t\t<!-- Story Content --><div class=\"ctl-content\"><!-- Story Title --> <div class=\"ctl-title story-1562\" role=\"heading\" aria-level=\"2\"><a target=\"_self\" title=\"Zivilcourage-Preis 2020 Annika Wember, Recklinghausen\" href=\"https:\/\/xn--brgerstiftung-emscherlippe-land-oid.de\/index.php\/timeline\/zivilcourage-preis-2020-annika-wember-recklinghausen\/\" class=\"story-link\">Zivilcourage-Preis 2020 Annika Wember, Recklinghausen<\/a><\/div><!-- Story Media --><div class=\"ctl-media full\"><a data-glightbox=\"Zivilcourage-Preis 2020 Annika Wember, Recklinghausen\" href=\"https:\/\/xn--brgerstiftung-emscherlippe-land-oid.de\/wp-content\/uploads\/2021\/02\/A.Wember.jpeg\" class=\"ctl_glightbox\"><img loading=\"lazy\" decoding=\"async\" width=\"240\" height=\"320\" src=\"https:\/\/xn--brgerstiftung-emscherlippe-land-oid.de\/wp-content\/uploads\/2021\/02\/A.Wember.jpeg\" class=\"story-img wp-post-image\" alt=\"Zivilcourage-Preis 2020 Annika Wember, Recklinghausen\" srcset=\"https:\/\/xn--brgerstiftung-emscherlippe-land-oid.de\/wp-content\/uploads\/2021\/02\/A.Wember.jpeg 240w, https:\/\/xn--brgerstiftung-emscherlippe-land-oid.de\/wp-content\/uploads\/2021\/02\/A.Wember-225x300.jpeg 225w\" sizes=\"auto, 100vw\" \/><\/a><\/div><!-- Story Description --><div class=\"ctl-description\"><p>Annika Wember ist selbst Arzthelferin einer Hausarztpraxis in Recklinghausen und hat f\u00fcr den Zivilcourage-Preis alle Mitarbeiterinnen und Mitarbeiter in haus\u00e4rztlichen Arztpraxen vorgeschlagen. Seit mehr als 10 Monaten arbeiten die Praxismitarbeiter\/innen am Limit und dar\u00fcber hinaus. Sie sind Ansprechpartner Nummer 1 wenn es um das Thema Corona geht. Trotz der direkten&hellip;<br \/><a class=\"read_more ctl_read_more\" target=\"_self\" href=\"https:\/\/xn--brgerstiftung-emscherlippe-land-oid.de\/index.php\/timeline\/zivilcourage-preis-2020-annika-wember-recklinghausen\/\" role=\"link\">Mehr lesen<\/a><\/p>\n<\/div><\/div><\/div><!-- Timeline Content --><div id=\"ctl-story-1563\" class=\"ctl-story ctl-story-icon swiper-slide even\" data-story-index=\"18\" role=\"article\"><!-- Story Date --><div class=\"ctl-labels\"><div class=\"ctl-label-big story-date\">2020<\/div><\/div><!-- Story Icon --><div class=\"ctl-icon\"><i class=\"fa fa-clock-o\" aria-hidden=\"true\"><\/i><\/div> <!-- Story Arrow --><div class=\"ctl-arrow\"><\/div>\r\n\t\t\t<!-- Story Content --><div class=\"ctl-content\"><!-- Story Title --> <div class=\"ctl-title story-1563\" role=\"heading\" aria-level=\"2\"><a target=\"_self\" title=\"Zivilcourage-Preis 2020 KFH-Gesundheitszentrum, Recklinghausen\" href=\"https:\/\/xn--brgerstiftung-emscherlippe-land-oid.de\/index.php\/timeline\/zivilcourage-preis-2020-kfh-gesundheitszentrum-recklinghausen\/\" class=\"story-link\">Zivilcourage-Preis 2020 KFH-Gesundheitszentrum, Recklinghausen<\/a><\/div><!-- Story Media --><div class=\"ctl-media full\"><a data-glightbox=\"Zivilcourage-Preis 2020 KFH-Gesundheitszentrum, Recklinghausen\" href=\"https:\/\/xn--brgerstiftung-emscherlippe-land-oid.de\/wp-content\/uploads\/2021\/02\/Hofebauer-Mews-DSC_3282-scaled.jpg\" class=\"ctl_glightbox\"><img loading=\"lazy\" decoding=\"async\" width=\"525\" height=\"348\" src=\"https:\/\/xn--brgerstiftung-emscherlippe-land-oid.de\/wp-content\/uploads\/2021\/02\/Hofebauer-Mews-DSC_3282-1024x678.jpg\" class=\"story-img wp-post-image\" alt=\"Zivilcourage-Preis 2020 KFH-Gesundheitszentrum, Recklinghausen\" srcset=\"https:\/\/xn--brgerstiftung-emscherlippe-land-oid.de\/wp-content\/uploads\/2021\/02\/Hofebauer-Mews-DSC_3282-1024x678.jpg 1024w, https:\/\/xn--brgerstiftung-emscherlippe-land-oid.de\/wp-content\/uploads\/2021\/02\/Hofebauer-Mews-DSC_3282-300x199.jpg 300w, https:\/\/xn--brgerstiftung-emscherlippe-land-oid.de\/wp-content\/uploads\/2021\/02\/Hofebauer-Mews-DSC_3282-768x509.jpg 768w, https:\/\/xn--brgerstiftung-emscherlippe-land-oid.de\/wp-content\/uploads\/2021\/02\/Hofebauer-Mews-DSC_3282-1536x1018.jpg 1536w, https:\/\/xn--brgerstiftung-emscherlippe-land-oid.de\/wp-content\/uploads\/2021\/02\/Hofebauer-Mews-DSC_3282-2048x1357.jpg 2048w\" sizes=\"auto, 100vw\" \/><\/a><\/div><!-- Story Description --><div class=\"ctl-description\"><p>Das medizinische Versorgungszentrum betreut unter der Leitung von Frau Dr. Brigitta Hofebauer-Mews Dialyse- und Transplantationspatienten \u2013 allesamt Corona-Risikopatienten. Dabei hat die Praxis ein hervorragendes Hygienekonzept eingef\u00fchrt, das weit \u00fcber das erforderliche Ma\u00df hinausgeht. Das Hygiene-Team, gef\u00fchrt von Dr. Stefan Hofebauer, arbeitet vorausschauend und entwickelt das Hygienekonzept st\u00e4ndig weiter. Dank der&hellip;<br \/><a class=\"read_more ctl_read_more\" target=\"_self\" href=\"https:\/\/xn--brgerstiftung-emscherlippe-land-oid.de\/index.php\/timeline\/zivilcourage-preis-2020-kfh-gesundheitszentrum-recklinghausen\/\" role=\"link\">Mehr lesen<\/a><\/p>\n<\/div><\/div><\/div><!-- Timeline Content --><div id=\"ctl-story-805\" class=\"ctl-story ctl-story-icon swiper-slide odd\" data-story-index=\"19\" role=\"article\"><!-- Story Year Section --><div data-cls=\"sc-nv-light horizontal\" class=\"timeline-year scrollable-section ctl-year ctl-year-container light-year\" data-section-title=\"2019\" id=\"year-2019\"><div class=\"ctl-year-label ctl-year-text\"><span>2019<\/span><\/div><\/div><!-- Story Date --><div class=\"ctl-labels\"><div class=\"ctl-label-big story-date\">2019<\/div><\/div><!-- Story Icon --><div class=\"ctl-icon\"><i class=\"fa fa-clock-o\" aria-hidden=\"true\"><\/i><\/div> <!-- Story Arrow --><div class=\"ctl-arrow\"><\/div>\r\n\t\t\t<!-- Story Content --><div class=\"ctl-content\"><!-- Story Title --> <div class=\"ctl-title story-805\" role=\"heading\" aria-level=\"2\"><a target=\"_self\" title=\"B\u00fcrgerstiftung EmscherLippe-Land vergibt erstmalig Zivilcourage-Preis\" href=\"https:\/\/xn--brgerstiftung-emscherlippe-land-oid.de\/index.php\/timeline\/buergerstiftung-emscherlippe-land-vergibt-erstmalig-zivilcourage-preis\/\" class=\"story-link\">B\u00fcrgerstiftung EmscherLippe-Land vergibt erstmalig Zivilcourage-Preis<\/a><\/div><!-- Story Media --><div class=\"ctl-media full\"><a data-glightbox=\"B\u00fcrgerstiftung EmscherLippe-Land vergibt erstmalig Zivilcourage-Preis\" href=\"https:\/\/xn--brgerstiftung-emscherlippe-land-oid.de\/wp-content\/uploads\/2020\/07\/Zivilcourage-Preis2019.jpg\" class=\"ctl_glightbox\"><img loading=\"lazy\" decoding=\"async\" width=\"525\" height=\"388\" src=\"https:\/\/xn--brgerstiftung-emscherlippe-land-oid.de\/wp-content\/uploads\/2020\/07\/Zivilcourage-Preis2019-1024x757.jpg\" class=\"story-img wp-post-image\" alt=\"B\u00fcrgerstiftung EmscherLippe-Land vergibt erstmalig Zivilcourage-Preis\" srcset=\"https:\/\/xn--brgerstiftung-emscherlippe-land-oid.de\/wp-content\/uploads\/2020\/07\/Zivilcourage-Preis2019-1024x757.jpg 1024w, https:\/\/xn--brgerstiftung-emscherlippe-land-oid.de\/wp-content\/uploads\/2020\/07\/Zivilcourage-Preis2019-300x222.jpg 300w, https:\/\/xn--brgerstiftung-emscherlippe-land-oid.de\/wp-content\/uploads\/2020\/07\/Zivilcourage-Preis2019-768x568.jpg 768w, https:\/\/xn--brgerstiftung-emscherlippe-land-oid.de\/wp-content\/uploads\/2020\/07\/Zivilcourage-Preis2019.jpg 1280w\" sizes=\"auto, 100vw\" \/><\/a><\/div><!-- Story Description --><div class=\"ctl-description\"><p>Sich f\u00fcr seine Mitmenschen einzusetzen und f\u00fcreinander da zu sein, ist leider nicht immer eine Selbstverst\u00e4ndlichkeit. Umso wichtiger ist es, entsprechendes Verhalten wertzusch\u00e4tzen, publik zu machen und diesem Thema mehr Aufmerksamkeit zu schenken. Unter dem Motto \u201eZivilcourage erfordert kein Heldentum. Nur Menschlichkeit.\u201c verleiht die B\u00fcrgerstiftung daher erstmalig den Zivilcourage-Preis. \u201eMit&hellip;<br \/><a class=\"read_more ctl_read_more\" target=\"_self\" href=\"https:\/\/xn--brgerstiftung-emscherlippe-land-oid.de\/index.php\/timeline\/buergerstiftung-emscherlippe-land-vergibt-erstmalig-zivilcourage-preis\/\" role=\"link\">Mehr lesen<\/a><\/p>\n<\/div><\/div><\/div>\t\t\t\t\t\t\t<\/div>\r\n\t\t\t\t\t\t\t<span class=\"swiper-notification\" aria-live=\"assertive\" aria-atomic=\"true\"><\/span>\r\n\t\t\t\t\t\t<\/div>\r\n\t\t\t\t\t<\/div>\r\n\t\t\t\t\t<!-- Swiper Next button -->\r\n\t\t\t\t\t<div class=\"ctl-button-prev swiper-button-disabled\" tabindex=\"0\" role=\"button\" aria-label=\"Previous slide\" aria-disabled=\"true\">\r\n\t\t\t\t\t\t<i class=\"fas fa-chevron-left\"><\/i>\t\t\t\t\t<\/div>\r\n\t\t\t\t\t<!-- Swiper Previous Button -->\r\n\t\t\t\t\t<div class=\"ctl-button-next\" tabindex=\"0\" role=\"button\" aria-label=\"Next slide\" aria-disabled=\"false\">\r\n\t\t\t\t\t\t<i class=\"fas fa-chevron-right\"><\/i>\t\t\t\t\t<\/div>\r\n\t\t\t\t\t<!-- Swiper Horizontal line -->\r\n\t\t\t\t\t<div class=\"ctl-h-line\"><\/div>\r\n\t\t\t\t\t\t\t\t\t<\/div>\r\n\t\t\t<\/div>\r\n\t\t\t","protected":false},"excerpt":{"rendered":"<p>Rote Karte gegen Gewaltdie B\u00fcrgerstiftung EmscherLippe-Land zeichnet mit mit dem diesj\u00e4hrigen B\u00fcrgercourage-Preis Personen aus, die sich aktiv gegen Gewalt im Sport einsetzen. Gewalt im Sport ist ein immer wieder auftretendes Problem, das nicht nur die Freude des Sportgeistes raubt, sondern auch das k\u00f6rperliche und psychische Wohlergehen der Sportler, Trainer, Schiedsrichter und Fans gef\u00e4hrdet. Viele Personen, &hellip; <\/p>\n<p class=\"link-more\"><a href=\"https:\/\/xn--brgerstiftung-emscherlippe-land-oid.de\/index.php\/timeline\/buergerstiftung-emscherlippe-land-vergibt-erstmalig-zivilcourage-preis\/\" class=\"more-link\"><span class=\"screen-reader-text\">\u201eB\u00fcrgerstiftung EmscherLippe-Land vergibt erstmalig Zivilcourage-Preis\u201c <\/span>weiterlesen<\/a><\/p>\n","protected":false},"author":1,"featured_media":0,"parent":308,"menu_order":0,"comment_status":"closed","ping_status":"closed","template":"","meta":{"footnotes":""},"class_list":["post-334","page","type-page","status-publish","hentry"],"yoast_head":"<!-- This site is optimized with the Yoast SEO plugin v27.5 - https:\/\/yoast.com\/product\/yoast-seo-wordpress\/ -->\n<title>B\u00fcrgercourage Preis 2024 - B\u00fcrgerstiftung Emscherlippe-Land %<\/title>\n<meta name=\"robots\" content=\"index, follow, max-snippet:-1, max-image-preview:large, max-video-preview:-1\" \/>\n<link rel=\"canonical\" href=\"https:\/\/xn--brgerstiftung-emscherlippe-land-oid.de\/index.php\/aktuelle-projekte\/zivilcourage\/\" \/>\n<meta property=\"og:locale\" content=\"de_DE\" \/>\n<meta property=\"og:type\" content=\"article\" \/>\n<meta property=\"og:title\" content=\"B\u00fcrgercourage Preis 2024 - B\u00fcrgerstiftung Emscherlippe-Land %\" \/>\n<meta property=\"og:description\" content=\"Rote Karte gegen Gewaltdie B\u00fcrgerstiftung EmscherLippe-Land zeichnet mit mit dem diesj\u00e4hrigen B\u00fcrgercourage-Preis Personen aus, die sich aktiv gegen Gewalt im Sport einsetzen. Gewalt im Sport ist ein immer wieder auftretendes Problem, das nicht nur die Freude des Sportgeistes raubt, sondern auch das k\u00f6rperliche und psychische Wohlergehen der Sportler, Trainer, Schiedsrichter und Fans gef\u00e4hrdet. Viele Personen, &hellip; \u201eB\u00fcrgerstiftung EmscherLippe-Land vergibt erstmalig Zivilcourage-Preis\u201c weiterlesen\" \/>\n<meta property=\"og:url\" content=\"https:\/\/xn--brgerstiftung-emscherlippe-land-oid.de\/index.php\/aktuelle-projekte\/zivilcourage\/\" \/>\n<meta property=\"og:site_name\" content=\"B\u00fcrgerstiftung Emscherlippe-Land\" \/>\n<meta property=\"article:publisher\" content=\"https:\/\/www.facebook.com\/BuergerstiftungEmscherlippeLand\" \/>\n<meta property=\"article:modified_time\" content=\"2025-05-16T06:09:59+00:00\" \/>\n<meta property=\"og:image\" content=\"https:\/\/xn--brgerstiftung-emscherlippe-land-oid.de\/wp-content\/uploads\/2024\/06\/Logo-Buergercourage.png\" \/>\n\t<meta property=\"og:image:width\" content=\"1182\" \/>\n\t<meta property=\"og:image:height\" content=\"1182\" \/>\n\t<meta property=\"og:image:type\" content=\"image\/png\" \/>\n<meta name=\"twitter:card\" content=\"summary_large_image\" \/>\n<meta name=\"twitter:label1\" content=\"Gesch\u00e4tzte Lesezeit\" \/>\n\t<meta name=\"twitter:data1\" content=\"3\u00a0Minuten\" \/>\n<script type=\"application\/ld+json\" class=\"yoast-schema-graph\">{\"@context\":\"https:\\\/\\\/schema.org\",\"@graph\":[{\"@type\":\"WebPage\",\"@id\":\"https:\\\/\\\/xn--brgerstiftung-emscherlippe-land-oid.de\\\/index.php\\\/aktuelle-projekte\\\/zivilcourage\\\/\",\"url\":\"https:\\\/\\\/xn--brgerstiftung-emscherlippe-land-oid.de\\\/index.php\\\/aktuelle-projekte\\\/zivilcourage\\\/\",\"name\":\"B\u00fcrgercourage Preis 2024 - B\u00fcrgerstiftung Emscherlippe-Land %\",\"isPartOf\":{\"@id\":\"https:\\\/\\\/xn--brgerstiftung-emscherlippe-land-oid.de\\\/#website\"},\"primaryImageOfPage\":{\"@id\":\"https:\\\/\\\/xn--brgerstiftung-emscherlippe-land-oid.de\\\/index.php\\\/aktuelle-projekte\\\/zivilcourage\\\/#primaryimage\"},\"image\":{\"@id\":\"https:\\\/\\\/xn--brgerstiftung-emscherlippe-land-oid.de\\\/index.php\\\/aktuelle-projekte\\\/zivilcourage\\\/#primaryimage\"},\"thumbnailUrl\":\"https:\\\/\\\/xn--brgerstiftung-emscherlippe-land-oid.de\\\/wp-content\\\/uploads\\\/2024\\\/06\\\/Logo-Buergercourage-1024x1024.png\",\"datePublished\":\"2020-07-14T17:36:28+00:00\",\"dateModified\":\"2025-05-16T06:09:59+00:00\",\"breadcrumb\":{\"@id\":\"https:\\\/\\\/xn--brgerstiftung-emscherlippe-land-oid.de\\\/index.php\\\/aktuelle-projekte\\\/zivilcourage\\\/#breadcrumb\"},\"inLanguage\":\"de\",\"potentialAction\":[{\"@type\":\"ReadAction\",\"target\":[\"https:\\\/\\\/xn--brgerstiftung-emscherlippe-land-oid.de\\\/index.php\\\/aktuelle-projekte\\\/zivilcourage\\\/\"]}]},{\"@type\":\"ImageObject\",\"inLanguage\":\"de\",\"@id\":\"https:\\\/\\\/xn--brgerstiftung-emscherlippe-land-oid.de\\\/index.php\\\/aktuelle-projekte\\\/zivilcourage\\\/#primaryimage\",\"url\":\"https:\\\/\\\/xn--brgerstiftung-emscherlippe-land-oid.de\\\/wp-content\\\/uploads\\\/2024\\\/06\\\/Logo-Buergercourage.png\",\"contentUrl\":\"https:\\\/\\\/xn--brgerstiftung-emscherlippe-land-oid.de\\\/wp-content\\\/uploads\\\/2024\\\/06\\\/Logo-Buergercourage.png\",\"width\":1182,\"height\":1182},{\"@type\":\"BreadcrumbList\",\"@id\":\"https:\\\/\\\/xn--brgerstiftung-emscherlippe-land-oid.de\\\/index.php\\\/aktuelle-projekte\\\/zivilcourage\\\/#breadcrumb\",\"itemListElement\":[{\"@type\":\"ListItem\",\"position\":1,\"name\":\"Home\",\"item\":\"https:\\\/\\\/xn--brgerstiftung-emscherlippe-land-oid.de\\\/\"},{\"@type\":\"ListItem\",\"position\":2,\"name\":\"Projekte\",\"item\":\"https:\\\/\\\/xn--brgerstiftung-emscherlippe-land-oid.de\\\/index.php\\\/aktuelle-projekte\\\/\"},{\"@type\":\"ListItem\",\"position\":3,\"name\":\"B\u00fcrgercourage Preis 2024\"}]},{\"@type\":\"WebSite\",\"@id\":\"https:\\\/\\\/xn--brgerstiftung-emscherlippe-land-oid.de\\\/#website\",\"url\":\"https:\\\/\\\/xn--brgerstiftung-emscherlippe-land-oid.de\\\/\",\"name\":\"B\u00fcrgerstiftung Emscherlippe-Land\",\"description\":\"Eine Gemeinschaft lebt vom Engagement jedes Einzelnen.\",\"publisher\":{\"@id\":\"https:\\\/\\\/xn--brgerstiftung-emscherlippe-land-oid.de\\\/#organization\"},\"potentialAction\":[{\"@type\":\"SearchAction\",\"target\":{\"@type\":\"EntryPoint\",\"urlTemplate\":\"https:\\\/\\\/xn--brgerstiftung-emscherlippe-land-oid.de\\\/?s={search_term_string}\"},\"query-input\":{\"@type\":\"PropertyValueSpecification\",\"valueRequired\":true,\"valueName\":\"search_term_string\"}}],\"inLanguage\":\"de\"},{\"@type\":\"Organization\",\"@id\":\"https:\\\/\\\/xn--brgerstiftung-emscherlippe-land-oid.de\\\/#organization\",\"name\":\"B\u00fcrgerstiftung Emscherlippe-Land\",\"url\":\"https:\\\/\\\/xn--brgerstiftung-emscherlippe-land-oid.de\\\/\",\"logo\":{\"@type\":\"ImageObject\",\"inLanguage\":\"de\",\"@id\":\"https:\\\/\\\/xn--brgerstiftung-emscherlippe-land-oid.de\\\/#\\\/schema\\\/logo\\\/image\\\/\",\"url\":\"https:\\\/\\\/xn--brgerstiftung-emscherlippe-land-oid.de\\\/wp-content\\\/uploads\\\/2020\\\/07\\\/BSLogoSchriftRechts-scaled.jpg\",\"contentUrl\":\"https:\\\/\\\/xn--brgerstiftung-emscherlippe-land-oid.de\\\/wp-content\\\/uploads\\\/2020\\\/07\\\/BSLogoSchriftRechts-scaled.jpg\",\"width\":2560,\"height\":792,\"caption\":\"B\u00fcrgerstiftung Emscherlippe-Land\"},\"image\":{\"@id\":\"https:\\\/\\\/xn--brgerstiftung-emscherlippe-land-oid.de\\\/#\\\/schema\\\/logo\\\/image\\\/\"},\"sameAs\":[\"https:\\\/\\\/www.facebook.com\\\/BuergerstiftungEmscherlippeLand\"]}]}<\/script>\n<!-- \/ Yoast SEO plugin. -->","yoast_head_json":{"title":"B\u00fcrgercourage Preis 2024 - B\u00fcrgerstiftung Emscherlippe-Land %","robots":{"index":"index","follow":"follow","max-snippet":"max-snippet:-1","max-image-preview":"max-image-preview:large","max-video-preview":"max-video-preview:-1"},"canonical":"https:\/\/xn--brgerstiftung-emscherlippe-land-oid.de\/index.php\/aktuelle-projekte\/zivilcourage\/","og_locale":"de_DE","og_type":"article","og_title":"B\u00fcrgercourage Preis 2024 - B\u00fcrgerstiftung Emscherlippe-Land %","og_description":"Rote Karte gegen Gewaltdie B\u00fcrgerstiftung EmscherLippe-Land zeichnet mit mit dem diesj\u00e4hrigen B\u00fcrgercourage-Preis Personen aus, die sich aktiv gegen Gewalt im Sport einsetzen. Gewalt im Sport ist ein immer wieder auftretendes Problem, das nicht nur die Freude des Sportgeistes raubt, sondern auch das k\u00f6rperliche und psychische Wohlergehen der Sportler, Trainer, Schiedsrichter und Fans gef\u00e4hrdet. Viele Personen, &hellip; \u201eB\u00fcrgerstiftung EmscherLippe-Land vergibt erstmalig Zivilcourage-Preis\u201c weiterlesen","og_url":"https:\/\/xn--brgerstiftung-emscherlippe-land-oid.de\/index.php\/aktuelle-projekte\/zivilcourage\/","og_site_name":"B\u00fcrgerstiftung Emscherlippe-Land","article_publisher":"https:\/\/www.facebook.com\/BuergerstiftungEmscherlippeLand","article_modified_time":"2025-05-16T06:09:59+00:00","og_image":[{"width":1182,"height":1182,"url":"https:\/\/xn--brgerstiftung-emscherlippe-land-oid.de\/wp-content\/uploads\/2024\/06\/Logo-Buergercourage.png","type":"image\/png"}],"twitter_card":"summary_large_image","twitter_misc":{"Gesch\u00e4tzte Lesezeit":"3\u00a0Minuten"},"schema":{"@context":"https:\/\/schema.org","@graph":[{"@type":"WebPage","@id":"https:\/\/xn--brgerstiftung-emscherlippe-land-oid.de\/index.php\/aktuelle-projekte\/zivilcourage\/","url":"https:\/\/xn--brgerstiftung-emscherlippe-land-oid.de\/index.php\/aktuelle-projekte\/zivilcourage\/","name":"B\u00fcrgercourage Preis 2024 - B\u00fcrgerstiftung Emscherlippe-Land %","isPartOf":{"@id":"https:\/\/xn--brgerstiftung-emscherlippe-land-oid.de\/#website"},"primaryImageOfPage":{"@id":"https:\/\/xn--brgerstiftung-emscherlippe-land-oid.de\/index.php\/aktuelle-projekte\/zivilcourage\/#primaryimage"},"image":{"@id":"https:\/\/xn--brgerstiftung-emscherlippe-land-oid.de\/index.php\/aktuelle-projekte\/zivilcourage\/#primaryimage"},"thumbnailUrl":"https:\/\/xn--brgerstiftung-emscherlippe-land-oid.de\/wp-content\/uploads\/2024\/06\/Logo-Buergercourage-1024x1024.png","datePublished":"2020-07-14T17:36:28+00:00","dateModified":"2025-05-16T06:09:59+00:00","breadcrumb":{"@id":"https:\/\/xn--brgerstiftung-emscherlippe-land-oid.de\/index.php\/aktuelle-projekte\/zivilcourage\/#breadcrumb"},"inLanguage":"de","potentialAction":[{"@type":"ReadAction","target":["https:\/\/xn--brgerstiftung-emscherlippe-land-oid.de\/index.php\/aktuelle-projekte\/zivilcourage\/"]}]},{"@type":"ImageObject","inLanguage":"de","@id":"https:\/\/xn--brgerstiftung-emscherlippe-land-oid.de\/index.php\/aktuelle-projekte\/zivilcourage\/#primaryimage","url":"https:\/\/xn--brgerstiftung-emscherlippe-land-oid.de\/wp-content\/uploads\/2024\/06\/Logo-Buergercourage.png","contentUrl":"https:\/\/xn--brgerstiftung-emscherlippe-land-oid.de\/wp-content\/uploads\/2024\/06\/Logo-Buergercourage.png","width":1182,"height":1182},{"@type":"BreadcrumbList","@id":"https:\/\/xn--brgerstiftung-emscherlippe-land-oid.de\/index.php\/aktuelle-projekte\/zivilcourage\/#breadcrumb","itemListElement":[{"@type":"ListItem","position":1,"name":"Home","item":"https:\/\/xn--brgerstiftung-emscherlippe-land-oid.de\/"},{"@type":"ListItem","position":2,"name":"Projekte","item":"https:\/\/xn--brgerstiftung-emscherlippe-land-oid.de\/index.php\/aktuelle-projekte\/"},{"@type":"ListItem","position":3,"name":"B\u00fcrgercourage Preis 2024"}]},{"@type":"WebSite","@id":"https:\/\/xn--brgerstiftung-emscherlippe-land-oid.de\/#website","url":"https:\/\/xn--brgerstiftung-emscherlippe-land-oid.de\/","name":"B\u00fcrgerstiftung Emscherlippe-Land","description":"Eine Gemeinschaft lebt vom Engagement jedes Einzelnen.","publisher":{"@id":"https:\/\/xn--brgerstiftung-emscherlippe-land-oid.de\/#organization"},"potentialAction":[{"@type":"SearchAction","target":{"@type":"EntryPoint","urlTemplate":"https:\/\/xn--brgerstiftung-emscherlippe-land-oid.de\/?s={search_term_string}"},"query-input":{"@type":"PropertyValueSpecification","valueRequired":true,"valueName":"search_term_string"}}],"inLanguage":"de"},{"@type":"Organization","@id":"https:\/\/xn--brgerstiftung-emscherlippe-land-oid.de\/#organization","name":"B\u00fcrgerstiftung Emscherlippe-Land","url":"https:\/\/xn--brgerstiftung-emscherlippe-land-oid.de\/","logo":{"@type":"ImageObject","inLanguage":"de","@id":"https:\/\/xn--brgerstiftung-emscherlippe-land-oid.de\/#\/schema\/logo\/image\/","url":"https:\/\/xn--brgerstiftung-emscherlippe-land-oid.de\/wp-content\/uploads\/2020\/07\/BSLogoSchriftRechts-scaled.jpg","contentUrl":"https:\/\/xn--brgerstiftung-emscherlippe-land-oid.de\/wp-content\/uploads\/2020\/07\/BSLogoSchriftRechts-scaled.jpg","width":2560,"height":792,"caption":"B\u00fcrgerstiftung Emscherlippe-Land"},"image":{"@id":"https:\/\/xn--brgerstiftung-emscherlippe-land-oid.de\/#\/schema\/logo\/image\/"},"sameAs":["https:\/\/www.facebook.com\/BuergerstiftungEmscherlippeLand"]}]}},"_links":{"self":[{"href":"https:\/\/xn--brgerstiftung-emscherlippe-land-oid.de\/index.php\/wp-json\/wp\/v2\/pages\/334","targetHints":{"allow":["GET"]}}],"collection":[{"href":"https:\/\/xn--brgerstiftung-emscherlippe-land-oid.de\/index.php\/wp-json\/wp\/v2\/pages"}],"about":[{"href":"https:\/\/xn--brgerstiftung-emscherlippe-land-oid.de\/index.php\/wp-json\/wp\/v2\/types\/page"}],"author":[{"embeddable":true,"href":"https:\/\/xn--brgerstiftung-emscherlippe-land-oid.de\/index.php\/wp-json\/wp\/v2\/users\/1"}],"replies":[{"embeddable":true,"href":"https:\/\/xn--brgerstiftung-emscherlippe-land-oid.de\/index.php\/wp-json\/wp\/v2\/comments?post=334"}],"version-history":[{"count":58,"href":"https:\/\/xn--brgerstiftung-emscherlippe-land-oid.de\/index.php\/wp-json\/wp\/v2\/pages\/334\/revisions"}],"predecessor-version":[{"id":2200,"href":"https:\/\/xn--brgerstiftung-emscherlippe-land-oid.de\/index.php\/wp-json\/wp\/v2\/pages\/334\/revisions\/2200"}],"up":[{"embeddable":true,"href":"https:\/\/xn--brgerstiftung-emscherlippe-land-oid.de\/index.php\/wp-json\/wp\/v2\/pages\/308"}],"wp:attachment":[{"href":"https:\/\/xn--brgerstiftung-emscherlippe-land-oid.de\/index.php\/wp-json\/wp\/v2\/media?parent=334"}],"curies":[{"name":"wp","href":"https:\/\/api.w.org\/{rel}","templated":true}]}}