{"id":308,"date":"2020-07-14T16:01:54","date_gmt":"2020-07-14T16:01:54","guid":{"rendered":"https:\/\/xn--brgerstiftung-emscherlippe-land-oid.de\/?page_id=308"},"modified":"2025-10-15T11:50:05","modified_gmt":"2025-10-15T09:50:05","slug":"aktuelle-projekte","status":"publish","type":"page","link":"https:\/\/xn--brgerstiftung-emscherlippe-land-oid.de\/index.php\/aktuelle-projekte\/","title":{"rendered":"Projekte"},"content":{"rendered":"\n<h2 class=\"wp-block-heading\"><a href=\"https:\/\/xn--brgerstiftung-emscherlippe-land-oid.de\/index.php\/aktuelle-projekte\/zivilcourage\/\">B\u00fcrgercourage-Preis 2024<\/a><\/h2>\n\n\n\n<div class=\"wp-block-media-text alignwide is-stacked-on-mobile\" style=\"grid-template-columns:33% auto\"><figure class=\"wp-block-media-text__media\"><a href=\"https:\/\/xn--brgerstiftung-emscherlippe-land-oid.de\/index.php\/aktuelle-projekte\/zivilcourage\/\"><img loading=\"lazy\" decoding=\"async\" width=\"1024\" height=\"1024\" src=\"https:\/\/xn--brgerstiftung-emscherlippe-land-oid.de\/wp-content\/uploads\/2024\/06\/Logo-Buergercourage-1024x1024.png\" alt=\"\" class=\"wp-image-1985 size-full\" srcset=\"https:\/\/xn--brgerstiftung-emscherlippe-land-oid.de\/wp-content\/uploads\/2024\/06\/Logo-Buergercourage-1024x1024.png 1024w, https:\/\/xn--brgerstiftung-emscherlippe-land-oid.de\/wp-content\/uploads\/2024\/06\/Logo-Buergercourage-300x300.png 300w, https:\/\/xn--brgerstiftung-emscherlippe-land-oid.de\/wp-content\/uploads\/2024\/06\/Logo-Buergercourage-150x150.png 150w, https:\/\/xn--brgerstiftung-emscherlippe-land-oid.de\/wp-content\/uploads\/2024\/06\/Logo-Buergercourage-768x768.png 768w, https:\/\/xn--brgerstiftung-emscherlippe-land-oid.de\/wp-content\/uploads\/2024\/06\/Logo-Buergercourage-100x100.png 100w, https:\/\/xn--brgerstiftung-emscherlippe-land-oid.de\/wp-content\/uploads\/2024\/06\/Logo-Buergercourage.png 1182w\" sizes=\"auto, (max-width: 706px) 89vw, (max-width: 767px) 82vw, 740px\" \/><\/a><\/figure><div class=\"wp-block-media-text__content\">\n<h3 class=\"wp-block-heading has-luminous-vivid-orange-color has-text-color has-link-color wp-elements-eeed8f1de90342617db15b3ab727da15\"><strong><em>Rote Karte gegen Gewalt<\/em><br>die&nbsp;B\u00fcrgerstiftung EmscherLippe-Land<\/strong><\/h3>\n\n\n\n<p>zeichnet mit&nbsp;<em>mit dem diesj\u00e4hrigen B\u00fcrgercourage-Preis Personen aus, die sich aktiv gegen Gewalt im Sport einsetzen<\/em>. Gewalt im Sport ist ein immer wieder auftretendes Problem, das nicht nur die Freude des Sportgeistes raubt, sondern auch das k\u00f6rperliche und psychische Wohlergehen der Sportler, Trainer, Schiedsrichter und Fans gef\u00e4hrdet. Viele Personen, auch hier bei uns im EmscherLippe-Land, setzen sich aktiv gegen diese Gewalt ein, um ein faires Miteinander in der Sportwelt zu f\u00f6rdern.<\/p>\n<\/div><\/div>\n\n\n\n<h2 class=\"wp-block-heading\"><a href=\"https:\/\/xn--brgerstiftung-emscherlippe-land-oid.de\/index.php\/guter-zweck-adventskalender-3\/\">Guter-Zweck-Adventskalender<\/a><\/h2>\n\n\n\n<figure class=\"wp-block-gallery has-nested-images columns-6 is-cropped wp-block-gallery-1 is-layout-flex wp-block-gallery-is-layout-flex\">\n<figure class=\"wp-block-image size-large\"><img loading=\"lazy\" decoding=\"async\" width=\"300\" height=\"212\" data-id=\"353\" src=\"https:\/\/xn--brgerstiftung-emscherlippe-land-oid.de\/wp-content\/uploads\/2020\/07\/kalender2010_300px.jpg\" alt=\"\" class=\"wp-image-353\"\/><figcaption class=\"wp-element-caption\">2010<\/figcaption><\/figure>\n\n\n\n<figure class=\"wp-block-image size-large\"><img loading=\"lazy\" decoding=\"async\" width=\"300\" height=\"212\" data-id=\"352\" src=\"https:\/\/xn--brgerstiftung-emscherlippe-land-oid.de\/wp-content\/uploads\/2020\/07\/kalender2011_300px.jpg\" alt=\"\" class=\"wp-image-352\"\/><figcaption class=\"wp-element-caption\">2011<\/figcaption><\/figure>\n\n\n\n<figure class=\"wp-block-image size-large\"><img loading=\"lazy\" decoding=\"async\" width=\"300\" height=\"212\" data-id=\"351\" src=\"https:\/\/xn--brgerstiftung-emscherlippe-land-oid.de\/wp-content\/uploads\/2020\/07\/kalender2012_300px.jpg\" alt=\"\" class=\"wp-image-351\"\/><figcaption class=\"wp-element-caption\">2012<\/figcaption><\/figure>\n\n\n\n<figure class=\"wp-block-image size-large\"><img loading=\"lazy\" decoding=\"async\" width=\"300\" height=\"205\" data-id=\"350\" src=\"https:\/\/xn--brgerstiftung-emscherlippe-land-oid.de\/wp-content\/uploads\/2020\/07\/kalender2013_300px.jpg\" alt=\"\" class=\"wp-image-350\"\/><figcaption class=\"wp-element-caption\">2013<\/figcaption><\/figure>\n\n\n\n<figure class=\"wp-block-image size-large\"><img loading=\"lazy\" decoding=\"async\" width=\"300\" height=\"229\" data-id=\"349\" src=\"https:\/\/xn--brgerstiftung-emscherlippe-land-oid.de\/wp-content\/uploads\/2020\/07\/kalender2014_300px.jpg\" alt=\"\" class=\"wp-image-349\"\/><figcaption class=\"wp-element-caption\">2014<\/figcaption><\/figure>\n\n\n\n<figure class=\"wp-block-image size-large\"><img loading=\"lazy\" decoding=\"async\" width=\"300\" height=\"229\" data-id=\"348\" src=\"https:\/\/xn--brgerstiftung-emscherlippe-land-oid.de\/wp-content\/uploads\/2020\/07\/kalender2015_300px.jpg\" alt=\"\" class=\"wp-image-348\"\/><figcaption class=\"wp-element-caption\">2015<\/figcaption><\/figure>\n\n\n\n<figure class=\"wp-block-image size-large\"><img loading=\"lazy\" decoding=\"async\" width=\"300\" height=\"225\" data-id=\"347\" src=\"https:\/\/xn--brgerstiftung-emscherlippe-land-oid.de\/wp-content\/uploads\/2020\/07\/Kalender2016_klein.jpg\" alt=\"\" class=\"wp-image-347\"\/><figcaption class=\"wp-element-caption\">2016<\/figcaption><\/figure>\n\n\n\n<figure class=\"wp-block-image size-large\"><img loading=\"lazy\" decoding=\"async\" width=\"300\" height=\"225\" data-id=\"346\" src=\"https:\/\/xn--brgerstiftung-emscherlippe-land-oid.de\/wp-content\/uploads\/2020\/07\/Kalender2017_klein.jpg\" alt=\"\" class=\"wp-image-346\"\/><figcaption class=\"wp-element-caption\">2017<\/figcaption><\/figure>\n\n\n\n<figure class=\"wp-block-image size-large\"><img loading=\"lazy\" decoding=\"async\" width=\"300\" height=\"209\" data-id=\"345\" src=\"https:\/\/xn--brgerstiftung-emscherlippe-land-oid.de\/wp-content\/uploads\/2020\/07\/Kalender_2018_klein.jpg\" alt=\"\" class=\"wp-image-345\"\/><figcaption class=\"wp-element-caption\">2018<\/figcaption><\/figure>\n\n\n\n<figure class=\"wp-block-image size-large\"><img loading=\"lazy\" decoding=\"async\" width=\"300\" height=\"225\" data-id=\"344\" src=\"https:\/\/xn--brgerstiftung-emscherlippe-land-oid.de\/wp-content\/uploads\/2020\/07\/Kalender_2019_klein.jpg\" alt=\"\" class=\"wp-image-344\"\/><figcaption class=\"wp-element-caption\">2019<\/figcaption><\/figure>\n\n\n\n<figure class=\"wp-block-image size-large\"><img loading=\"lazy\" decoding=\"async\" width=\"826\" height=\"620\" data-id=\"1212\" src=\"https:\/\/xn--brgerstiftung-emscherlippe-land-oid.de\/wp-content\/uploads\/2020\/10\/gzak202.jpg\" alt=\"\" class=\"wp-image-1212\" srcset=\"https:\/\/xn--brgerstiftung-emscherlippe-land-oid.de\/wp-content\/uploads\/2020\/10\/gzak202.jpg 826w, https:\/\/xn--brgerstiftung-emscherlippe-land-oid.de\/wp-content\/uploads\/2020\/10\/gzak202-300x225.jpg 300w, https:\/\/xn--brgerstiftung-emscherlippe-land-oid.de\/wp-content\/uploads\/2020\/10\/gzak202-768x576.jpg 768w\" sizes=\"auto, (max-width: 706px) 89vw, (max-width: 767px) 82vw, 740px\" \/><figcaption class=\"wp-element-caption\">2020<\/figcaption><\/figure>\n\n\n\n<figure class=\"wp-block-image size-large\"><img loading=\"lazy\" decoding=\"async\" width=\"503\" height=\"349\" data-id=\"1445\" src=\"https:\/\/xn--brgerstiftung-emscherlippe-land-oid.de\/wp-content\/uploads\/2021\/11\/2021.jpg\" alt=\"\" class=\"wp-image-1445\" srcset=\"https:\/\/xn--brgerstiftung-emscherlippe-land-oid.de\/wp-content\/uploads\/2021\/11\/2021.jpg 503w, https:\/\/xn--brgerstiftung-emscherlippe-land-oid.de\/wp-content\/uploads\/2021\/11\/2021-300x208.jpg 300w\" sizes=\"auto, (max-width: 503px) 100vw, 503px\" \/><figcaption class=\"wp-element-caption\">2021<\/figcaption><\/figure>\n\n\n\n<figure class=\"wp-block-image size-large\"><img loading=\"lazy\" decoding=\"async\" width=\"1024\" height=\"732\" data-id=\"1643\" src=\"https:\/\/xn--brgerstiftung-emscherlippe-land-oid.de\/wp-content\/uploads\/2022\/10\/A57500_Titelbild_2022-1024x732.jpg\" alt=\"\" class=\"wp-image-1643\" srcset=\"https:\/\/xn--brgerstiftung-emscherlippe-land-oid.de\/wp-content\/uploads\/2022\/10\/A57500_Titelbild_2022-1024x732.jpg 1024w, https:\/\/xn--brgerstiftung-emscherlippe-land-oid.de\/wp-content\/uploads\/2022\/10\/A57500_Titelbild_2022-300x214.jpg 300w, https:\/\/xn--brgerstiftung-emscherlippe-land-oid.de\/wp-content\/uploads\/2022\/10\/A57500_Titelbild_2022-768x549.jpg 768w, https:\/\/xn--brgerstiftung-emscherlippe-land-oid.de\/wp-content\/uploads\/2022\/10\/A57500_Titelbild_2022-1536x1098.jpg 1536w, https:\/\/xn--brgerstiftung-emscherlippe-land-oid.de\/wp-content\/uploads\/2022\/10\/A57500_Titelbild_2022-2048x1464.jpg 2048w\" sizes=\"auto, (max-width: 706px) 89vw, (max-width: 767px) 82vw, 740px\" \/><figcaption class=\"wp-element-caption\">2022<\/figcaption><\/figure>\n\n\n\n<figure class=\"wp-block-image size-large\"><img loading=\"lazy\" decoding=\"async\" width=\"1024\" height=\"726\" data-id=\"1864\" src=\"https:\/\/xn--brgerstiftung-emscherlippe-land-oid.de\/wp-content\/uploads\/2023\/11\/GZAK-2023-HG1-www-1024x726.jpg\" alt=\"\" class=\"wp-image-1864\" srcset=\"https:\/\/xn--brgerstiftung-emscherlippe-land-oid.de\/wp-content\/uploads\/2023\/11\/GZAK-2023-HG1-www-1024x726.jpg 1024w, https:\/\/xn--brgerstiftung-emscherlippe-land-oid.de\/wp-content\/uploads\/2023\/11\/GZAK-2023-HG1-www-300x213.jpg 300w, https:\/\/xn--brgerstiftung-emscherlippe-land-oid.de\/wp-content\/uploads\/2023\/11\/GZAK-2023-HG1-www-768x544.jpg 768w, https:\/\/xn--brgerstiftung-emscherlippe-land-oid.de\/wp-content\/uploads\/2023\/11\/GZAK-2023-HG1-www-1536x1089.jpg 1536w, https:\/\/xn--brgerstiftung-emscherlippe-land-oid.de\/wp-content\/uploads\/2023\/11\/GZAK-2023-HG1-www.jpg 1920w\" sizes=\"auto, (max-width: 706px) 89vw, (max-width: 767px) 82vw, 740px\" \/><figcaption class=\"wp-element-caption\">2023<\/figcaption><\/figure>\n\n\n\n<figure class=\"wp-block-image size-large\"><img loading=\"lazy\" decoding=\"async\" width=\"1024\" height=\"736\" data-id=\"2099\" src=\"https:\/\/xn--brgerstiftung-emscherlippe-land-oid.de\/wp-content\/uploads\/2024\/10\/Titelbild-1024x736.jpg\" alt=\"\" class=\"wp-image-2099\" srcset=\"https:\/\/xn--brgerstiftung-emscherlippe-land-oid.de\/wp-content\/uploads\/2024\/10\/Titelbild-1024x736.jpg 1024w, https:\/\/xn--brgerstiftung-emscherlippe-land-oid.de\/wp-content\/uploads\/2024\/10\/Titelbild-300x216.jpg 300w, https:\/\/xn--brgerstiftung-emscherlippe-land-oid.de\/wp-content\/uploads\/2024\/10\/Titelbild-768x552.jpg 768w, https:\/\/xn--brgerstiftung-emscherlippe-land-oid.de\/wp-content\/uploads\/2024\/10\/Titelbild-1536x1104.jpg 1536w, https:\/\/xn--brgerstiftung-emscherlippe-land-oid.de\/wp-content\/uploads\/2024\/10\/Titelbild-2048x1472.jpg 2048w\" sizes=\"auto, (max-width: 706px) 89vw, (max-width: 767px) 82vw, 740px\" \/><figcaption class=\"wp-element-caption\">2024<\/figcaption><\/figure>\n\n\n\n<figure class=\"wp-block-image size-large\"><a href=\"https:\/\/b\u00fcrgerstiftung-emscherlippe-land.de\/index.php\/aktuelle-projekte\/guter-zweck-adventskalender-3\/\"><img loading=\"lazy\" decoding=\"async\" width=\"1024\" height=\"768\" data-id=\"2229\" src=\"https:\/\/xn--brgerstiftung-emscherlippe-land-oid.de\/wp-content\/uploads\/2025\/10\/Titelbild-2025a-1024x768.jpg\" alt=\"\" class=\"wp-image-2229\" srcset=\"https:\/\/xn--brgerstiftung-emscherlippe-land-oid.de\/wp-content\/uploads\/2025\/10\/Titelbild-2025a-1024x768.jpg 1024w, https:\/\/xn--brgerstiftung-emscherlippe-land-oid.de\/wp-content\/uploads\/2025\/10\/Titelbild-2025a-300x225.jpg 300w, https:\/\/xn--brgerstiftung-emscherlippe-land-oid.de\/wp-content\/uploads\/2025\/10\/Titelbild-2025a-768x576.jpg 768w, https:\/\/xn--brgerstiftung-emscherlippe-land-oid.de\/wp-content\/uploads\/2025\/10\/Titelbild-2025a-1536x1152.jpg 1536w, https:\/\/xn--brgerstiftung-emscherlippe-land-oid.de\/wp-content\/uploads\/2025\/10\/Titelbild-2025a-2048x1536.jpg 2048w\" sizes=\"auto, (max-width: 706px) 89vw, (max-width: 767px) 82vw, 740px\" \/><\/a><figcaption class=\"wp-element-caption\">2025<\/figcaption><\/figure>\n<\/figure>\n\n\n\n<h2 class=\"wp-block-heading\"><a href=\"https:\/\/xn--brgerstiftung-emscherlippe-land-oid.de\/index.php\/aktuelle-projekte\/schulwettbewerb\/\">Schulwettbewerb<\/a><\/h2>\n\n\n\n<h2 class=\"wp-block-heading\"><a href=\"https:\/\/xn--brgerstiftung-emscherlippe-land-oid.de\/index.php\/aktuelle-projekte\/buergervision-songcontest\/\">B\u00fcrgervision-Songcontest<\/a><\/h2>\n\n\n\n<h2 class=\"wp-block-heading\"><\/h2>\n\n\n\n<h2 class=\"wp-block-heading\"><\/h2>\n\n\n\n<p><\/p>\n","protected":false},"excerpt":{"rendered":"<p>B\u00fcrgercourage-Preis 2024 Rote Karte gegen Gewaltdie&nbsp;B\u00fcrgerstiftung EmscherLippe-Land zeichnet mit&nbsp;mit dem diesj\u00e4hrigen B\u00fcrgercourage-Preis Personen aus, die sich aktiv gegen Gewalt im Sport einsetzen. Gewalt im Sport ist ein immer wieder auftretendes Problem, das nicht nur die Freude des Sportgeistes raubt, sondern auch das k\u00f6rperliche und psychische Wohlergehen der Sportler, Trainer, Schiedsrichter und Fans gef\u00e4hrdet. Viele Personen, &hellip; <\/p>\n<p class=\"link-more\"><a href=\"https:\/\/xn--brgerstiftung-emscherlippe-land-oid.de\/index.php\/aktuelle-projekte\/\" class=\"more-link\"><span class=\"screen-reader-text\">\u201eProjekte\u201c <\/span>weiterlesen<\/a><\/p>\n","protected":false},"author":1,"featured_media":782,"parent":0,"menu_order":0,"comment_status":"closed","ping_status":"closed","template":"","meta":{"footnotes":""},"class_list":["post-308","page","type-page","status-publish","has-post-thumbnail","hentry"],"yoast_head":"<!-- This site is optimized with the Yoast SEO plugin v27.5 - https:\/\/yoast.com\/product\/yoast-seo-wordpress\/ -->\n<title>Projekte - B\u00fcrgerstiftung Emscherlippe-Land %<\/title>\n<meta name=\"robots\" content=\"index, follow, max-snippet:-1, max-image-preview:large, max-video-preview:-1\" \/>\n<link rel=\"canonical\" href=\"https:\/\/xn--brgerstiftung-emscherlippe-land-oid.de\/index.php\/aktuelle-projekte\/\" \/>\n<meta property=\"og:locale\" content=\"de_DE\" \/>\n<meta property=\"og:type\" content=\"article\" \/>\n<meta property=\"og:title\" content=\"Projekte - B\u00fcrgerstiftung Emscherlippe-Land %\" \/>\n<meta property=\"og:description\" content=\"B\u00fcrgercourage-Preis 2024 Rote Karte gegen Gewaltdie&nbsp;B\u00fcrgerstiftung EmscherLippe-Land zeichnet mit&nbsp;mit dem diesj\u00e4hrigen B\u00fcrgercourage-Preis Personen aus, die sich aktiv gegen Gewalt im Sport einsetzen. Gewalt im Sport ist ein immer wieder auftretendes Problem, das nicht nur die Freude des Sportgeistes raubt, sondern auch das k\u00f6rperliche und psychische Wohlergehen der Sportler, Trainer, Schiedsrichter und Fans gef\u00e4hrdet. Viele Personen, &hellip; \u201eProjekte\u201c weiterlesen\" \/>\n<meta property=\"og:url\" content=\"https:\/\/xn--brgerstiftung-emscherlippe-land-oid.de\/index.php\/aktuelle-projekte\/\" \/>\n<meta property=\"og:site_name\" content=\"B\u00fcrgerstiftung Emscherlippe-Land\" \/>\n<meta property=\"article:publisher\" content=\"https:\/\/www.facebook.com\/BuergerstiftungEmscherlippeLand\" \/>\n<meta property=\"article:modified_time\" content=\"2025-10-15T09:50:05+00:00\" \/>\n<meta property=\"og:image\" content=\"https:\/\/xn--brgerstiftung-emscherlippe-land-oid.de\/wp-content\/uploads\/2020\/07\/20191107_letzter_Kalender2019.jpg\" \/>\n\t<meta property=\"og:image:width\" content=\"1280\" \/>\n\t<meta property=\"og:image:height\" content=\"960\" \/>\n\t<meta property=\"og:image:type\" content=\"image\/jpeg\" \/>\n<meta name=\"twitter:card\" content=\"summary_large_image\" \/>\n<meta name=\"twitter:label1\" content=\"Gesch\u00e4tzte Lesezeit\" \/>\n\t<meta name=\"twitter:data1\" content=\"5\u00a0Minuten\" \/>\n<script type=\"application\/ld+json\" class=\"yoast-schema-graph\">{\"@context\":\"https:\\\/\\\/schema.org\",\"@graph\":[{\"@type\":\"WebPage\",\"@id\":\"https:\\\/\\\/xn--brgerstiftung-emscherlippe-land-oid.de\\\/index.php\\\/aktuelle-projekte\\\/\",\"url\":\"https:\\\/\\\/xn--brgerstiftung-emscherlippe-land-oid.de\\\/index.php\\\/aktuelle-projekte\\\/\",\"name\":\"Projekte - B\u00fcrgerstiftung Emscherlippe-Land %\",\"isPartOf\":{\"@id\":\"https:\\\/\\\/xn--brgerstiftung-emscherlippe-land-oid.de\\\/#website\"},\"primaryImageOfPage\":{\"@id\":\"https:\\\/\\\/xn--brgerstiftung-emscherlippe-land-oid.de\\\/index.php\\\/aktuelle-projekte\\\/#primaryimage\"},\"image\":{\"@id\":\"https:\\\/\\\/xn--brgerstiftung-emscherlippe-land-oid.de\\\/index.php\\\/aktuelle-projekte\\\/#primaryimage\"},\"thumbnailUrl\":\"https:\\\/\\\/xn--brgerstiftung-emscherlippe-land-oid.de\\\/wp-content\\\/uploads\\\/2020\\\/07\\\/20191107_letzter_Kalender2019.jpg\",\"datePublished\":\"2020-07-14T16:01:54+00:00\",\"dateModified\":\"2025-10-15T09:50:05+00:00\",\"breadcrumb\":{\"@id\":\"https:\\\/\\\/xn--brgerstiftung-emscherlippe-land-oid.de\\\/index.php\\\/aktuelle-projekte\\\/#breadcrumb\"},\"inLanguage\":\"de\",\"potentialAction\":[{\"@type\":\"ReadAction\",\"target\":[\"https:\\\/\\\/xn--brgerstiftung-emscherlippe-land-oid.de\\\/index.php\\\/aktuelle-projekte\\\/\"]}]},{\"@type\":\"ImageObject\",\"inLanguage\":\"de\",\"@id\":\"https:\\\/\\\/xn--brgerstiftung-emscherlippe-land-oid.de\\\/index.php\\\/aktuelle-projekte\\\/#primaryimage\",\"url\":\"https:\\\/\\\/xn--brgerstiftung-emscherlippe-land-oid.de\\\/wp-content\\\/uploads\\\/2020\\\/07\\\/20191107_letzter_Kalender2019.jpg\",\"contentUrl\":\"https:\\\/\\\/xn--brgerstiftung-emscherlippe-land-oid.de\\\/wp-content\\\/uploads\\\/2020\\\/07\\\/20191107_letzter_Kalender2019.jpg\",\"width\":1280,\"height\":960,\"caption\":\"OLYMPUS DIGITAL CAMERA\"},{\"@type\":\"BreadcrumbList\",\"@id\":\"https:\\\/\\\/xn--brgerstiftung-emscherlippe-land-oid.de\\\/index.php\\\/aktuelle-projekte\\\/#breadcrumb\",\"itemListElement\":[{\"@type\":\"ListItem\",\"position\":1,\"name\":\"Home\",\"item\":\"https:\\\/\\\/xn--brgerstiftung-emscherlippe-land-oid.de\\\/\"},{\"@type\":\"ListItem\",\"position\":2,\"name\":\"Projekte\"}]},{\"@type\":\"WebSite\",\"@id\":\"https:\\\/\\\/xn--brgerstiftung-emscherlippe-land-oid.de\\\/#website\",\"url\":\"https:\\\/\\\/xn--brgerstiftung-emscherlippe-land-oid.de\\\/\",\"name\":\"B\u00fcrgerstiftung Emscherlippe-Land\",\"description\":\"Eine Gemeinschaft lebt vom Engagement jedes Einzelnen.\",\"publisher\":{\"@id\":\"https:\\\/\\\/xn--brgerstiftung-emscherlippe-land-oid.de\\\/#organization\"},\"potentialAction\":[{\"@type\":\"SearchAction\",\"target\":{\"@type\":\"EntryPoint\",\"urlTemplate\":\"https:\\\/\\\/xn--brgerstiftung-emscherlippe-land-oid.de\\\/?s={search_term_string}\"},\"query-input\":{\"@type\":\"PropertyValueSpecification\",\"valueRequired\":true,\"valueName\":\"search_term_string\"}}],\"inLanguage\":\"de\"},{\"@type\":\"Organization\",\"@id\":\"https:\\\/\\\/xn--brgerstiftung-emscherlippe-land-oid.de\\\/#organization\",\"name\":\"B\u00fcrgerstiftung Emscherlippe-Land\",\"url\":\"https:\\\/\\\/xn--brgerstiftung-emscherlippe-land-oid.de\\\/\",\"logo\":{\"@type\":\"ImageObject\",\"inLanguage\":\"de\",\"@id\":\"https:\\\/\\\/xn--brgerstiftung-emscherlippe-land-oid.de\\\/#\\\/schema\\\/logo\\\/image\\\/\",\"url\":\"https:\\\/\\\/xn--brgerstiftung-emscherlippe-land-oid.de\\\/wp-content\\\/uploads\\\/2020\\\/07\\\/BSLogoSchriftRechts-scaled.jpg\",\"contentUrl\":\"https:\\\/\\\/xn--brgerstiftung-emscherlippe-land-oid.de\\\/wp-content\\\/uploads\\\/2020\\\/07\\\/BSLogoSchriftRechts-scaled.jpg\",\"width\":2560,\"height\":792,\"caption\":\"B\u00fcrgerstiftung Emscherlippe-Land\"},\"image\":{\"@id\":\"https:\\\/\\\/xn--brgerstiftung-emscherlippe-land-oid.de\\\/#\\\/schema\\\/logo\\\/image\\\/\"},\"sameAs\":[\"https:\\\/\\\/www.facebook.com\\\/BuergerstiftungEmscherlippeLand\"]}]}<\/script>\n<!-- \/ Yoast SEO plugin. -->","yoast_head_json":{"title":"Projekte - B\u00fcrgerstiftung Emscherlippe-Land %","robots":{"index":"index","follow":"follow","max-snippet":"max-snippet:-1","max-image-preview":"max-image-preview:large","max-video-preview":"max-video-preview:-1"},"canonical":"https:\/\/xn--brgerstiftung-emscherlippe-land-oid.de\/index.php\/aktuelle-projekte\/","og_locale":"de_DE","og_type":"article","og_title":"Projekte - B\u00fcrgerstiftung Emscherlippe-Land %","og_description":"B\u00fcrgercourage-Preis 2024 Rote Karte gegen Gewaltdie&nbsp;B\u00fcrgerstiftung EmscherLippe-Land zeichnet mit&nbsp;mit dem diesj\u00e4hrigen B\u00fcrgercourage-Preis Personen aus, die sich aktiv gegen Gewalt im Sport einsetzen. Gewalt im Sport ist ein immer wieder auftretendes Problem, das nicht nur die Freude des Sportgeistes raubt, sondern auch das k\u00f6rperliche und psychische Wohlergehen der Sportler, Trainer, Schiedsrichter und Fans gef\u00e4hrdet. Viele Personen, &hellip; \u201eProjekte\u201c weiterlesen","og_url":"https:\/\/xn--brgerstiftung-emscherlippe-land-oid.de\/index.php\/aktuelle-projekte\/","og_site_name":"B\u00fcrgerstiftung Emscherlippe-Land","article_publisher":"https:\/\/www.facebook.com\/BuergerstiftungEmscherlippeLand","article_modified_time":"2025-10-15T09:50:05+00:00","og_image":[{"width":1280,"height":960,"url":"https:\/\/xn--brgerstiftung-emscherlippe-land-oid.de\/wp-content\/uploads\/2020\/07\/20191107_letzter_Kalender2019.jpg","type":"image\/jpeg"}],"twitter_card":"summary_large_image","twitter_misc":{"Gesch\u00e4tzte Lesezeit":"5\u00a0Minuten"},"schema":{"@context":"https:\/\/schema.org","@graph":[{"@type":"WebPage","@id":"https:\/\/xn--brgerstiftung-emscherlippe-land-oid.de\/index.php\/aktuelle-projekte\/","url":"https:\/\/xn--brgerstiftung-emscherlippe-land-oid.de\/index.php\/aktuelle-projekte\/","name":"Projekte - B\u00fcrgerstiftung Emscherlippe-Land %","isPartOf":{"@id":"https:\/\/xn--brgerstiftung-emscherlippe-land-oid.de\/#website"},"primaryImageOfPage":{"@id":"https:\/\/xn--brgerstiftung-emscherlippe-land-oid.de\/index.php\/aktuelle-projekte\/#primaryimage"},"image":{"@id":"https:\/\/xn--brgerstiftung-emscherlippe-land-oid.de\/index.php\/aktuelle-projekte\/#primaryimage"},"thumbnailUrl":"https:\/\/xn--brgerstiftung-emscherlippe-land-oid.de\/wp-content\/uploads\/2020\/07\/20191107_letzter_Kalender2019.jpg","datePublished":"2020-07-14T16:01:54+00:00","dateModified":"2025-10-15T09:50:05+00:00","breadcrumb":{"@id":"https:\/\/xn--brgerstiftung-emscherlippe-land-oid.de\/index.php\/aktuelle-projekte\/#breadcrumb"},"inLanguage":"de","potentialAction":[{"@type":"ReadAction","target":["https:\/\/xn--brgerstiftung-emscherlippe-land-oid.de\/index.php\/aktuelle-projekte\/"]}]},{"@type":"ImageObject","inLanguage":"de","@id":"https:\/\/xn--brgerstiftung-emscherlippe-land-oid.de\/index.php\/aktuelle-projekte\/#primaryimage","url":"https:\/\/xn--brgerstiftung-emscherlippe-land-oid.de\/wp-content\/uploads\/2020\/07\/20191107_letzter_Kalender2019.jpg","contentUrl":"https:\/\/xn--brgerstiftung-emscherlippe-land-oid.de\/wp-content\/uploads\/2020\/07\/20191107_letzter_Kalender2019.jpg","width":1280,"height":960,"caption":"OLYMPUS DIGITAL CAMERA"},{"@type":"BreadcrumbList","@id":"https:\/\/xn--brgerstiftung-emscherlippe-land-oid.de\/index.php\/aktuelle-projekte\/#breadcrumb","itemListElement":[{"@type":"ListItem","position":1,"name":"Home","item":"https:\/\/xn--brgerstiftung-emscherlippe-land-oid.de\/"},{"@type":"ListItem","position":2,"name":"Projekte"}]},{"@type":"WebSite","@id":"https:\/\/xn--brgerstiftung-emscherlippe-land-oid.de\/#website","url":"https:\/\/xn--brgerstiftung-emscherlippe-land-oid.de\/","name":"B\u00fcrgerstiftung Emscherlippe-Land","description":"Eine Gemeinschaft lebt vom Engagement jedes Einzelnen.","publisher":{"@id":"https:\/\/xn--brgerstiftung-emscherlippe-land-oid.de\/#organization"},"potentialAction":[{"@type":"SearchAction","target":{"@type":"EntryPoint","urlTemplate":"https:\/\/xn--brgerstiftung-emscherlippe-land-oid.de\/?s={search_term_string}"},"query-input":{"@type":"PropertyValueSpecification","valueRequired":true,"valueName":"search_term_string"}}],"inLanguage":"de"},{"@type":"Organization","@id":"https:\/\/xn--brgerstiftung-emscherlippe-land-oid.de\/#organization","name":"B\u00fcrgerstiftung Emscherlippe-Land","url":"https:\/\/xn--brgerstiftung-emscherlippe-land-oid.de\/","logo":{"@type":"ImageObject","inLanguage":"de","@id":"https:\/\/xn--brgerstiftung-emscherlippe-land-oid.de\/#\/schema\/logo\/image\/","url":"https:\/\/xn--brgerstiftung-emscherlippe-land-oid.de\/wp-content\/uploads\/2020\/07\/BSLogoSchriftRechts-scaled.jpg","contentUrl":"https:\/\/xn--brgerstiftung-emscherlippe-land-oid.de\/wp-content\/uploads\/2020\/07\/BSLogoSchriftRechts-scaled.jpg","width":2560,"height":792,"caption":"B\u00fcrgerstiftung Emscherlippe-Land"},"image":{"@id":"https:\/\/xn--brgerstiftung-emscherlippe-land-oid.de\/#\/schema\/logo\/image\/"},"sameAs":["https:\/\/www.facebook.com\/BuergerstiftungEmscherlippeLand"]}]}},"_links":{"self":[{"href":"https:\/\/xn--brgerstiftung-emscherlippe-land-oid.de\/index.php\/wp-json\/wp\/v2\/pages\/308","targetHints":{"allow":["GET"]}}],"collection":[{"href":"https:\/\/xn--brgerstiftung-emscherlippe-land-oid.de\/index.php\/wp-json\/wp\/v2\/pages"}],"about":[{"href":"https:\/\/xn--brgerstiftung-emscherlippe-land-oid.de\/index.php\/wp-json\/wp\/v2\/types\/page"}],"author":[{"embeddable":true,"href":"https:\/\/xn--brgerstiftung-emscherlippe-land-oid.de\/index.php\/wp-json\/wp\/v2\/users\/1"}],"replies":[{"embeddable":true,"href":"https:\/\/xn--brgerstiftung-emscherlippe-land-oid.de\/index.php\/wp-json\/wp\/v2\/comments?post=308"}],"version-history":[{"count":28,"href":"https:\/\/xn--brgerstiftung-emscherlippe-land-oid.de\/index.php\/wp-json\/wp\/v2\/pages\/308\/revisions"}],"predecessor-version":[{"id":2237,"href":"https:\/\/xn--brgerstiftung-emscherlippe-land-oid.de\/index.php\/wp-json\/wp\/v2\/pages\/308\/revisions\/2237"}],"wp:featuredmedia":[{"embeddable":true,"href":"https:\/\/xn--brgerstiftung-emscherlippe-land-oid.de\/index.php\/wp-json\/wp\/v2\/media\/782"}],"wp:attachment":[{"href":"https:\/\/xn--brgerstiftung-emscherlippe-land-oid.de\/index.php\/wp-json\/wp\/v2\/media?parent=308"}],"curies":[{"name":"wp","href":"https:\/\/api.w.org\/{rel}","templated":true}]}}