{"id":284,"date":"2020-07-14T12:49:33","date_gmt":"2020-07-14T12:49:33","guid":{"rendered":"https:\/\/xn--brgerstiftung-emscherlippe-land-oid.de\/?page_id=284"},"modified":"2020-11-12T16:16:05","modified_gmt":"2020-11-12T14:16:05","slug":"horst-dieter-szewczyk-stiftung","status":"publish","type":"page","link":"https:\/\/xn--brgerstiftung-emscherlippe-land-oid.de\/index.php\/partnerstiftungen\/horst-dieter-szewczyk-stiftung\/","title":{"rendered":"Horst Dieter Szewczyk Stiftung"},"content":{"rendered":"\n<h3 class=\"wp-block-heading\">gegr\u00fcndet am 01.05.2007<\/h3>\n\n\n\n<p>IBAN: DE55 4416 0014 2100 0000 00<\/p>\n\n\n\t\t\t<!-- Cool Timeline PRO V4.9 -->\r\n\t\t\t<div class=\"ctl-wrapper\" role=\"region\" aria-label=\"Timeline\">\r\n\t\t\t\t\t\t\t\t<div id=\"cool_timeline_1\" class=\"cool-timeline-wrapper ctl-both-sided ctl-vertical-wrapper ctl-default\" data-nav=\"show\" data-line-filling=\"false\" data-nav-pos=\"right\" data-nav-style=\"style-1\">\r\n\t\t\t\t\t<div class=\"ctl-start\"><\/div>\r\n\t\t\t\t\t<!-- Timeline Container -->\r\n\t\t\t\t\t<div class=\"ctl-timeline ctl-timeline-container\" data-animation=\"none\" aria-live=\"polite\">\r\n\t\t\t\t\t\t<!-- Center Line -->\r\n\t\t\t\t\t\t<div class=\"ctl-inner-line\" role=\"presentation\"><\/div>\r\n\t\t\t\t\t\t<!-- Story Year Section --><div data-cls=\"sc-nv-light vertical\" class=\"timeline-year scrollable-section ctl-year ctl-year-container light-year\" data-section-title=\"2017\" id=\"year-2017\"><div class=\"ctl-year-label ctl-year-text\"><span>2017<\/span><\/div><\/div><!-- Timeline Content --><div id=\"ctl-story-819\" class=\"ctl-story ctl-story-dot-icon odd ctl-story-right ctl-no-media\" data-story-index=\"1\" role=\"article\"><!-- Story Date --><div class=\"ctl-labels\"><div class=\"ctl-label-big story-date\">Juli 02<\/div><\/div><!-- Story IconDot --><div class=\"ctl-icondot\"><\/div> <!-- Story Arrow --><div class=\"ctl-arrow\"><\/div>\r\n\t\t\t<!-- Story Content --><div class=\"ctl-content\"><!-- Story Title --> <div class=\"ctl-title story-819\" role=\"heading\" aria-level=\"2\"><a target=\"_self\" title=\"Horst Dieter Szewczyk dr\u00fcckt Jule Hake bei Weltmeisterschaft die Daumen\" href=\"https:\/\/xn--brgerstiftung-emscherlippe-land-oid.de\/index.php\/timeline\/horst-dieter-szewczyk-drueckt-jule-hake-bei-weltmeisterschaft-die-daumen\/\" class=\"story-link\">Horst Dieter Szewczyk dr\u00fcckt Jule Hake bei Weltmeisterschaft die Daumen<\/a><\/div><!-- Story Description --><div class=\"ctl-description\"><p>Stiftung greift mit 1.000 Euro unter die Arme Der Kanusport hat dem Stiftungsgr\u00fcnder Horst Dieter Szewczyk viele positive Erlebnisse beschert und sein Leben gepr\u00e4gt. Um den Breitensport in der Region zu f\u00f6rdern, gr\u00fcndete Szewczyk die &#8222;Horst Dieter Szewczyk Stiftung&#8220;. Dieses Mal unterst\u00fctzt die Stiftung den Kanu- und Ski-Club L\u00fcnen f\u00fcr&hellip;<br \/><a class=\"read_more ctl_read_more\" target=\"_self\" href=\"https:\/\/xn--brgerstiftung-emscherlippe-land-oid.de\/index.php\/timeline\/horst-dieter-szewczyk-drueckt-jule-hake-bei-weltmeisterschaft-die-daumen\/\" role=\"link\">Mehr lesen<\/a><\/p>\n<\/div><\/div><\/div><!-- Story Year Section --><div data-cls=\"sc-nv-light vertical\" class=\"timeline-year scrollable-section ctl-year ctl-year-container light-year\" data-section-title=\"2016\" id=\"year-2016\"><div class=\"ctl-year-label ctl-year-text\"><span>2016<\/span><\/div><\/div><!-- Timeline Content --><div id=\"ctl-story-818\" class=\"ctl-story ctl-story-dot-icon even ctl-story-left ctl-no-media\" data-story-index=\"2\" role=\"article\"><!-- Story Date --><div class=\"ctl-labels\"><div class=\"ctl-label-big story-date\">Okt. 05<\/div><\/div><!-- Story IconDot --><div class=\"ctl-icondot\"><\/div> <!-- Story Arrow --><div class=\"ctl-arrow\"><\/div>\r\n\t\t\t<!-- Story Content --><div class=\"ctl-content\"><!-- Story Title --> <div class=\"ctl-title story-818\" role=\"heading\" aria-level=\"2\"><a target=\"_self\" title=\"Horst Dieter Szewczyk Stiftung unterst\u00fctzt Kanuten Emscher-Lippe Datteln mit 700 Euro f\u00fcr Jugendrennkajak\" href=\"https:\/\/xn--brgerstiftung-emscherlippe-land-oid.de\/index.php\/timeline\/horst-dieter-szewczyk-stiftung-unterstuetzt-kanuten-emscher-lippe-datteln-mit-700-euro-fuer-jugendrennkajak\/\" class=\"story-link\">Horst Dieter Szewczyk Stiftung unterst\u00fctzt Kanuten Emscher-Lippe Datteln mit 700 Euro f\u00fcr Jugendrennkajak<\/a><\/div><!-- Story Description --><div class=\"ctl-description\"><p>Bereits zum zweiten Mal in diesem Jahr konnte die &#8222;Horst Dieter Szewczyk Stiftung&#8220; Unterst\u00fctzungsarbeit f\u00fcr die Dattelner Kanuten leisten. Im ersten Halbjahr half die Stiftung bereits finanziell beim B\u00fcroausbau. Als Horst Dieter Szewczyk nun erfuhr, dass ein neues Jugendrennkajak ben\u00f6tigt wird, bot er seine Hilfe spontan an. Seiner Stiftung standen&hellip;<br \/><a class=\"read_more ctl_read_more\" target=\"_self\" href=\"https:\/\/xn--brgerstiftung-emscherlippe-land-oid.de\/index.php\/timeline\/horst-dieter-szewczyk-stiftung-unterstuetzt-kanuten-emscher-lippe-datteln-mit-700-euro-fuer-jugendrennkajak\/\" role=\"link\">Mehr lesen<\/a><\/p>\n<\/div><\/div><\/div><!-- Timeline Content --><div id=\"ctl-story-817\" class=\"ctl-story ctl-story-dot-icon odd ctl-story-right ctl-no-media\" data-story-index=\"3\" role=\"article\"><!-- Story Date --><div class=\"ctl-labels\"><div class=\"ctl-label-big story-date\">Apr. 04<\/div><\/div><!-- Story IconDot --><div class=\"ctl-icondot\"><\/div> <!-- Story Arrow --><div class=\"ctl-arrow\"><\/div>\r\n\t\t\t<!-- Story Content --><div class=\"ctl-content\"><!-- Story Title --> <div class=\"ctl-title story-817\" role=\"heading\" aria-level=\"2\"><a target=\"_self\" title=\"Kanuten Emscher-Lippe Datteln erhalten 600 Euro f\u00fcr den B\u00fcroausbau der Rennsportabteilung\" href=\"https:\/\/xn--brgerstiftung-emscherlippe-land-oid.de\/index.php\/timeline\/kanuten-emscher-lippe-datteln-erhalten-600-euro-fuer-den-bueroausbau-der-rennsportabteilung\/\" class=\"story-link\">Kanuten Emscher-Lippe Datteln erhalten 600 Euro f\u00fcr den B\u00fcroausbau der Rennsportabteilung<\/a><\/div><!-- Story Description --><div class=\"ctl-description\"><p>Die Rennsportabteilung der Kanuten Emscher-Lippe Datteln e.V. plant den Ausbau eines neuen B\u00fcros. Diese Aktion unterst\u00fctzt die Horst Dieter Szewczyk Stiftung und steuerte die ben\u00f6tigten 600 Euro bei. F\u00fcr den Ausbau fehlen noch diverse Einrichtungsgegenst\u00e4nde wie beispielweise St\u00fchle, Regale und ein Schreibtisch. Die Horst Dieter Szewczyk Stiftung wurde im Jahr&hellip;<br \/><a class=\"read_more ctl_read_more\" target=\"_self\" href=\"https:\/\/xn--brgerstiftung-emscherlippe-land-oid.de\/index.php\/timeline\/kanuten-emscher-lippe-datteln-erhalten-600-euro-fuer-den-bueroausbau-der-rennsportabteilung\/\" role=\"link\">Mehr lesen<\/a><\/p>\n<\/div><\/div><\/div><!-- Story Year Section --><div data-cls=\"sc-nv-light vertical\" class=\"timeline-year scrollable-section ctl-year ctl-year-container light-year\" data-section-title=\"2010\" id=\"year-2010\"><div class=\"ctl-year-label ctl-year-text\"><span>2010<\/span><\/div><\/div><!-- Timeline Content --><div id=\"ctl-story-463\" class=\"ctl-story ctl-story-dot-icon even ctl-story-left ctl-no-media\" data-story-index=\"4\" role=\"article\"><!-- Story Date --><div class=\"ctl-labels\"><div class=\"ctl-label-big story-date\">Juni 07<\/div><\/div><!-- Story IconDot --><div class=\"ctl-icondot\"><\/div> <!-- Story Arrow --><div class=\"ctl-arrow\"><\/div>\r\n\t\t\t<!-- Story Content --><div class=\"ctl-content\"><!-- Story Title --> <div class=\"ctl-title story-463\" role=\"heading\" aria-level=\"2\"><a target=\"_self\" title=\"1.000,00 Euro zum 60-j\u00e4hrigen Jubil\u00e4um des Dattelner Kanutenvereins\" href=\"https:\/\/xn--brgerstiftung-emscherlippe-land-oid.de\/index.php\/timeline\/1-00000-euro-zum-60-jaehrigen-jubilaeum-des-dattelner-kanutenvereins\/\" class=\"story-link\">1.000,00 Euro zum 60-j\u00e4hrigen Jubil\u00e4um des Dattelner Kanutenvereins<\/a><\/div><!-- Story Description --><div class=\"ctl-description\"><p>Der Kanutensportverein &#8218;Kanuten Emscher-Lippe 1950&#8216; feierte am 29. Mai 2010 seinen 60. Geburtstag. Den vielen Gl\u00fcckw\u00fcnschen schloss sich auch Horst Dieter Szewczyk an. Als besonderes Geburtstagsgeschenk hatte er eine Spende in H\u00f6he von 1.000,00 Euro von der Horst Dieter Szewczyk Stiftung \u2013 Partnerstiftung der B\u00fcrgerstiftung EmscherLippe-Land &#8211; mitgebracht. Der Betrag&hellip;<br \/><a class=\"read_more ctl_read_more\" target=\"_self\" href=\"https:\/\/xn--brgerstiftung-emscherlippe-land-oid.de\/index.php\/timeline\/1-00000-euro-zum-60-jaehrigen-jubilaeum-des-dattelner-kanutenvereins\/\" role=\"link\">Mehr lesen<\/a><\/p>\n<\/div><\/div><\/div><!-- Story Year Section --><div data-cls=\"sc-nv-light vertical\" class=\"timeline-year scrollable-section ctl-year ctl-year-container light-year\" data-section-title=\"2009\" id=\"year-2009\"><div class=\"ctl-year-label ctl-year-text\"><span>2009<\/span><\/div><\/div><!-- Timeline Content --><div id=\"ctl-story-380\" class=\"ctl-story ctl-story-dot-icon odd ctl-story-right\" data-story-index=\"5\" role=\"article\"><!-- Story Date --><div class=\"ctl-labels\"><div class=\"ctl-label-big story-date\">Jan. 06<\/div><\/div><!-- Story IconDot --><div class=\"ctl-icondot\"><\/div> <!-- Story Arrow --><div class=\"ctl-arrow\"><\/div>\r\n\t\t\t<!-- Story Content --><div class=\"ctl-content\"><!-- Story Title --> <div class=\"ctl-title story-380\" role=\"heading\" aria-level=\"2\"><a target=\"_self\" title=\"L\u00fcner Unternehmer unterst\u00fctzt Dattelner Kanutenverein mit 1.000 Euro\" href=\"https:\/\/xn--brgerstiftung-emscherlippe-land-oid.de\/index.php\/timeline\/luener-unternehmer-unterstuetzt-dattelner-kanutenverein-mit-1-000-euro\/\" class=\"story-link\">L\u00fcner Unternehmer unterst\u00fctzt Dattelner Kanutenverein mit 1.000 Euro<\/a><\/div><!-- Story Media --><div class=\"ctl-media full\"><a data-glightbox=\"L\u00fcner Unternehmer unterst\u00fctzt Dattelner Kanutenverein mit 1.000 Euro\" href=\"https:\/\/xn--brgerstiftung-emscherlippe-land-oid.de\/wp-content\/uploads\/2020\/07\/20090116_SpendeKanutenverein_Bild1.jpg\" class=\"ctl_glightbox\"><img loading=\"lazy\" decoding=\"async\" width=\"525\" height=\"394\" src=\"https:\/\/xn--brgerstiftung-emscherlippe-land-oid.de\/wp-content\/uploads\/2020\/07\/20090116_SpendeKanutenverein_Bild1.jpg\" class=\"story-img wp-post-image\" alt=\"L\u00fcner Unternehmer unterst\u00fctzt Dattelner Kanutenverein mit 1.000 Euro\" srcset=\"https:\/\/xn--brgerstiftung-emscherlippe-land-oid.de\/wp-content\/uploads\/2020\/07\/20090116_SpendeKanutenverein_Bild1.jpg 800w, https:\/\/xn--brgerstiftung-emscherlippe-land-oid.de\/wp-content\/uploads\/2020\/07\/20090116_SpendeKanutenverein_Bild1-300x225.jpg 300w, https:\/\/xn--brgerstiftung-emscherlippe-land-oid.de\/wp-content\/uploads\/2020\/07\/20090116_SpendeKanutenverein_Bild1-768x576.jpg 768w\" sizes=\"auto, 100vw\" \/><\/a><\/div><!-- Story Description --><div class=\"ctl-description\"><p>\u00dcberraschungsgast beim Kanutenverein Emscher-Lippe Datteln 1950 e.V. war gestern der L\u00fcner Unternehmer Horst Dieter Szewczyk, der im Jahre 2007 die dritte Partnerstiftung der B\u00fcrgerstiftung EmscherLippe-Land\u00a0 gegr\u00fcndet hatte. Sein in der Stiftungssatzung festgeschriebenes Ansinnen, insbesondere die sportlichen Bet\u00e4tigungsm\u00f6glichkeiten f\u00fcr Kinder und Jugendliche im Bereich des Wassersports zu f\u00f6rdern und zu unterst\u00fctzen,&hellip;<br \/><a class=\"read_more ctl_read_more\" target=\"_self\" href=\"https:\/\/xn--brgerstiftung-emscherlippe-land-oid.de\/index.php\/timeline\/luener-unternehmer-unterstuetzt-dattelner-kanutenverein-mit-1-000-euro\/\" role=\"link\">Mehr lesen<\/a><\/p>\n<\/div><\/div><\/div><!-- Story Year Section --><div data-cls=\"sc-nv-light vertical\" class=\"timeline-year scrollable-section ctl-year ctl-year-container light-year\" data-section-title=\"2007\" id=\"year-2007\"><div class=\"ctl-year-label ctl-year-text\"><span>2007<\/span><\/div><\/div><!-- Timeline Content --><div id=\"ctl-story-283\" class=\"ctl-story ctl-story-dot-icon even ctl-story-left\" data-story-index=\"6\" role=\"article\"><!-- Story Date --><div class=\"ctl-labels\"><div class=\"ctl-label-big story-date\">Juli 13<\/div><\/div><!-- Story IconDot --><div class=\"ctl-icondot\"><\/div> <!-- Story Arrow --><div class=\"ctl-arrow\"><\/div>\r\n\t\t\t<!-- Story Content --><div class=\"ctl-content\"><!-- Story Title --> <div class=\"ctl-title story-283\" role=\"heading\" aria-level=\"2\"><a target=\"_self\" title=\"Horst Dieter Szewczyk Stiftung\" href=\"https:\/\/xn--brgerstiftung-emscherlippe-land-oid.de\/index.php\/timeline\/horst-dieter-szewczyk-stiftung\/\" class=\"story-link\">Horst Dieter Szewczyk Stiftung<\/a><\/div><!-- Story Media --><div class=\"ctl-media full\"><a data-glightbox=\"Horst Dieter Szewczyk Stiftung\" href=\"https:\/\/xn--brgerstiftung-emscherlippe-land-oid.de\/wp-content\/uploads\/2020\/07\/20070713_StartSzewczykStiftung_Bild1.jpg\" class=\"ctl_glightbox\"><img loading=\"lazy\" decoding=\"async\" width=\"525\" height=\"394\" src=\"https:\/\/xn--brgerstiftung-emscherlippe-land-oid.de\/wp-content\/uploads\/2020\/07\/20070713_StartSzewczykStiftung_Bild1.jpg\" class=\"story-img wp-post-image\" alt=\"Horst Dieter Szewczyk Stiftung\" srcset=\"https:\/\/xn--brgerstiftung-emscherlippe-land-oid.de\/wp-content\/uploads\/2020\/07\/20070713_StartSzewczykStiftung_Bild1.jpg 800w, https:\/\/xn--brgerstiftung-emscherlippe-land-oid.de\/wp-content\/uploads\/2020\/07\/20070713_StartSzewczykStiftung_Bild1-300x225.jpg 300w, https:\/\/xn--brgerstiftung-emscherlippe-land-oid.de\/wp-content\/uploads\/2020\/07\/20070713_StartSzewczykStiftung_Bild1-768x576.jpg 768w\" sizes=\"auto, 100vw\" \/><\/a><\/div><!-- Story Description --><div class=\"ctl-description\"><p>Dritte Partnerstiftung unter dem Dach der B\u00fcrgerstiftung EmscherLippe-Land Aufgrund seines sozialen Engagements und der Verbundenheit des Stifters zur hiesigen Region und zur Volksbank eG Waltrop ist jetzt eine weitere Partnerstiftung der B\u00fcrgerstiftung EmscherLippe-Land, die \u201eHorst Dieter Szewczyk Stiftung\u201c gegr\u00fcndet worden. Clemens Peick, stellvertretender Vorsitzender der B\u00fcrgerstiftung EmscherLippe-Land und Volksbank-Regionaldirektor Heinz-Georg&hellip;<br \/><a class=\"read_more ctl_read_more\" target=\"_self\" href=\"https:\/\/xn--brgerstiftung-emscherlippe-land-oid.de\/index.php\/timeline\/horst-dieter-szewczyk-stiftung\/\" role=\"link\">Mehr lesen<\/a><\/p>\n<\/div><\/div><\/div>\t\t\t\t\t<\/div>\r\n\t\t\t\t\t<div class=\"ctl-end\"><\/div>\r\n\t\t\t\t\t\t\t\t\t<\/div>\r\n\t\t\t<\/div>\r\n\t\t\t","protected":false},"excerpt":{"rendered":"<p>gegr\u00fcndet am 01.05.2007 IBAN: DE55 4416 0014 2100 0000 00<\/p>\n","protected":false},"author":1,"featured_media":110,"parent":89,"menu_order":0,"comment_status":"closed","ping_status":"closed","template":"","meta":{"footnotes":""},"class_list":["post-284","page","type-page","status-publish","has-post-thumbnail","hentry"],"yoast_head":"<!-- This site is optimized with the Yoast SEO plugin v27.5 - https:\/\/yoast.com\/product\/yoast-seo-wordpress\/ -->\n<title>Horst Dieter Szewczyk Stiftung - B\u00fcrgerstiftung Emscherlippe-Land %<\/title>\n<meta name=\"robots\" content=\"index, follow, max-snippet:-1, max-image-preview:large, max-video-preview:-1\" \/>\n<link rel=\"canonical\" href=\"https:\/\/xn--brgerstiftung-emscherlippe-land-oid.de\/index.php\/partnerstiftungen\/horst-dieter-szewczyk-stiftung\/\" \/>\n<meta property=\"og:locale\" content=\"de_DE\" \/>\n<meta property=\"og:type\" content=\"article\" \/>\n<meta property=\"og:title\" content=\"Horst Dieter Szewczyk Stiftung - B\u00fcrgerstiftung Emscherlippe-Land %\" \/>\n<meta property=\"og:description\" content=\"gegr\u00fcndet am 01.05.2007 IBAN: DE55 4416 0014 2100 0000 00\" \/>\n<meta property=\"og:url\" content=\"https:\/\/xn--brgerstiftung-emscherlippe-land-oid.de\/index.php\/partnerstiftungen\/horst-dieter-szewczyk-stiftung\/\" \/>\n<meta property=\"og:site_name\" content=\"B\u00fcrgerstiftung Emscherlippe-Land\" \/>\n<meta property=\"article:publisher\" content=\"https:\/\/www.facebook.com\/BuergerstiftungEmscherlippeLand\" \/>\n<meta property=\"article:modified_time\" content=\"2020-11-12T14:16:05+00:00\" \/>\n<meta property=\"og:image\" content=\"https:\/\/xn--brgerstiftung-emscherlippe-land-oid.de\/wp-content\/uploads\/2020\/07\/SzewczykStiftung_500x150.gif\" \/>\n\t<meta property=\"og:image:width\" content=\"500\" \/>\n\t<meta property=\"og:image:height\" content=\"150\" \/>\n\t<meta property=\"og:image:type\" content=\"image\/gif\" \/>\n<meta name=\"twitter:card\" content=\"summary_large_image\" \/>\n<script type=\"application\/ld+json\" class=\"yoast-schema-graph\">{\"@context\":\"https:\\\/\\\/schema.org\",\"@graph\":[{\"@type\":\"WebPage\",\"@id\":\"https:\\\/\\\/xn--brgerstiftung-emscherlippe-land-oid.de\\\/index.php\\\/partnerstiftungen\\\/horst-dieter-szewczyk-stiftung\\\/\",\"url\":\"https:\\\/\\\/xn--brgerstiftung-emscherlippe-land-oid.de\\\/index.php\\\/partnerstiftungen\\\/horst-dieter-szewczyk-stiftung\\\/\",\"name\":\"Horst Dieter Szewczyk Stiftung - B\u00fcrgerstiftung Emscherlippe-Land %\",\"isPartOf\":{\"@id\":\"https:\\\/\\\/xn--brgerstiftung-emscherlippe-land-oid.de\\\/#website\"},\"primaryImageOfPage\":{\"@id\":\"https:\\\/\\\/xn--brgerstiftung-emscherlippe-land-oid.de\\\/index.php\\\/partnerstiftungen\\\/horst-dieter-szewczyk-stiftung\\\/#primaryimage\"},\"image\":{\"@id\":\"https:\\\/\\\/xn--brgerstiftung-emscherlippe-land-oid.de\\\/index.php\\\/partnerstiftungen\\\/horst-dieter-szewczyk-stiftung\\\/#primaryimage\"},\"thumbnailUrl\":\"https:\\\/\\\/xn--brgerstiftung-emscherlippe-land-oid.de\\\/wp-content\\\/uploads\\\/2020\\\/07\\\/SzewczykStiftung_500x150.gif\",\"datePublished\":\"2020-07-14T12:49:33+00:00\",\"dateModified\":\"2020-11-12T14:16:05+00:00\",\"breadcrumb\":{\"@id\":\"https:\\\/\\\/xn--brgerstiftung-emscherlippe-land-oid.de\\\/index.php\\\/partnerstiftungen\\\/horst-dieter-szewczyk-stiftung\\\/#breadcrumb\"},\"inLanguage\":\"de\",\"potentialAction\":[{\"@type\":\"ReadAction\",\"target\":[\"https:\\\/\\\/xn--brgerstiftung-emscherlippe-land-oid.de\\\/index.php\\\/partnerstiftungen\\\/horst-dieter-szewczyk-stiftung\\\/\"]}]},{\"@type\":\"ImageObject\",\"inLanguage\":\"de\",\"@id\":\"https:\\\/\\\/xn--brgerstiftung-emscherlippe-land-oid.de\\\/index.php\\\/partnerstiftungen\\\/horst-dieter-szewczyk-stiftung\\\/#primaryimage\",\"url\":\"https:\\\/\\\/xn--brgerstiftung-emscherlippe-land-oid.de\\\/wp-content\\\/uploads\\\/2020\\\/07\\\/SzewczykStiftung_500x150.gif\",\"contentUrl\":\"https:\\\/\\\/xn--brgerstiftung-emscherlippe-land-oid.de\\\/wp-content\\\/uploads\\\/2020\\\/07\\\/SzewczykStiftung_500x150.gif\",\"width\":500,\"height\":150},{\"@type\":\"BreadcrumbList\",\"@id\":\"https:\\\/\\\/xn--brgerstiftung-emscherlippe-land-oid.de\\\/index.php\\\/partnerstiftungen\\\/horst-dieter-szewczyk-stiftung\\\/#breadcrumb\",\"itemListElement\":[{\"@type\":\"ListItem\",\"position\":1,\"name\":\"Home\",\"item\":\"https:\\\/\\\/xn--brgerstiftung-emscherlippe-land-oid.de\\\/\"},{\"@type\":\"ListItem\",\"position\":2,\"name\":\"Partnerstiftungen\",\"item\":\"https:\\\/\\\/xn--brgerstiftung-emscherlippe-land-oid.de\\\/index.php\\\/partnerstiftungen\\\/\"},{\"@type\":\"ListItem\",\"position\":3,\"name\":\"Horst Dieter Szewczyk Stiftung\"}]},{\"@type\":\"WebSite\",\"@id\":\"https:\\\/\\\/xn--brgerstiftung-emscherlippe-land-oid.de\\\/#website\",\"url\":\"https:\\\/\\\/xn--brgerstiftung-emscherlippe-land-oid.de\\\/\",\"name\":\"B\u00fcrgerstiftung Emscherlippe-Land\",\"description\":\"Eine Gemeinschaft lebt vom Engagement jedes Einzelnen.\",\"publisher\":{\"@id\":\"https:\\\/\\\/xn--brgerstiftung-emscherlippe-land-oid.de\\\/#organization\"},\"potentialAction\":[{\"@type\":\"SearchAction\",\"target\":{\"@type\":\"EntryPoint\",\"urlTemplate\":\"https:\\\/\\\/xn--brgerstiftung-emscherlippe-land-oid.de\\\/?s={search_term_string}\"},\"query-input\":{\"@type\":\"PropertyValueSpecification\",\"valueRequired\":true,\"valueName\":\"search_term_string\"}}],\"inLanguage\":\"de\"},{\"@type\":\"Organization\",\"@id\":\"https:\\\/\\\/xn--brgerstiftung-emscherlippe-land-oid.de\\\/#organization\",\"name\":\"B\u00fcrgerstiftung Emscherlippe-Land\",\"url\":\"https:\\\/\\\/xn--brgerstiftung-emscherlippe-land-oid.de\\\/\",\"logo\":{\"@type\":\"ImageObject\",\"inLanguage\":\"de\",\"@id\":\"https:\\\/\\\/xn--brgerstiftung-emscherlippe-land-oid.de\\\/#\\\/schema\\\/logo\\\/image\\\/\",\"url\":\"https:\\\/\\\/xn--brgerstiftung-emscherlippe-land-oid.de\\\/wp-content\\\/uploads\\\/2020\\\/07\\\/BSLogoSchriftRechts-scaled.jpg\",\"contentUrl\":\"https:\\\/\\\/xn--brgerstiftung-emscherlippe-land-oid.de\\\/wp-content\\\/uploads\\\/2020\\\/07\\\/BSLogoSchriftRechts-scaled.jpg\",\"width\":2560,\"height\":792,\"caption\":\"B\u00fcrgerstiftung Emscherlippe-Land\"},\"image\":{\"@id\":\"https:\\\/\\\/xn--brgerstiftung-emscherlippe-land-oid.de\\\/#\\\/schema\\\/logo\\\/image\\\/\"},\"sameAs\":[\"https:\\\/\\\/www.facebook.com\\\/BuergerstiftungEmscherlippeLand\"]}]}<\/script>\n<!-- \/ Yoast SEO plugin. -->","yoast_head_json":{"title":"Horst Dieter Szewczyk Stiftung - B\u00fcrgerstiftung Emscherlippe-Land %","robots":{"index":"index","follow":"follow","max-snippet":"max-snippet:-1","max-image-preview":"max-image-preview:large","max-video-preview":"max-video-preview:-1"},"canonical":"https:\/\/xn--brgerstiftung-emscherlippe-land-oid.de\/index.php\/partnerstiftungen\/horst-dieter-szewczyk-stiftung\/","og_locale":"de_DE","og_type":"article","og_title":"Horst Dieter Szewczyk Stiftung - B\u00fcrgerstiftung Emscherlippe-Land %","og_description":"gegr\u00fcndet am 01.05.2007 IBAN: DE55 4416 0014 2100 0000 00","og_url":"https:\/\/xn--brgerstiftung-emscherlippe-land-oid.de\/index.php\/partnerstiftungen\/horst-dieter-szewczyk-stiftung\/","og_site_name":"B\u00fcrgerstiftung Emscherlippe-Land","article_publisher":"https:\/\/www.facebook.com\/BuergerstiftungEmscherlippeLand","article_modified_time":"2020-11-12T14:16:05+00:00","og_image":[{"width":500,"height":150,"url":"https:\/\/xn--brgerstiftung-emscherlippe-land-oid.de\/wp-content\/uploads\/2020\/07\/SzewczykStiftung_500x150.gif","type":"image\/gif"}],"twitter_card":"summary_large_image","schema":{"@context":"https:\/\/schema.org","@graph":[{"@type":"WebPage","@id":"https:\/\/xn--brgerstiftung-emscherlippe-land-oid.de\/index.php\/partnerstiftungen\/horst-dieter-szewczyk-stiftung\/","url":"https:\/\/xn--brgerstiftung-emscherlippe-land-oid.de\/index.php\/partnerstiftungen\/horst-dieter-szewczyk-stiftung\/","name":"Horst Dieter Szewczyk Stiftung - B\u00fcrgerstiftung Emscherlippe-Land %","isPartOf":{"@id":"https:\/\/xn--brgerstiftung-emscherlippe-land-oid.de\/#website"},"primaryImageOfPage":{"@id":"https:\/\/xn--brgerstiftung-emscherlippe-land-oid.de\/index.php\/partnerstiftungen\/horst-dieter-szewczyk-stiftung\/#primaryimage"},"image":{"@id":"https:\/\/xn--brgerstiftung-emscherlippe-land-oid.de\/index.php\/partnerstiftungen\/horst-dieter-szewczyk-stiftung\/#primaryimage"},"thumbnailUrl":"https:\/\/xn--brgerstiftung-emscherlippe-land-oid.de\/wp-content\/uploads\/2020\/07\/SzewczykStiftung_500x150.gif","datePublished":"2020-07-14T12:49:33+00:00","dateModified":"2020-11-12T14:16:05+00:00","breadcrumb":{"@id":"https:\/\/xn--brgerstiftung-emscherlippe-land-oid.de\/index.php\/partnerstiftungen\/horst-dieter-szewczyk-stiftung\/#breadcrumb"},"inLanguage":"de","potentialAction":[{"@type":"ReadAction","target":["https:\/\/xn--brgerstiftung-emscherlippe-land-oid.de\/index.php\/partnerstiftungen\/horst-dieter-szewczyk-stiftung\/"]}]},{"@type":"ImageObject","inLanguage":"de","@id":"https:\/\/xn--brgerstiftung-emscherlippe-land-oid.de\/index.php\/partnerstiftungen\/horst-dieter-szewczyk-stiftung\/#primaryimage","url":"https:\/\/xn--brgerstiftung-emscherlippe-land-oid.de\/wp-content\/uploads\/2020\/07\/SzewczykStiftung_500x150.gif","contentUrl":"https:\/\/xn--brgerstiftung-emscherlippe-land-oid.de\/wp-content\/uploads\/2020\/07\/SzewczykStiftung_500x150.gif","width":500,"height":150},{"@type":"BreadcrumbList","@id":"https:\/\/xn--brgerstiftung-emscherlippe-land-oid.de\/index.php\/partnerstiftungen\/horst-dieter-szewczyk-stiftung\/#breadcrumb","itemListElement":[{"@type":"ListItem","position":1,"name":"Home","item":"https:\/\/xn--brgerstiftung-emscherlippe-land-oid.de\/"},{"@type":"ListItem","position":2,"name":"Partnerstiftungen","item":"https:\/\/xn--brgerstiftung-emscherlippe-land-oid.de\/index.php\/partnerstiftungen\/"},{"@type":"ListItem","position":3,"name":"Horst Dieter Szewczyk Stiftung"}]},{"@type":"WebSite","@id":"https:\/\/xn--brgerstiftung-emscherlippe-land-oid.de\/#website","url":"https:\/\/xn--brgerstiftung-emscherlippe-land-oid.de\/","name":"B\u00fcrgerstiftung Emscherlippe-Land","description":"Eine Gemeinschaft lebt vom Engagement jedes Einzelnen.","publisher":{"@id":"https:\/\/xn--brgerstiftung-emscherlippe-land-oid.de\/#organization"},"potentialAction":[{"@type":"SearchAction","target":{"@type":"EntryPoint","urlTemplate":"https:\/\/xn--brgerstiftung-emscherlippe-land-oid.de\/?s={search_term_string}"},"query-input":{"@type":"PropertyValueSpecification","valueRequired":true,"valueName":"search_term_string"}}],"inLanguage":"de"},{"@type":"Organization","@id":"https:\/\/xn--brgerstiftung-emscherlippe-land-oid.de\/#organization","name":"B\u00fcrgerstiftung Emscherlippe-Land","url":"https:\/\/xn--brgerstiftung-emscherlippe-land-oid.de\/","logo":{"@type":"ImageObject","inLanguage":"de","@id":"https:\/\/xn--brgerstiftung-emscherlippe-land-oid.de\/#\/schema\/logo\/image\/","url":"https:\/\/xn--brgerstiftung-emscherlippe-land-oid.de\/wp-content\/uploads\/2020\/07\/BSLogoSchriftRechts-scaled.jpg","contentUrl":"https:\/\/xn--brgerstiftung-emscherlippe-land-oid.de\/wp-content\/uploads\/2020\/07\/BSLogoSchriftRechts-scaled.jpg","width":2560,"height":792,"caption":"B\u00fcrgerstiftung Emscherlippe-Land"},"image":{"@id":"https:\/\/xn--brgerstiftung-emscherlippe-land-oid.de\/#\/schema\/logo\/image\/"},"sameAs":["https:\/\/www.facebook.com\/BuergerstiftungEmscherlippeLand"]}]}},"_links":{"self":[{"href":"https:\/\/xn--brgerstiftung-emscherlippe-land-oid.de\/index.php\/wp-json\/wp\/v2\/pages\/284","targetHints":{"allow":["GET"]}}],"collection":[{"href":"https:\/\/xn--brgerstiftung-emscherlippe-land-oid.de\/index.php\/wp-json\/wp\/v2\/pages"}],"about":[{"href":"https:\/\/xn--brgerstiftung-emscherlippe-land-oid.de\/index.php\/wp-json\/wp\/v2\/types\/page"}],"author":[{"embeddable":true,"href":"https:\/\/xn--brgerstiftung-emscherlippe-land-oid.de\/index.php\/wp-json\/wp\/v2\/users\/1"}],"replies":[{"embeddable":true,"href":"https:\/\/xn--brgerstiftung-emscherlippe-land-oid.de\/index.php\/wp-json\/wp\/v2\/comments?post=284"}],"version-history":[{"count":3,"href":"https:\/\/xn--brgerstiftung-emscherlippe-land-oid.de\/index.php\/wp-json\/wp\/v2\/pages\/284\/revisions"}],"predecessor-version":[{"id":1241,"href":"https:\/\/xn--brgerstiftung-emscherlippe-land-oid.de\/index.php\/wp-json\/wp\/v2\/pages\/284\/revisions\/1241"}],"up":[{"embeddable":true,"href":"https:\/\/xn--brgerstiftung-emscherlippe-land-oid.de\/index.php\/wp-json\/wp\/v2\/pages\/89"}],"wp:featuredmedia":[{"embeddable":true,"href":"https:\/\/xn--brgerstiftung-emscherlippe-land-oid.de\/index.php\/wp-json\/wp\/v2\/media\/110"}],"wp:attachment":[{"href":"https:\/\/xn--brgerstiftung-emscherlippe-land-oid.de\/index.php\/wp-json\/wp\/v2\/media?parent=284"}],"curies":[{"name":"wp","href":"https:\/\/api.w.org\/{rel}","templated":true}]}}