{"id":175,"date":"2020-07-13T13:44:21","date_gmt":"2020-07-13T13:44:21","guid":{"rendered":"https:\/\/xn--brgerstiftung-emscherlippe-land-oid.de\/?page_id=175"},"modified":"2020-11-12T16:11:09","modified_gmt":"2020-11-12T14:11:09","slug":"carl-beermann-stiftung","status":"publish","type":"page","link":"https:\/\/xn--brgerstiftung-emscherlippe-land-oid.de\/index.php\/partnerstiftungen\/carl-beermann-stiftung\/","title":{"rendered":"Carl Beermann Stiftung"},"content":{"rendered":"\n<h3 class=\"wp-block-heading\">gegr\u00fcndet am 22.12.2005<\/h3>\n\n\n\n<p>IBAN: DE44 4416 0014 0009 6663 00<\/p>\n\n\n\t\t\t<!-- Cool Timeline PRO V4.9 -->\r\n\t\t\t<div class=\"ctl-wrapper\" role=\"region\" aria-label=\"Timeline\">\r\n\t\t\t\t\t\t\t\t<div id=\"cool_timeline_1\" class=\"cool-timeline-wrapper ctl-both-sided ctl-vertical-wrapper ctl-default\" data-nav=\"show\" data-line-filling=\"false\" data-nav-pos=\"right\" data-nav-style=\"style-1\">\r\n\t\t\t\t\t<div class=\"ctl-start\"><\/div>\r\n\t\t\t\t\t<!-- Timeline Container -->\r\n\t\t\t\t\t<div class=\"ctl-timeline ctl-timeline-container\" data-animation=\"none\" aria-live=\"polite\">\r\n\t\t\t\t\t\t<!-- Center Line -->\r\n\t\t\t\t\t\t<div class=\"ctl-inner-line\" role=\"presentation\"><\/div>\r\n\t\t\t\t\t\t<!-- Story Year Section --><div data-cls=\"sc-nv-light vertical\" class=\"timeline-year scrollable-section ctl-year ctl-year-container light-year\" data-section-title=\"2017\" id=\"year-2017\"><div class=\"ctl-year-label ctl-year-text\"><span>2017<\/span><\/div><\/div><!-- Timeline Content --><div id=\"ctl-story-178\" class=\"ctl-story ctl-story-dot-icon odd ctl-story-right ctl-no-media\" data-story-index=\"1\" role=\"article\"><!-- Story Date --><div class=\"ctl-labels\"><div class=\"ctl-label-big story-date\">Dez. 19<\/div><\/div><!-- Story IconDot --><div class=\"ctl-icondot\"><\/div> <!-- Story Arrow --><div class=\"ctl-arrow\"><\/div>\r\n\t\t\t<!-- Story Content --><div class=\"ctl-content\"><!-- Story Title --> <div class=\"ctl-title story-178\" role=\"heading\" aria-level=\"2\"><a target=\"_self\" title=\"&#8222;Keine Gewalt an Kindern&#8220; &#8211; Neues Projekt der Carl Beermann Stiftung\" href=\"https:\/\/xn--brgerstiftung-emscherlippe-land-oid.de\/index.php\/timeline\/keine-gewalt-an-kindern-neues-projekt-der-carl-beermann-stiftung\/\" class=\"story-link\">&#8222;Keine Gewalt an Kindern&#8220; &#8211; Neues Projekt der Carl Beermann Stiftung<\/a><\/div><!-- Story Description --><div class=\"ctl-description\"><p>Nach erfolgreicher Beendigung der beiden Projekte &#8222;Kein Kind ohne Mahlzeit&#8220; und &#8222;Fit for kids&#8220;, da die Finanzierung \u00fcber das Bildungspaket des Bundes bzw. das Sportangebot in den offenen Ganztagsschulen \u00fcber den Kreissportbund sichergestellt wurden, folgt jetzt ein neues Projekt der Carl Beermann Stiftung, das Kindern und Jugendlichen helfen soll. Seit&hellip;<br \/><a class=\"read_more ctl_read_more\" target=\"_self\" href=\"https:\/\/xn--brgerstiftung-emscherlippe-land-oid.de\/index.php\/timeline\/keine-gewalt-an-kindern-neues-projekt-der-carl-beermann-stiftung\/\" role=\"link\">Mehr lesen<\/a><\/p>\n<\/div><\/div><\/div><!-- Story Year Section --><div data-cls=\"sc-nv-light vertical\" class=\"timeline-year scrollable-section ctl-year ctl-year-container light-year\" data-section-title=\"2010\" id=\"year-2010\"><div class=\"ctl-year-label ctl-year-text\"><span>2010<\/span><\/div><\/div><!-- Timeline Content --><div id=\"ctl-story-464\" class=\"ctl-story ctl-story-dot-icon even ctl-story-left ctl-no-media\" data-story-index=\"2\" role=\"article\"><!-- Story Date --><div class=\"ctl-labels\"><div class=\"ctl-label-big story-date\">Juni 09<\/div><\/div><!-- Story IconDot --><div class=\"ctl-icondot\"><\/div> <!-- Story Arrow --><div class=\"ctl-arrow\"><\/div>\r\n\t\t\t<!-- Story Content --><div class=\"ctl-content\"><!-- Story Title --> <div class=\"ctl-title story-464\" role=\"heading\" aria-level=\"2\"><a target=\"_self\" title=\"Beim Essen m\u00fcssen alle an einen Tisch\" href=\"https:\/\/xn--brgerstiftung-emscherlippe-land-oid.de\/index.php\/timeline\/beim-essen-muessen-alle-an-einen-tisch\/\" class=\"story-link\">Beim Essen m\u00fcssen alle an einen Tisch<\/a><\/div><!-- Story Description --><div class=\"ctl-description\"><p>Insgesamt 500 Euro haben die AWO-Kindertagesst\u00e4tte Hand in Hand, Angelika Kottis (Restaurant Artemis) und Privartier Reinhard Vogelsang an die Carl-Beermann-Stiftung gespendet. Das Geld kommt dem Projekt &#8218;Kein Kind ohne Mahlzeit&#8216; zugute. Carl Beermann bedankte sich f\u00fcr das Vertrauen in sein Projekt. &#8222;Mit dem Geld k\u00f6nnen wir wirklich Gutes tun&#8220;, sagt&hellip;<br \/><a class=\"read_more ctl_read_more\" target=\"_self\" href=\"https:\/\/xn--brgerstiftung-emscherlippe-land-oid.de\/index.php\/timeline\/beim-essen-muessen-alle-an-einen-tisch\/\" role=\"link\">Mehr lesen<\/a><\/p>\n<\/div><\/div><\/div><!-- Timeline Content --><div id=\"ctl-story-462\" class=\"ctl-story ctl-story-dot-icon odd ctl-story-right\" data-story-index=\"3\" role=\"article\"><!-- Story Date --><div class=\"ctl-labels\"><div class=\"ctl-label-big story-date\">M\u00e4rz 02<\/div><\/div><!-- Story IconDot --><div class=\"ctl-icondot\"><\/div> <!-- Story Arrow --><div class=\"ctl-arrow\"><\/div>\r\n\t\t\t<!-- Story Content --><div class=\"ctl-content\"><!-- Story Title --> <div class=\"ctl-title story-462\" role=\"heading\" aria-level=\"2\"><a target=\"_self\" title=\"Spendenaktion &#8222;Kein Kind ohne Mahlzeit&#8220;\" href=\"https:\/\/xn--brgerstiftung-emscherlippe-land-oid.de\/index.php\/timeline\/spendenaktion-kein-kind-ohne-mahlzeit\/\" class=\"story-link\">Spendenaktion &#8222;Kein Kind ohne Mahlzeit&#8220;<\/a><\/div><!-- Story Media --><div class=\"ctl-media full\"><a data-glightbox=\"Spendenaktion &#8222;Kein Kind ohne Mahlzeit&#8220;\" href=\"https:\/\/xn--brgerstiftung-emscherlippe-land-oid.de\/wp-content\/uploads\/2020\/07\/20100302_SpendenaktionKeinKindOhneMahlzeit-1.jpg\" class=\"ctl_glightbox\"><img loading=\"lazy\" decoding=\"async\" width=\"525\" height=\"394\" src=\"https:\/\/xn--brgerstiftung-emscherlippe-land-oid.de\/wp-content\/uploads\/2020\/07\/20100302_SpendenaktionKeinKindOhneMahlzeit-1.jpg\" class=\"story-img wp-post-image\" alt=\"Spendenaktion &#8222;Kein Kind ohne Mahlzeit&#8220;\" srcset=\"https:\/\/xn--brgerstiftung-emscherlippe-land-oid.de\/wp-content\/uploads\/2020\/07\/20100302_SpendenaktionKeinKindOhneMahlzeit-1.jpg 800w, https:\/\/xn--brgerstiftung-emscherlippe-land-oid.de\/wp-content\/uploads\/2020\/07\/20100302_SpendenaktionKeinKindOhneMahlzeit-1-300x225.jpg 300w, https:\/\/xn--brgerstiftung-emscherlippe-land-oid.de\/wp-content\/uploads\/2020\/07\/20100302_SpendenaktionKeinKindOhneMahlzeit-1-768x576.jpg 768w\" sizes=\"auto, 100vw\" \/><\/a><\/div><!-- Story Description --><div class=\"ctl-description\"><p>11 Waltroper Kinderg\u00e4rten erhalten insgesamt 6.500 Euro f\u00fcr warmes Mittagessen Waltrop Dank der `Carl Beermann Stiftung`, Partnerstiftung der `B\u00fcrgerstif-tung EmscherLippe-Land`, hat sich die Ende 2007 gemeinsam mit der Stadt Waltrop gestartete Initiative `Kein Kind ohne Mahlzeit` zu einem wahren Segen f\u00fcr viele Waltroper Ganztages-Schulkinder entwickelt. Im Dezember letzten Jahres hatte&hellip;<br \/><a class=\"read_more ctl_read_more\" target=\"_self\" href=\"https:\/\/xn--brgerstiftung-emscherlippe-land-oid.de\/index.php\/timeline\/spendenaktion-kein-kind-ohne-mahlzeit\/\" role=\"link\">Mehr lesen<\/a><\/p>\n<\/div><\/div><\/div><!-- Story Year Section --><div data-cls=\"sc-nv-light vertical\" class=\"timeline-year scrollable-section ctl-year ctl-year-container light-year\" data-section-title=\"2009\" id=\"year-2009\"><div class=\"ctl-year-label ctl-year-text\"><span>2009<\/span><\/div><\/div><!-- Timeline Content --><div id=\"ctl-story-424\" class=\"ctl-story ctl-story-dot-icon even ctl-story-left\" data-story-index=\"4\" role=\"article\"><!-- Story Date --><div class=\"ctl-labels\"><div class=\"ctl-label-big story-date\">Dez. 03<\/div><\/div><!-- Story IconDot --><div class=\"ctl-icondot\"><\/div> <!-- Story Arrow --><div class=\"ctl-arrow\"><\/div>\r\n\t\t\t<!-- Story Content --><div class=\"ctl-content\"><!-- Story Title --> <div class=\"ctl-title story-424\" role=\"heading\" aria-level=\"2\"><a target=\"_self\" title=\"Dankesch\u00f6n f\u00fcr `Kein Kind ohne Mahlzeit-Spender`\" href=\"https:\/\/xn--brgerstiftung-emscherlippe-land-oid.de\/index.php\/timeline\/dankeschoen-fuer-kein-kind-ohne-mahlzeit-spender\/\" class=\"story-link\">Dankesch\u00f6n f\u00fcr `Kein Kind ohne Mahlzeit-Spender`<\/a><\/div><!-- Story Media --><div class=\"ctl-media full\"><a data-glightbox=\"Dankesch\u00f6n f\u00fcr `Kein Kind ohne Mahlzeit-Spender`\" href=\"https:\/\/xn--brgerstiftung-emscherlippe-land-oid.de\/wp-content\/uploads\/2020\/07\/20091203_Spenderdank_Marienkirche_Bild1.jpg\" class=\"ctl_glightbox\"><img loading=\"lazy\" decoding=\"async\" width=\"525\" height=\"394\" src=\"https:\/\/xn--brgerstiftung-emscherlippe-land-oid.de\/wp-content\/uploads\/2020\/07\/20091203_Spenderdank_Marienkirche_Bild1.jpg\" class=\"story-img wp-post-image\" alt=\"Dankesch\u00f6n f\u00fcr `Kein Kind ohne Mahlzeit-Spender`\" srcset=\"https:\/\/xn--brgerstiftung-emscherlippe-land-oid.de\/wp-content\/uploads\/2020\/07\/20091203_Spenderdank_Marienkirche_Bild1.jpg 800w, https:\/\/xn--brgerstiftung-emscherlippe-land-oid.de\/wp-content\/uploads\/2020\/07\/20091203_Spenderdank_Marienkirche_Bild1-300x225.jpg 300w, https:\/\/xn--brgerstiftung-emscherlippe-land-oid.de\/wp-content\/uploads\/2020\/07\/20091203_Spenderdank_Marienkirche_Bild1-768x576.jpg 768w\" sizes=\"auto, 100vw\" \/><\/a><\/div><!-- Story Description --><div class=\"ctl-description\"><p>Ein besonders gro\u00dfer Weihnachtsbaum, geschm\u00fcckt mit \u00fcber 150 von Waltroper Schulkindern gebastelten Weihnachtssternen, bildete gestern Abend den imposanten Hintergrund f\u00fcr eine stimmungsvolle Adventsfeier an der Marienkirche, mit der sich Carl Beermann im Namen seiner Stiftung bei allen F\u00f6rderern und Spendern f\u00fcr die Unterst\u00fctzung der Initiative &#8222;Kein Kind ohne Mahlzeit&#8220; pers\u00f6nlich&hellip;<br \/><a class=\"read_more ctl_read_more\" target=\"_self\" href=\"https:\/\/xn--brgerstiftung-emscherlippe-land-oid.de\/index.php\/timeline\/dankeschoen-fuer-kein-kind-ohne-mahlzeit-spender\/\" role=\"link\">Mehr lesen<\/a><\/p>\n<\/div><\/div><\/div><!-- Timeline Content --><div id=\"ctl-story-400\" class=\"ctl-story ctl-story-dot-icon odd ctl-story-right\" data-story-index=\"5\" role=\"article\"><!-- Story Date --><div class=\"ctl-labels\"><div class=\"ctl-label-big story-date\">Apr. 03<\/div><\/div><!-- Story IconDot --><div class=\"ctl-icondot\"><\/div> <!-- Story Arrow --><div class=\"ctl-arrow\"><\/div>\r\n\t\t\t<!-- Story Content --><div class=\"ctl-content\"><!-- Story Title --> <div class=\"ctl-title story-400\" role=\"heading\" aria-level=\"2\"><a target=\"_self\" title=\"&#8222;Kein Kind ohne Mahlzeit&#8220; weiterhin erfolgreich\" href=\"https:\/\/xn--brgerstiftung-emscherlippe-land-oid.de\/index.php\/timeline\/kein-kind-ohne-mahlzeit-weiterhin-erfolgreich\/\" class=\"story-link\">&#8222;Kein Kind ohne Mahlzeit&#8220; weiterhin erfolgreich<\/a><\/div><!-- Story Media --><div class=\"ctl-media full\"><a data-glightbox=\"&#8222;Kein Kind ohne Mahlzeit&#8220; weiterhin erfolgreich\" href=\"https:\/\/xn--brgerstiftung-emscherlippe-land-oid.de\/wp-content\/uploads\/2020\/07\/20090403_KeinKindOhneMahlzeit.jpg\" class=\"ctl_glightbox\"><img loading=\"lazy\" decoding=\"async\" width=\"525\" height=\"394\" src=\"https:\/\/xn--brgerstiftung-emscherlippe-land-oid.de\/wp-content\/uploads\/2020\/07\/20090403_KeinKindOhneMahlzeit.jpg\" class=\"story-img wp-post-image\" alt=\"&#8222;Kein Kind ohne Mahlzeit&#8220; weiterhin erfolgreich\" srcset=\"https:\/\/xn--brgerstiftung-emscherlippe-land-oid.de\/wp-content\/uploads\/2020\/07\/20090403_KeinKindOhneMahlzeit.jpg 800w, https:\/\/xn--brgerstiftung-emscherlippe-land-oid.de\/wp-content\/uploads\/2020\/07\/20090403_KeinKindOhneMahlzeit-300x225.jpg 300w, https:\/\/xn--brgerstiftung-emscherlippe-land-oid.de\/wp-content\/uploads\/2020\/07\/20090403_KeinKindOhneMahlzeit-768x576.jpg 768w\" sizes=\"auto, 100vw\" \/><\/a><\/div><!-- Story Description --><div class=\"ctl-description\"><p>In 2008 \u00fcber 13.500 gesponsorte Essen an Waltroper Ganztagesschulen. Dank der &#8218;Carl Beermann Stiftung&#8216; und der &#8218;B\u00fcrgerstiftung EmscherLippe-Land&#8216; hat sich die Ende 2007 gemeinsam mit der Stadt Waltrop gestartete Initiative &#8218;Kein Kind ohne Mahlzeit&#8216; zu einem wahren Segen f\u00fcr viele Waltroper Ganztages-Schulkinder entwickelt. &#8222;Mit gro\u00dfer Freude k\u00f6nnen wir feststellen, dass&hellip;<br \/><a class=\"read_more ctl_read_more\" target=\"_self\" href=\"https:\/\/xn--brgerstiftung-emscherlippe-land-oid.de\/index.php\/timeline\/kein-kind-ohne-mahlzeit-weiterhin-erfolgreich\/\" role=\"link\">Mehr lesen<\/a><\/p>\n<\/div><\/div><\/div><!-- Story Year Section --><div data-cls=\"sc-nv-light vertical\" class=\"timeline-year scrollable-section ctl-year ctl-year-container light-year\" data-section-title=\"2008\" id=\"year-2008\"><div class=\"ctl-year-label ctl-year-text\"><span>2008<\/span><\/div><\/div><!-- Timeline Content --><div id=\"ctl-story-379\" class=\"ctl-story ctl-story-dot-icon even ctl-story-left ctl-no-media\" data-story-index=\"6\" role=\"article\"><!-- Story Date --><div class=\"ctl-labels\"><div class=\"ctl-label-big story-date\">Dez. 29<\/div><\/div><!-- Story IconDot --><div class=\"ctl-icondot\"><\/div> <!-- Story Arrow --><div class=\"ctl-arrow\"><\/div>\r\n\t\t\t<!-- Story Content --><div class=\"ctl-content\"><!-- Story Title --> <div class=\"ctl-title story-379\" role=\"heading\" aria-level=\"2\"><a target=\"_self\" title=\"600-Euro-Spende finanziert Mahlzeiten f\u00fcr Kindergartenkinder\" href=\"https:\/\/xn--brgerstiftung-emscherlippe-land-oid.de\/index.php\/timeline\/600-euro-spende-finanziert-mahlzeiten-fuer-kindergartenkinder\/\" class=\"story-link\">600-Euro-Spende finanziert Mahlzeiten f\u00fcr Kindergartenkinder<\/a><\/div><!-- Story Description --><div class=\"ctl-description\"><p>Es war eine gl\u00fcckliche F\u00fcgung: Das AWO-Familienzentrum an der Kettlerstra\u00dfe hatte bei der Carl-Beermann-Stiftung angefragt, ob sie auch f\u00fcr bed\u00fcrftige Kindergartenkinder Geld f\u00fcr Mahlzeiten in der Einrichtung bereitstellen kann. Und Martin Stania wollte helfen. Die Kinder des Gesch\u00e4ftsf\u00fchrers der S&amp;S GmbH, die sich mit Balkonsanierung befasst, gingen, wie es der&hellip;<br \/><a class=\"read_more ctl_read_more\" target=\"_self\" href=\"https:\/\/xn--brgerstiftung-emscherlippe-land-oid.de\/index.php\/timeline\/600-euro-spende-finanziert-mahlzeiten-fuer-kindergartenkinder\/\" role=\"link\">Mehr lesen<\/a><\/p>\n<\/div><\/div><\/div><!-- Timeline Content --><div id=\"ctl-story-377\" class=\"ctl-story ctl-story-dot-icon odd ctl-story-right ctl-no-media\" data-story-index=\"7\" role=\"article\"><!-- Story Date --><div class=\"ctl-labels\"><div class=\"ctl-label-big story-date\">Nov. 26<\/div><\/div><!-- Story IconDot --><div class=\"ctl-icondot\"><\/div> <!-- Story Arrow --><div class=\"ctl-arrow\"><\/div>\r\n\t\t\t<!-- Story Content --><div class=\"ctl-content\"><!-- Story Title --> <div class=\"ctl-title story-377\" role=\"heading\" aria-level=\"2\"><a target=\"_self\" title=\"Viel Geld f\u00fcr einen guten Zweck\" href=\"https:\/\/xn--brgerstiftung-emscherlippe-land-oid.de\/index.php\/timeline\/viel-geld-fuer-einen-guten-zweck\/\" class=\"story-link\">Viel Geld f\u00fcr einen guten Zweck<\/a><\/div><!-- Story Description --><div class=\"ctl-description\"><p>Insgesamt 1.900 Euro durften gestern Ludger Suttmeyer und Carl Beermann f\u00fcr die Aktion &#8222;Kein Kind ohne Mahlzeit&#8220; entgegen nehmen. Im Auftrag des Kirchenvorstandes von St. Marien \u00fcberreichte Werner Silvanus 1.500 Euro, die bei verschiedenen Aktivit\u00e4ten zum 75-j\u00e4hrigen Bestehen der Gemeinde f\u00fcr einen sozialen Zweck zusammen gekommen sind. Hans-Werner Hohmann von&hellip;<br \/><a class=\"read_more ctl_read_more\" target=\"_self\" href=\"https:\/\/xn--brgerstiftung-emscherlippe-land-oid.de\/index.php\/timeline\/viel-geld-fuer-einen-guten-zweck\/\" role=\"link\">Mehr lesen<\/a><\/p>\n<\/div><\/div><\/div><!-- Timeline Content --><div id=\"ctl-story-375\" class=\"ctl-story ctl-story-dot-icon even ctl-story-left ctl-no-media\" data-story-index=\"8\" role=\"article\"><!-- Story Date --><div class=\"ctl-labels\"><div class=\"ctl-label-big story-date\">Nov. 21<\/div><\/div><!-- Story IconDot --><div class=\"ctl-icondot\"><\/div> <!-- Story Arrow --><div class=\"ctl-arrow\"><\/div>\r\n\t\t\t<!-- Story Content --><div class=\"ctl-content\"><!-- Story Title --> <div class=\"ctl-title story-375\" role=\"heading\" aria-level=\"2\"><a target=\"_self\" title=\"&#8222;Kein Kind ohne Mahlzeit&#8220;: Viele Spenden haben \u00fcber 7.000 Essen erm\u00f6glicht\" href=\"https:\/\/xn--brgerstiftung-emscherlippe-land-oid.de\/index.php\/timeline\/kein-kind-ohne-mahlzeit-viele-spenden-haben-ueber-7-000-essen-ermoeglicht\/\" class=\"story-link\">&#8222;Kein Kind ohne Mahlzeit&#8220;: Viele Spenden haben \u00fcber 7.000 Essen erm\u00f6glicht<\/a><\/div><!-- Story Description --><div class=\"ctl-description\"><p>Dank der Carl-Beermann Stiftung und der B\u00fcrgerstiftung EmscherLippe-Land konnte im ersten Halbjahr 2008 die Finanzierung der Mittagsverpflegung an insgesamt sieben Waltroper Ganztagsschulen sichergestellt werden. Anspruch auf diese F\u00f6rderung nach dem NRW-Landesprogramm, das vom Ministerium f\u00fcr Schule und Weiterbildung zur Bek\u00e4mpfung der Kinderarmut und zur Unterst\u00fctzung finanzschwacher Familien\u00a0 ab dem Schuljahr&hellip;<br \/><a class=\"read_more ctl_read_more\" target=\"_self\" href=\"https:\/\/xn--brgerstiftung-emscherlippe-land-oid.de\/index.php\/timeline\/kein-kind-ohne-mahlzeit-viele-spenden-haben-ueber-7-000-essen-ermoeglicht\/\" role=\"link\">Mehr lesen<\/a><\/p>\n<\/div><\/div><\/div><!-- Timeline Content --><div id=\"ctl-story-362\" class=\"ctl-story ctl-story-dot-icon odd ctl-story-right\" data-story-index=\"9\" role=\"article\"><!-- Story Date --><div class=\"ctl-labels\"><div class=\"ctl-label-big story-date\">Mai 30<\/div><\/div><!-- Story IconDot --><div class=\"ctl-icondot\"><\/div> <!-- Story Arrow --><div class=\"ctl-arrow\"><\/div>\r\n\t\t\t<!-- Story Content --><div class=\"ctl-content\"><!-- Story Title --> <div class=\"ctl-title story-362\" role=\"heading\" aria-level=\"2\"><a target=\"_self\" title=\"Zwei Spenden unterst\u00fctzen &#8218;Kein Kind ohne Mahlzeit&#8216;\" href=\"https:\/\/xn--brgerstiftung-emscherlippe-land-oid.de\/index.php\/timeline\/zwei-spenden-unterstuetzen-kein-kind-ohne-mahlzeit\/\" class=\"story-link\">Zwei Spenden unterst\u00fctzen &#8218;Kein Kind ohne Mahlzeit&#8216;<\/a><\/div><!-- Story Media --><div class=\"ctl-media full\"><a data-glightbox=\"Zwei Spenden unterst\u00fctzen &#8218;Kein Kind ohne Mahlzeit&#8216;\" href=\"https:\/\/xn--brgerstiftung-emscherlippe-land-oid.de\/wp-content\/uploads\/2020\/07\/20080530_keinkindohnemahlzeit_Bild1.jpg\" class=\"ctl_glightbox\"><img loading=\"lazy\" decoding=\"async\" width=\"525\" height=\"394\" src=\"https:\/\/xn--brgerstiftung-emscherlippe-land-oid.de\/wp-content\/uploads\/2020\/07\/20080530_keinkindohnemahlzeit_Bild1.jpg\" class=\"story-img wp-post-image\" alt=\"Zwei Spenden unterst\u00fctzen &#8218;Kein Kind ohne Mahlzeit&#8216;\" srcset=\"https:\/\/xn--brgerstiftung-emscherlippe-land-oid.de\/wp-content\/uploads\/2020\/07\/20080530_keinkindohnemahlzeit_Bild1.jpg 800w, https:\/\/xn--brgerstiftung-emscherlippe-land-oid.de\/wp-content\/uploads\/2020\/07\/20080530_keinkindohnemahlzeit_Bild1-300x225.jpg 300w, https:\/\/xn--brgerstiftung-emscherlippe-land-oid.de\/wp-content\/uploads\/2020\/07\/20080530_keinkindohnemahlzeit_Bild1-768x576.jpg 768w\" sizes=\"auto, 100vw\" \/><\/a><\/div><!-- Story Description --><div class=\"ctl-description\"><p>1.250 Euro f\u00fcr das Mittagessen Das Spendenaufkommen f\u00fcr das Projekt &#8222;Kein Kind ohne Mahlzeit&#8220; w\u00e4chst kontinuierlich weiter: Inzwischen stehen rund 15.000 Euro f\u00fcr die Hilfsaktion zur Verf\u00fcgung.Unerm\u00fcdlich wirbt Ludger Suttmeyer, Vorstand der \u00f6rtlichen Volksbank und gleichzeitig Vorstandsmitglied der B\u00fcrgerstiftung EmscherLippe-Land, f\u00fcr die Aktion. Dass der Betrag von 15.000 Euro inzwischen&hellip;<br \/><a class=\"read_more ctl_read_more\" target=\"_self\" href=\"https:\/\/xn--brgerstiftung-emscherlippe-land-oid.de\/index.php\/timeline\/zwei-spenden-unterstuetzen-kein-kind-ohne-mahlzeit\/\" role=\"link\">Mehr lesen<\/a><\/p>\n<\/div><\/div><\/div><!-- Story Year Section --><div data-cls=\"sc-nv-light vertical\" class=\"timeline-year scrollable-section ctl-year ctl-year-container light-year\" data-section-title=\"2007\" id=\"year-2007\"><div class=\"ctl-year-label ctl-year-text\"><span>2007<\/span><\/div><\/div><!-- Timeline Content --><div id=\"ctl-story-296\" class=\"ctl-story ctl-story-dot-icon even ctl-story-left\" data-story-index=\"10\" role=\"article\"><!-- Story Date --><div class=\"ctl-labels\"><div class=\"ctl-label-big story-date\">Nov. 30<\/div><\/div><!-- Story IconDot --><div class=\"ctl-icondot\"><\/div> <!-- Story Arrow --><div class=\"ctl-arrow\"><\/div>\r\n\t\t\t<!-- Story Content --><div class=\"ctl-content\"><!-- Story Title --> <div class=\"ctl-title story-296\" role=\"heading\" aria-level=\"2\"><a target=\"_self\" title=\"&#8218;Kein Kind ohne Mahlzeit&#8216; steht in den Startl\u00f6chern\" href=\"https:\/\/xn--brgerstiftung-emscherlippe-land-oid.de\/index.php\/timeline\/kein-kind-ohne-mahlzeit-steht-in-den-startloechern\/\" class=\"story-link\">&#8218;Kein Kind ohne Mahlzeit&#8216; steht in den Startl\u00f6chern<\/a><\/div><!-- Story Media --><div class=\"ctl-media full\"><a data-glightbox=\"&#8218;Kein Kind ohne Mahlzeit&#8216; steht in den Startl\u00f6chern\" href=\"https:\/\/xn--brgerstiftung-emscherlippe-land-oid.de\/wp-content\/uploads\/2020\/07\/20071130_KeinKindOhneMahlzeit_Bild1.jpg\" class=\"ctl_glightbox\"><img loading=\"lazy\" decoding=\"async\" width=\"525\" height=\"394\" src=\"https:\/\/xn--brgerstiftung-emscherlippe-land-oid.de\/wp-content\/uploads\/2020\/07\/20071130_KeinKindOhneMahlzeit_Bild1.jpg\" class=\"story-img wp-post-image\" alt=\"&#8218;Kein Kind ohne Mahlzeit&#8216; steht in den Startl\u00f6chern\" srcset=\"https:\/\/xn--brgerstiftung-emscherlippe-land-oid.de\/wp-content\/uploads\/2020\/07\/20071130_KeinKindOhneMahlzeit_Bild1.jpg 800w, https:\/\/xn--brgerstiftung-emscherlippe-land-oid.de\/wp-content\/uploads\/2020\/07\/20071130_KeinKindOhneMahlzeit_Bild1-300x225.jpg 300w, https:\/\/xn--brgerstiftung-emscherlippe-land-oid.de\/wp-content\/uploads\/2020\/07\/20071130_KeinKindOhneMahlzeit_Bild1-768x576.jpg 768w\" sizes=\"auto, 100vw\" \/><\/a><\/div><!-- Story Description --><div class=\"ctl-description\"><p>Stadt Waltrop, Carl Beermann Stiftung und B\u00fcrgerstiftung EmscherLippe-Land wollen Projekt gemeinsam verwirklichen \u201eWir sind auf gutem Weg, das Landesprogramm \u201eKein Kind ohne Mahlzeit\u201c mit Hilfe der unter dem Dach der B\u00fcrgerstiftung EmscherLippe-Land errichteten Carl Beermann Stiftung in Waltrop erfolgreich umzusetzen\u201c, freute sich gestern B\u00fcrgermeisterin Anne Heck-Guthe im Veranstaltungsraum der Volksbank.&hellip;<br \/><a class=\"read_more ctl_read_more\" target=\"_self\" href=\"https:\/\/xn--brgerstiftung-emscherlippe-land-oid.de\/index.php\/timeline\/kein-kind-ohne-mahlzeit-steht-in-den-startloechern\/\" role=\"link\">Mehr lesen<\/a><\/p>\n<\/div><\/div><\/div>\t\t\t\t\t<\/div>\r\n\t\t\t\t\t<div class=\"ctl-end\"><\/div>\r\n\t\t\t\t\t<div class=\"ctl_load_more_pagination\">\r\n\t\t\t\t<button data-max-num-pages=\"2\" \r\n\t\t\t\tdata-page=\"1\"\r\n\t\t\t\tclass=\"ctl_load_more\" role=\"button\">\r\n\t\t\t\t<span class=\"clt_loading_state\" style=\"display:none\"><svg class=\"ctl-loader-spinner\" xmlns=\"http:\/\/www.w3.org\/2000\/svg\" height=\"1em\" viewBox=\"0 0 512 512\">\r\n\t\t\t\t<path d=\"M304 48c0 26.51-21.49 48-48 48s-48-21.49-48-48 21.49-48 48-48 48 21.49 48 48zm-48 368c-26.51 0-48 21.49-48 48s21.49 48 48 48 48-21.49 48-48-21.49-48-48-48zm208-208c-26.51 0-48 21.49-48 48s21.49 48 48 48 48-21.49 48-48-21.49-48-48-48zM96 256c0-26.51-21.49-48-48-48S0 229.49 0 256s21.49 48 48 48 48-21.49 48-48zm12.922 99.078c-26.51 0-48 21.49-48 48s21.49 48 48 48 48-21.49 48-48c0-26.509-21.491-48-48-48zm294.156 0c-26.51 0-48 21.49-48 48s21.49 48 48 48 48-21.49 48-48c0-26.509-21.49-48-48-48zM108.922 60.922c-26.51 0-48 21.49-48 48s21.49 48 48 48 48-21.49 48-48-21.491-48-48-48z\"\/>\r\n\t\t\t\t<\/svg>Wird geladen<\/span> <span class=\"default_state\">Mehr laden<\/span><\/button><\/div>\t\t\t\t<\/div>\r\n\t\t\t<\/div>\r\n\t\t\t","protected":false},"excerpt":{"rendered":"<p>gegr\u00fcndet am 22.12.2005 IBAN: DE44 4416 0014 0009 6663 00<\/p>\n","protected":false},"author":1,"featured_media":123,"parent":89,"menu_order":0,"comment_status":"closed","ping_status":"closed","template":"","meta":{"footnotes":""},"class_list":["post-175","page","type-page","status-publish","has-post-thumbnail","hentry"],"yoast_head":"<!-- This site is optimized with the Yoast SEO plugin v27.4 - https:\/\/yoast.com\/product\/yoast-seo-wordpress\/ -->\n<title>Carl Beermann Stiftung - B\u00fcrgerstiftung Emscherlippe-Land %<\/title>\n<meta name=\"robots\" content=\"index, follow, max-snippet:-1, max-image-preview:large, max-video-preview:-1\" \/>\n<link rel=\"canonical\" href=\"https:\/\/xn--brgerstiftung-emscherlippe-land-oid.de\/index.php\/partnerstiftungen\/carl-beermann-stiftung\/\" \/>\n<meta property=\"og:locale\" content=\"de_DE\" \/>\n<meta property=\"og:type\" content=\"article\" \/>\n<meta property=\"og:title\" content=\"Carl Beermann Stiftung - B\u00fcrgerstiftung Emscherlippe-Land %\" \/>\n<meta property=\"og:description\" content=\"gegr\u00fcndet am 22.12.2005 IBAN: DE44 4416 0014 0009 6663 00\" \/>\n<meta property=\"og:url\" content=\"https:\/\/xn--brgerstiftung-emscherlippe-land-oid.de\/index.php\/partnerstiftungen\/carl-beermann-stiftung\/\" \/>\n<meta property=\"og:site_name\" content=\"B\u00fcrgerstiftung Emscherlippe-Land\" \/>\n<meta property=\"article:publisher\" content=\"https:\/\/www.facebook.com\/BuergerstiftungEmscherlippeLand\" \/>\n<meta property=\"article:modified_time\" content=\"2020-11-12T14:11:09+00:00\" \/>\n<meta property=\"og:image\" content=\"https:\/\/xn--brgerstiftung-emscherlippe-land-oid.de\/wp-content\/uploads\/2020\/07\/CarlBeermannStiftung_500x150.gif\" \/>\n\t<meta property=\"og:image:width\" content=\"500\" \/>\n\t<meta property=\"og:image:height\" content=\"150\" \/>\n\t<meta property=\"og:image:type\" content=\"image\/gif\" \/>\n<meta name=\"twitter:card\" content=\"summary_large_image\" \/>\n<script type=\"application\/ld+json\" class=\"yoast-schema-graph\">{\"@context\":\"https:\\\/\\\/schema.org\",\"@graph\":[{\"@type\":\"WebPage\",\"@id\":\"https:\\\/\\\/xn--brgerstiftung-emscherlippe-land-oid.de\\\/index.php\\\/partnerstiftungen\\\/carl-beermann-stiftung\\\/\",\"url\":\"https:\\\/\\\/xn--brgerstiftung-emscherlippe-land-oid.de\\\/index.php\\\/partnerstiftungen\\\/carl-beermann-stiftung\\\/\",\"name\":\"Carl Beermann Stiftung - B\u00fcrgerstiftung Emscherlippe-Land %\",\"isPartOf\":{\"@id\":\"https:\\\/\\\/xn--brgerstiftung-emscherlippe-land-oid.de\\\/#website\"},\"primaryImageOfPage\":{\"@id\":\"https:\\\/\\\/xn--brgerstiftung-emscherlippe-land-oid.de\\\/index.php\\\/partnerstiftungen\\\/carl-beermann-stiftung\\\/#primaryimage\"},\"image\":{\"@id\":\"https:\\\/\\\/xn--brgerstiftung-emscherlippe-land-oid.de\\\/index.php\\\/partnerstiftungen\\\/carl-beermann-stiftung\\\/#primaryimage\"},\"thumbnailUrl\":\"https:\\\/\\\/xn--brgerstiftung-emscherlippe-land-oid.de\\\/wp-content\\\/uploads\\\/2020\\\/07\\\/CarlBeermannStiftung_500x150.gif\",\"datePublished\":\"2020-07-13T13:44:21+00:00\",\"dateModified\":\"2020-11-12T14:11:09+00:00\",\"breadcrumb\":{\"@id\":\"https:\\\/\\\/xn--brgerstiftung-emscherlippe-land-oid.de\\\/index.php\\\/partnerstiftungen\\\/carl-beermann-stiftung\\\/#breadcrumb\"},\"inLanguage\":\"de\",\"potentialAction\":[{\"@type\":\"ReadAction\",\"target\":[\"https:\\\/\\\/xn--brgerstiftung-emscherlippe-land-oid.de\\\/index.php\\\/partnerstiftungen\\\/carl-beermann-stiftung\\\/\"]}]},{\"@type\":\"ImageObject\",\"inLanguage\":\"de\",\"@id\":\"https:\\\/\\\/xn--brgerstiftung-emscherlippe-land-oid.de\\\/index.php\\\/partnerstiftungen\\\/carl-beermann-stiftung\\\/#primaryimage\",\"url\":\"https:\\\/\\\/xn--brgerstiftung-emscherlippe-land-oid.de\\\/wp-content\\\/uploads\\\/2020\\\/07\\\/CarlBeermannStiftung_500x150.gif\",\"contentUrl\":\"https:\\\/\\\/xn--brgerstiftung-emscherlippe-land-oid.de\\\/wp-content\\\/uploads\\\/2020\\\/07\\\/CarlBeermannStiftung_500x150.gif\",\"width\":500,\"height\":150},{\"@type\":\"BreadcrumbList\",\"@id\":\"https:\\\/\\\/xn--brgerstiftung-emscherlippe-land-oid.de\\\/index.php\\\/partnerstiftungen\\\/carl-beermann-stiftung\\\/#breadcrumb\",\"itemListElement\":[{\"@type\":\"ListItem\",\"position\":1,\"name\":\"Home\",\"item\":\"https:\\\/\\\/xn--brgerstiftung-emscherlippe-land-oid.de\\\/\"},{\"@type\":\"ListItem\",\"position\":2,\"name\":\"Partnerstiftungen\",\"item\":\"https:\\\/\\\/xn--brgerstiftung-emscherlippe-land-oid.de\\\/index.php\\\/partnerstiftungen\\\/\"},{\"@type\":\"ListItem\",\"position\":3,\"name\":\"Carl Beermann Stiftung\"}]},{\"@type\":\"WebSite\",\"@id\":\"https:\\\/\\\/xn--brgerstiftung-emscherlippe-land-oid.de\\\/#website\",\"url\":\"https:\\\/\\\/xn--brgerstiftung-emscherlippe-land-oid.de\\\/\",\"name\":\"B\u00fcrgerstiftung Emscherlippe-Land\",\"description\":\"Eine Gemeinschaft lebt vom Engagement jedes Einzelnen.\",\"publisher\":{\"@id\":\"https:\\\/\\\/xn--brgerstiftung-emscherlippe-land-oid.de\\\/#organization\"},\"potentialAction\":[{\"@type\":\"SearchAction\",\"target\":{\"@type\":\"EntryPoint\",\"urlTemplate\":\"https:\\\/\\\/xn--brgerstiftung-emscherlippe-land-oid.de\\\/?s={search_term_string}\"},\"query-input\":{\"@type\":\"PropertyValueSpecification\",\"valueRequired\":true,\"valueName\":\"search_term_string\"}}],\"inLanguage\":\"de\"},{\"@type\":\"Organization\",\"@id\":\"https:\\\/\\\/xn--brgerstiftung-emscherlippe-land-oid.de\\\/#organization\",\"name\":\"B\u00fcrgerstiftung Emscherlippe-Land\",\"url\":\"https:\\\/\\\/xn--brgerstiftung-emscherlippe-land-oid.de\\\/\",\"logo\":{\"@type\":\"ImageObject\",\"inLanguage\":\"de\",\"@id\":\"https:\\\/\\\/xn--brgerstiftung-emscherlippe-land-oid.de\\\/#\\\/schema\\\/logo\\\/image\\\/\",\"url\":\"https:\\\/\\\/xn--brgerstiftung-emscherlippe-land-oid.de\\\/wp-content\\\/uploads\\\/2020\\\/07\\\/BSLogoSchriftRechts-scaled.jpg\",\"contentUrl\":\"https:\\\/\\\/xn--brgerstiftung-emscherlippe-land-oid.de\\\/wp-content\\\/uploads\\\/2020\\\/07\\\/BSLogoSchriftRechts-scaled.jpg\",\"width\":2560,\"height\":792,\"caption\":\"B\u00fcrgerstiftung Emscherlippe-Land\"},\"image\":{\"@id\":\"https:\\\/\\\/xn--brgerstiftung-emscherlippe-land-oid.de\\\/#\\\/schema\\\/logo\\\/image\\\/\"},\"sameAs\":[\"https:\\\/\\\/www.facebook.com\\\/BuergerstiftungEmscherlippeLand\"]}]}<\/script>\n<!-- \/ Yoast SEO plugin. -->","yoast_head_json":{"title":"Carl Beermann Stiftung - B\u00fcrgerstiftung Emscherlippe-Land %","robots":{"index":"index","follow":"follow","max-snippet":"max-snippet:-1","max-image-preview":"max-image-preview:large","max-video-preview":"max-video-preview:-1"},"canonical":"https:\/\/xn--brgerstiftung-emscherlippe-land-oid.de\/index.php\/partnerstiftungen\/carl-beermann-stiftung\/","og_locale":"de_DE","og_type":"article","og_title":"Carl Beermann Stiftung - B\u00fcrgerstiftung Emscherlippe-Land %","og_description":"gegr\u00fcndet am 22.12.2005 IBAN: DE44 4416 0014 0009 6663 00","og_url":"https:\/\/xn--brgerstiftung-emscherlippe-land-oid.de\/index.php\/partnerstiftungen\/carl-beermann-stiftung\/","og_site_name":"B\u00fcrgerstiftung Emscherlippe-Land","article_publisher":"https:\/\/www.facebook.com\/BuergerstiftungEmscherlippeLand","article_modified_time":"2020-11-12T14:11:09+00:00","og_image":[{"width":500,"height":150,"url":"https:\/\/xn--brgerstiftung-emscherlippe-land-oid.de\/wp-content\/uploads\/2020\/07\/CarlBeermannStiftung_500x150.gif","type":"image\/gif"}],"twitter_card":"summary_large_image","schema":{"@context":"https:\/\/schema.org","@graph":[{"@type":"WebPage","@id":"https:\/\/xn--brgerstiftung-emscherlippe-land-oid.de\/index.php\/partnerstiftungen\/carl-beermann-stiftung\/","url":"https:\/\/xn--brgerstiftung-emscherlippe-land-oid.de\/index.php\/partnerstiftungen\/carl-beermann-stiftung\/","name":"Carl Beermann Stiftung - B\u00fcrgerstiftung Emscherlippe-Land %","isPartOf":{"@id":"https:\/\/xn--brgerstiftung-emscherlippe-land-oid.de\/#website"},"primaryImageOfPage":{"@id":"https:\/\/xn--brgerstiftung-emscherlippe-land-oid.de\/index.php\/partnerstiftungen\/carl-beermann-stiftung\/#primaryimage"},"image":{"@id":"https:\/\/xn--brgerstiftung-emscherlippe-land-oid.de\/index.php\/partnerstiftungen\/carl-beermann-stiftung\/#primaryimage"},"thumbnailUrl":"https:\/\/xn--brgerstiftung-emscherlippe-land-oid.de\/wp-content\/uploads\/2020\/07\/CarlBeermannStiftung_500x150.gif","datePublished":"2020-07-13T13:44:21+00:00","dateModified":"2020-11-12T14:11:09+00:00","breadcrumb":{"@id":"https:\/\/xn--brgerstiftung-emscherlippe-land-oid.de\/index.php\/partnerstiftungen\/carl-beermann-stiftung\/#breadcrumb"},"inLanguage":"de","potentialAction":[{"@type":"ReadAction","target":["https:\/\/xn--brgerstiftung-emscherlippe-land-oid.de\/index.php\/partnerstiftungen\/carl-beermann-stiftung\/"]}]},{"@type":"ImageObject","inLanguage":"de","@id":"https:\/\/xn--brgerstiftung-emscherlippe-land-oid.de\/index.php\/partnerstiftungen\/carl-beermann-stiftung\/#primaryimage","url":"https:\/\/xn--brgerstiftung-emscherlippe-land-oid.de\/wp-content\/uploads\/2020\/07\/CarlBeermannStiftung_500x150.gif","contentUrl":"https:\/\/xn--brgerstiftung-emscherlippe-land-oid.de\/wp-content\/uploads\/2020\/07\/CarlBeermannStiftung_500x150.gif","width":500,"height":150},{"@type":"BreadcrumbList","@id":"https:\/\/xn--brgerstiftung-emscherlippe-land-oid.de\/index.php\/partnerstiftungen\/carl-beermann-stiftung\/#breadcrumb","itemListElement":[{"@type":"ListItem","position":1,"name":"Home","item":"https:\/\/xn--brgerstiftung-emscherlippe-land-oid.de\/"},{"@type":"ListItem","position":2,"name":"Partnerstiftungen","item":"https:\/\/xn--brgerstiftung-emscherlippe-land-oid.de\/index.php\/partnerstiftungen\/"},{"@type":"ListItem","position":3,"name":"Carl Beermann Stiftung"}]},{"@type":"WebSite","@id":"https:\/\/xn--brgerstiftung-emscherlippe-land-oid.de\/#website","url":"https:\/\/xn--brgerstiftung-emscherlippe-land-oid.de\/","name":"B\u00fcrgerstiftung Emscherlippe-Land","description":"Eine Gemeinschaft lebt vom Engagement jedes Einzelnen.","publisher":{"@id":"https:\/\/xn--brgerstiftung-emscherlippe-land-oid.de\/#organization"},"potentialAction":[{"@type":"SearchAction","target":{"@type":"EntryPoint","urlTemplate":"https:\/\/xn--brgerstiftung-emscherlippe-land-oid.de\/?s={search_term_string}"},"query-input":{"@type":"PropertyValueSpecification","valueRequired":true,"valueName":"search_term_string"}}],"inLanguage":"de"},{"@type":"Organization","@id":"https:\/\/xn--brgerstiftung-emscherlippe-land-oid.de\/#organization","name":"B\u00fcrgerstiftung Emscherlippe-Land","url":"https:\/\/xn--brgerstiftung-emscherlippe-land-oid.de\/","logo":{"@type":"ImageObject","inLanguage":"de","@id":"https:\/\/xn--brgerstiftung-emscherlippe-land-oid.de\/#\/schema\/logo\/image\/","url":"https:\/\/xn--brgerstiftung-emscherlippe-land-oid.de\/wp-content\/uploads\/2020\/07\/BSLogoSchriftRechts-scaled.jpg","contentUrl":"https:\/\/xn--brgerstiftung-emscherlippe-land-oid.de\/wp-content\/uploads\/2020\/07\/BSLogoSchriftRechts-scaled.jpg","width":2560,"height":792,"caption":"B\u00fcrgerstiftung Emscherlippe-Land"},"image":{"@id":"https:\/\/xn--brgerstiftung-emscherlippe-land-oid.de\/#\/schema\/logo\/image\/"},"sameAs":["https:\/\/www.facebook.com\/BuergerstiftungEmscherlippeLand"]}]}},"_links":{"self":[{"href":"https:\/\/xn--brgerstiftung-emscherlippe-land-oid.de\/index.php\/wp-json\/wp\/v2\/pages\/175","targetHints":{"allow":["GET"]}}],"collection":[{"href":"https:\/\/xn--brgerstiftung-emscherlippe-land-oid.de\/index.php\/wp-json\/wp\/v2\/pages"}],"about":[{"href":"https:\/\/xn--brgerstiftung-emscherlippe-land-oid.de\/index.php\/wp-json\/wp\/v2\/types\/page"}],"author":[{"embeddable":true,"href":"https:\/\/xn--brgerstiftung-emscherlippe-land-oid.de\/index.php\/wp-json\/wp\/v2\/users\/1"}],"replies":[{"embeddable":true,"href":"https:\/\/xn--brgerstiftung-emscherlippe-land-oid.de\/index.php\/wp-json\/wp\/v2\/comments?post=175"}],"version-history":[{"count":5,"href":"https:\/\/xn--brgerstiftung-emscherlippe-land-oid.de\/index.php\/wp-json\/wp\/v2\/pages\/175\/revisions"}],"predecessor-version":[{"id":1236,"href":"https:\/\/xn--brgerstiftung-emscherlippe-land-oid.de\/index.php\/wp-json\/wp\/v2\/pages\/175\/revisions\/1236"}],"up":[{"embeddable":true,"href":"https:\/\/xn--brgerstiftung-emscherlippe-land-oid.de\/index.php\/wp-json\/wp\/v2\/pages\/89"}],"wp:featuredmedia":[{"embeddable":true,"href":"https:\/\/xn--brgerstiftung-emscherlippe-land-oid.de\/index.php\/wp-json\/wp\/v2\/media\/123"}],"wp:attachment":[{"href":"https:\/\/xn--brgerstiftung-emscherlippe-land-oid.de\/index.php\/wp-json\/wp\/v2\/media?parent=175"}],"curies":[{"name":"wp","href":"https:\/\/api.w.org\/{rel}","templated":true}]}}