{"id":148,"date":"2020-07-13T12:45:36","date_gmt":"2020-07-13T12:45:36","guid":{"rendered":"https:\/\/xn--brgerstiftung-emscherlippe-land-oid.de\/?page_id=148"},"modified":"2026-01-14T13:47:40","modified_gmt":"2026-01-14T11:47:40","slug":"engagement","status":"publish","type":"page","link":"https:\/\/xn--brgerstiftung-emscherlippe-land-oid.de\/index.php\/engagement\/","title":{"rendered":"Engagement"},"content":{"rendered":"\n<h1 class=\"wp-block-heading\"><strong>Hand in Hand gemeinsam etwas bewegen f\u00fcr das EmscherLippe-Land.<\/strong><\/h1>\n\n\n\n<p>Die B\u00fcrgerstiftung EmscherLippe-Land ist im Juni 2005 von B\u00fcrgerinnen und B\u00fcrgern der St\u00e4dte Waltrop, Castrop-Rauxel, Datteln, L\u00fcnen und Oer-Erkenschwick auf Initiative der Volksbank eG, Waltrop, ins Leben gerufen worden, um das soziale Engagement und den Gemeinschaftssinn der B\u00fcrger zu f\u00f6rdern, denn aktive B\u00fcrger zeigen Verantwortung.<\/p>\n\n\n\n<p>Alle Helfer der Stiftung arbeiten selbstverst\u00e4ndlich ehrenamtlich. Jede weitere pers\u00f6nliche Hilfe und Mitarbeit ist uns willkommen.<\/p>\n\n\n\n<p>Die B\u00fcrgerstiftung ist &#8222;auf ewig&#8220; angelegt. Das Stiftungsverm\u00f6gen selbst bleibt unangetastet. Aus dessen laufenden Ertr\u00e4gen werden die gef\u00f6rderten Projekte im Wesentlichen getragen. Das macht die B\u00fcrgerstiftung unabh\u00e4ngig von der wirtschaftlichen Situation, politischen Mehrheiten und der wechselnden Spendenbereitschaft der B\u00fcrger.<\/p>\n\n\n\n<h2 class=\"wp-block-heading\"><strong>Wir sind f\u00fcr Sie da!<\/strong><\/h2>\n\n\n\n<figure class=\"wp-block-table is-style-stripes\"><table><tbody><tr><td><strong>Vorstand:<\/strong><\/td><td>Ludger Suttmeyer, Waltrop &#8211; Vorsitzender<br>Christian Lamprecht, Datteln<br>Peter Hof zum Berge, Castrop-Rauxel<\/td><\/tr><tr><td><strong>Kuratorium:<\/strong><\/td><td>Gabriele Gonstalla, Oer-Erkenschwick- Vorsitzende<br>Klaus Eickenscheidt, Waltrop<br>Inge Finke, Waltrop<br>Reinhild Geidies, Oer-Erkenschwick<br>Thomas St\u00e4chelin, Castrop-Rauxel<br>Julia Wetterkamp, Datteln<br>Matthias Kappelhoff, L\u00fcnen<br>Oliver Baron, Castrop-Rauxel<br>Thordis K\u00fcpper\u00a0, Castrop-Rauxel<br>Ulrich Rittersw\u00fcrden, Waltrop<br>Sigrid Szlafka, Datteln<br>Andre Thyret, Oer-Erkenschwick<br>Rita Vonnahme, L\u00fcnen<br>Andreas Zaremba, L\u00fcnen<\/td><\/tr><tr><td><strong>Gesch\u00e4ftsstelle<\/strong><\/td><td>B\u00fcrgerstiftung EmscherLippe-Land<br>Am Moselbach 9<br>45731 Waltrop<\/td><\/tr><tr><td><strong>Telefon \/ Fax<\/strong><\/td><td>02309 604-185 \/ 02309 76181<\/td><\/tr><tr><td><strong>E-Mail<\/strong><\/td><td><a href=\"mailto:%20info@buergerstiftung-emscherlippe-land.de\">info@buergerstiftung-emscherlippe-land.de<\/a><\/td><\/tr><tr><td><strong>Internet<\/strong><\/td><td><a href=\"http:\/\/www.buergerstiftung-emscherlippe-land.de\/\">www.buergerstiftung-emscherlippe-land.de<\/a><br>&nbsp;<a href=\"https:\/\/b\u00fcrgerstiftung-emscherlippe-land.de\/\">www.b\u00fcrgerstiftung-emscherlippe-land.de<\/a><\/td><\/tr><tr><td><strong>Bankverbindung<\/strong><\/td><td>Volksbank Waltrop<br>BIC: GENODEM1DOR<br>IBAN: DE39 4416 0014 0009 0000 00<\/td><\/tr><\/tbody><\/table><\/figure>\n\n\n\n<h2 class=\"wp-block-heading\"><strong><a href=\"https:\/\/xn--brgerstiftung-emscherlippe-land-oid.de\/index.php\/stifterversammlung\/\">Stifterversammlung<\/a><\/strong><\/h2>\n\n\n\n<h2 class=\"wp-block-heading\"><strong>Auszeichnungen<\/strong><\/h2>\n\n\n\t\t\t<!-- Cool Timeline PRO V4.9 -->\r\n\t\t\t<div class=\"ctl-wrapper\" role=\"region\" aria-label=\"Timeline\">\r\n\t\t\t\t\t\t\t\t<div id=\"cool_timeline_1\" class=\"cool-timeline-wrapper ctl-horizontal ctl-horizontal-wrapper ctl-horizontal-timeline ctl-design-3\" data-items=\"\" data-start-on=\"0\" data-autoplay=\"false\" data-autoplay-speed=\"3000\" data-load=\"\" data-nav=\"hide\" data-line-filling=\"false\" data-nav-pos=\"left\" role=\"region\" aria-label=\"Timeline\">\r\n\t\t\t\t\t<div class=\"ctl-wrapper-inside\">\r\n\t\t\t\t\t\t\t\t\t\t\t\t<div id=\"ctl-slider-container\" class=\"ctl-slider-container swiper-container ctl-line-filler swiper-container-horizontal\" aria-live=\"polite\">\r\n\t\t\t\t\t\t\t<!-- Timeline Container -->\r\n\t\t\t\t\t\t\t<div class=\"ctl-slider-wrapper ctl-timeline-container swiper-wrapper\">\r\n\t\t\t\t\t\t\t\t<!-- Timeline Content --><div id=\"ctl-story-2351\" class=\"ctl-story ctl-story-dot-icon swiper-slide odd\" data-story-index=\"1\" role=\"article\"><!-- Story Year Section --><div data-cls=\"sc-nv-light horizontal\" class=\"timeline-year scrollable-section ctl-year ctl-year-container light-year\" data-section-title=\"2026\" id=\"year-2026\"><div class=\"ctl-year-label ctl-year-text\"><span>2026<\/span><\/div><\/div><!-- Story IconDot --><div class=\"ctl-icondot\"><\/div> <!-- Story Arrow --><div class=\"ctl-arrow\"><\/div>\r\n\t\t\t<!-- Story Content --><div class=\"ctl-content\"><!-- Story Title --> <div class=\"ctl-title story-2351\" role=\"heading\" aria-level=\"2\"><a target=\"_self\" title=\"Verl\u00e4ssliches Engagement vor Ort: B\u00fcrgerstiftung EmscherLippe-Land zum 8. Mal mit G\u00fctesiegel ausgezeichnet\" href=\"https:\/\/xn--brgerstiftung-emscherlippe-land-oid.de\/index.php\/timeline\/guetesiegel-2028-ausgezeichnet\/\" class=\"story-link\">Verl\u00e4ssliches Engagement vor Ort: B\u00fcrgerstiftung EmscherLippe-Land zum 8. Mal mit G\u00fctesiegel ausgezeichnet<\/a><\/div><!-- Story Media --><div class=\"ctl-media full\"><a data-glightbox=\"Verl\u00e4ssliches Engagement vor Ort: B\u00fcrgerstiftung EmscherLippe-Land zum 8. Mal mit G\u00fctesiegel ausgezeichnet\" href=\"https:\/\/xn--brgerstiftung-emscherlippe-land-oid.de\/wp-content\/uploads\/2026\/04\/Guetesiegel-2026-Fotograf-Stephan-Schuetze.j-pg-scaled.jpeg\" class=\"ctl_glightbox\"><img loading=\"lazy\" decoding=\"async\" width=\"525\" height=\"350\" src=\"https:\/\/xn--brgerstiftung-emscherlippe-land-oid.de\/wp-content\/uploads\/2026\/04\/Guetesiegel-2026-Fotograf-Stephan-Schuetze.j-pg-1024x683.jpeg\" class=\"story-img wp-post-image\" alt=\"Verl\u00e4ssliches Engagement vor Ort: B\u00fcrgerstiftung EmscherLippe-Land zum 8. Mal mit G\u00fctesiegel ausgezeichnet\" srcset=\"https:\/\/xn--brgerstiftung-emscherlippe-land-oid.de\/wp-content\/uploads\/2026\/04\/Guetesiegel-2026-Fotograf-Stephan-Schuetze.j-pg-1024x683.jpeg 1024w, https:\/\/xn--brgerstiftung-emscherlippe-land-oid.de\/wp-content\/uploads\/2026\/04\/Guetesiegel-2026-Fotograf-Stephan-Schuetze.j-pg-300x200.jpeg 300w, https:\/\/xn--brgerstiftung-emscherlippe-land-oid.de\/wp-content\/uploads\/2026\/04\/Guetesiegel-2026-Fotograf-Stephan-Schuetze.j-pg-768x512.jpeg 768w, https:\/\/xn--brgerstiftung-emscherlippe-land-oid.de\/wp-content\/uploads\/2026\/04\/Guetesiegel-2026-Fotograf-Stephan-Schuetze.j-pg-1536x1024.jpeg 1536w, https:\/\/xn--brgerstiftung-emscherlippe-land-oid.de\/wp-content\/uploads\/2026\/04\/Guetesiegel-2026-Fotograf-Stephan-Schuetze.j-pg-2048x1366.jpeg 2048w\" sizes=\"auto, 100vw\" \/><\/a><\/div><!-- Story Description --><div class=\"ctl-description\"><p>Verl\u00e4ssliches Engagement vor Ort: B\u00fcrgerstiftung EmscherLippe-Land zum 8. Mal mit G\u00fctesiegel ausgezeichnet Die B\u00fcrgerstiftung EmscherLippe-Land ist erneut und dies schon zum 8. Mal in Folge mit dem G\u00fctesiegel f\u00fcr B\u00fcrgerstiftungen ausgezeichnet worden. Das G\u00fctesiegel steht bundesweit f\u00fcr Qualit\u00e4t, Transparenz und Verantwortungsbewusstsein im lokalen b\u00fcrgerschaftlichen Engagement. Seit 2003 vergibt der Bundesverband&hellip;<br \/><a class=\"read_more ctl_read_more\" target=\"_self\" href=\"https:\/\/xn--brgerstiftung-emscherlippe-land-oid.de\/index.php\/timeline\/guetesiegel-2028-ausgezeichnet\/\" role=\"link\">Mehr lesen<\/a><\/p>\n<\/div><\/div><\/div><!-- Timeline Content --><div id=\"ctl-story-10\" class=\"ctl-story ctl-story-dot-icon swiper-slide even\" data-story-index=\"2\" role=\"article\"><!-- Story Year Section --><div data-cls=\"sc-nv-light horizontal\" class=\"timeline-year scrollable-section ctl-year ctl-year-container light-year\" data-section-title=\"2020\" id=\"year-2020\"><div class=\"ctl-year-label ctl-year-text\"><span>2020<\/span><\/div><\/div><!-- Story IconDot --><div class=\"ctl-icondot\"><\/div> <!-- Story Arrow --><div class=\"ctl-arrow\"><\/div>\r\n\t\t\t<!-- Story Content --><div class=\"ctl-content\"><!-- Story Title --> <div class=\"ctl-title story-10\" role=\"heading\" aria-level=\"2\"><a target=\"_self\" title=\"B\u00fcrgerstiftung EmscherLippe-Land wird zum 6. Mal mit dem G\u00fctesiegel ausgezeichnet und spendet einen Lichtblick f\u00fcr die Region\" href=\"https:\/\/xn--brgerstiftung-emscherlippe-land-oid.de\/index.php\/timeline\/buergerstiftung-emscherlippe-land-wird-zum-6-mal-mit-dem-guetesiegel-ausgezeichnet-und-spendet-einen-lichtblick-fuer-die-region\/\" class=\"story-link\">B\u00fcrgerstiftung EmscherLippe-Land wird zum 6. Mal mit dem G\u00fctesiegel ausgezeichnet und spendet einen Lichtblick f\u00fcr die Region<\/a><\/div><!-- Story Media --><div class=\"ctl-media full\"><a data-glightbox=\"B\u00fcrgerstiftung EmscherLippe-Land wird zum 6. Mal mit dem G\u00fctesiegel ausgezeichnet und spendet einen Lichtblick f\u00fcr die Region\" href=\"https:\/\/xn--brgerstiftung-emscherlippe-land-oid.de\/wp-content\/uploads\/2020\/07\/Guetesiegel_2020-1-scaled.jpg\" class=\"ctl_glightbox\"><img loading=\"lazy\" decoding=\"async\" width=\"525\" height=\"394\" src=\"https:\/\/xn--brgerstiftung-emscherlippe-land-oid.de\/wp-content\/uploads\/2020\/07\/Guetesiegel_2020-1-1024x768.jpg\" class=\"story-img wp-post-image\" alt=\"B\u00fcrgerstiftung EmscherLippe-Land wird zum 6. Mal mit dem G\u00fctesiegel ausgezeichnet und spendet einen Lichtblick f\u00fcr die Region\" srcset=\"https:\/\/xn--brgerstiftung-emscherlippe-land-oid.de\/wp-content\/uploads\/2020\/07\/Guetesiegel_2020-1-1024x768.jpg 1024w, https:\/\/xn--brgerstiftung-emscherlippe-land-oid.de\/wp-content\/uploads\/2020\/07\/Guetesiegel_2020-1-300x225.jpg 300w, https:\/\/xn--brgerstiftung-emscherlippe-land-oid.de\/wp-content\/uploads\/2020\/07\/Guetesiegel_2020-1-768x576.jpg 768w, https:\/\/xn--brgerstiftung-emscherlippe-land-oid.de\/wp-content\/uploads\/2020\/07\/Guetesiegel_2020-1-1536x1152.jpg 1536w, https:\/\/xn--brgerstiftung-emscherlippe-land-oid.de\/wp-content\/uploads\/2020\/07\/Guetesiegel_2020-1-2048x1536.jpg 2048w\" sizes=\"auto, 100vw\" \/><\/a><\/div><!-- Story Description --><div class=\"ctl-description\"><p>Auch in schwierigen Zeiten kann die B\u00fcrgerstiftung EmscherLippe-Land gute Nachrichten verk\u00fcnden. Sie erh\u00e4lt bereits zum 6. Mal in Folge f\u00fcr 3 Jahre das G\u00fctesiegel von dem Bundesverband Deutscher Stiftungen. Gleichzeitig plant sie eine Spendenvergabe von mindestens 5.000 Euro. B\u00fcrgerstiftungen wachsen und sind ein Erfolgsmodell \u2013 immer mehr Menschen engagieren sich&hellip;<br \/><a class=\"read_more ctl_read_more\" target=\"_self\" href=\"https:\/\/xn--brgerstiftung-emscherlippe-land-oid.de\/index.php\/timeline\/buergerstiftung-emscherlippe-land-wird-zum-6-mal-mit-dem-guetesiegel-ausgezeichnet-und-spendet-einen-lichtblick-fuer-die-region\/\" role=\"link\">Mehr lesen<\/a><\/p>\n<\/div><\/div><\/div><!-- Timeline Content --><div id=\"ctl-story-712\" class=\"ctl-story ctl-story-dot-icon swiper-slide odd\" data-story-index=\"3\" role=\"article\"><!-- Story Year Section --><div data-cls=\"sc-nv-light horizontal\" class=\"timeline-year scrollable-section ctl-year ctl-year-container light-year\" data-section-title=\"2016\" id=\"year-2016\"><div class=\"ctl-year-label ctl-year-text\"><span>2016<\/span><\/div><\/div><!-- Story IconDot --><div class=\"ctl-icondot\"><\/div> <!-- Story Arrow --><div class=\"ctl-arrow\"><\/div>\r\n\t\t\t<!-- Story Content --><div class=\"ctl-content\"><!-- Story Title --> <div class=\"ctl-title story-712\" role=\"heading\" aria-level=\"2\"><a target=\"_self\" title=\"Engagement der B\u00fcrgerstiftung EmscherLippe-Land wird mit G\u00fctesiegel belohnt\" href=\"https:\/\/xn--brgerstiftung-emscherlippe-land-oid.de\/index.php\/timeline\/engagement-der-buergerstiftung-emscherlippe-land-wird-mit-guetesiegel-belohnt\/\" class=\"story-link\">Engagement der B\u00fcrgerstiftung EmscherLippe-Land wird mit G\u00fctesiegel belohnt<\/a><\/div><!-- Story Media --><div class=\"ctl-media full\"><a data-glightbox=\"Engagement der B\u00fcrgerstiftung EmscherLippe-Land wird mit G\u00fctesiegel belohnt\" href=\"https:\/\/xn--brgerstiftung-emscherlippe-land-oid.de\/wp-content\/uploads\/2020\/07\/20161122_Uebergabe_Guetesiegel.jpg\" class=\"ctl_glightbox\"><img loading=\"lazy\" decoding=\"async\" width=\"525\" height=\"394\" src=\"https:\/\/xn--brgerstiftung-emscherlippe-land-oid.de\/wp-content\/uploads\/2020\/07\/20161122_Uebergabe_Guetesiegel-1024x768.jpg\" class=\"story-img wp-post-image\" alt=\"Engagement der B\u00fcrgerstiftung EmscherLippe-Land wird mit G\u00fctesiegel belohnt\" srcset=\"https:\/\/xn--brgerstiftung-emscherlippe-land-oid.de\/wp-content\/uploads\/2020\/07\/20161122_Uebergabe_Guetesiegel-1024x768.jpg 1024w, https:\/\/xn--brgerstiftung-emscherlippe-land-oid.de\/wp-content\/uploads\/2020\/07\/20161122_Uebergabe_Guetesiegel-300x225.jpg 300w, https:\/\/xn--brgerstiftung-emscherlippe-land-oid.de\/wp-content\/uploads\/2020\/07\/20161122_Uebergabe_Guetesiegel-768x576.jpg 768w, https:\/\/xn--brgerstiftung-emscherlippe-land-oid.de\/wp-content\/uploads\/2020\/07\/20161122_Uebergabe_Guetesiegel.jpg 1280w\" sizes=\"auto, 100vw\" \/><\/a><\/div><!-- Story Description --><div class=\"ctl-description\"><p>Vorstand, Kuratorium und die Vertreter der Partnerstiftungen der B\u00fcrgerstiftung EmscherLippe-Land kamen am Dienstag im Heimatverein Waltrop zusammen, um das G\u00fctesiegel in Empfang zu nehmen. Frau Beate Mertmann, Regionalkuratorin f\u00fcr NRW des Bundesverbandes Deutscher Stiftungen, \u00fcberreichte diese hohe Auszeichnung und freute sich \u00fcber den regen Austausch \u00fcber die erfolgreiche Arbeit der&hellip;<br \/><a class=\"read_more ctl_read_more\" target=\"_self\" href=\"https:\/\/xn--brgerstiftung-emscherlippe-land-oid.de\/index.php\/timeline\/engagement-der-buergerstiftung-emscherlippe-land-wird-mit-guetesiegel-belohnt\/\" role=\"link\">Mehr lesen<\/a><\/p>\n<\/div><\/div><\/div><!-- Timeline Content --><div id=\"ctl-story-575\" class=\"ctl-story ctl-story-dot-icon swiper-slide even\" data-story-index=\"4\" role=\"article\"><!-- Story Year Section --><div data-cls=\"sc-nv-light horizontal\" class=\"timeline-year scrollable-section ctl-year ctl-year-container light-year\" data-section-title=\"2013\" id=\"year-2013\"><div class=\"ctl-year-label ctl-year-text\"><span>2013<\/span><\/div><\/div><!-- Story IconDot --><div class=\"ctl-icondot\"><\/div> <!-- Story Arrow --><div class=\"ctl-arrow\"><\/div>\r\n\t\t\t<!-- Story Content --><div class=\"ctl-content\"><!-- Story Title --> <div class=\"ctl-title story-575\" role=\"heading\" aria-level=\"2\"><a target=\"_self\" title=\"B\u00fcrgerstiftung EmscherLippe-Land erh\u00e4lt G\u00fctesiegel f\u00fcr 3 Jahre\" href=\"https:\/\/xn--brgerstiftung-emscherlippe-land-oid.de\/index.php\/timeline\/buergerstiftung-emscherlippe-land-erhaelt-guetesiegel-fuer-3-jahre\/\" class=\"story-link\">B\u00fcrgerstiftung EmscherLippe-Land erh\u00e4lt G\u00fctesiegel f\u00fcr 3 Jahre<\/a><\/div><!-- Story Media --><div class=\"ctl-media full\"><a data-glightbox=\"B\u00fcrgerstiftung EmscherLippe-Land erh\u00e4lt G\u00fctesiegel f\u00fcr 3 Jahre\" href=\"https:\/\/xn--brgerstiftung-emscherlippe-land-oid.de\/wp-content\/uploads\/2020\/07\/201311_Guetesiegel.jpg\" class=\"ctl_glightbox\"><img loading=\"lazy\" decoding=\"async\" width=\"525\" height=\"351\" src=\"https:\/\/xn--brgerstiftung-emscherlippe-land-oid.de\/wp-content\/uploads\/2020\/07\/201311_Guetesiegel-1024x684.jpg\" class=\"story-img wp-post-image\" alt=\"B\u00fcrgerstiftung EmscherLippe-Land erh\u00e4lt G\u00fctesiegel f\u00fcr 3 Jahre\" srcset=\"https:\/\/xn--brgerstiftung-emscherlippe-land-oid.de\/wp-content\/uploads\/2020\/07\/201311_Guetesiegel-1024x684.jpg 1024w, https:\/\/xn--brgerstiftung-emscherlippe-land-oid.de\/wp-content\/uploads\/2020\/07\/201311_Guetesiegel-300x200.jpg 300w, https:\/\/xn--brgerstiftung-emscherlippe-land-oid.de\/wp-content\/uploads\/2020\/07\/201311_Guetesiegel-768x513.jpg 768w, https:\/\/xn--brgerstiftung-emscherlippe-land-oid.de\/wp-content\/uploads\/2020\/07\/201311_Guetesiegel.jpg 1280w\" sizes=\"auto, 100vw\" \/><\/a><\/div><!-- Story Description --><div class=\"ctl-description\"><p>Die B\u00fcrgerstiftung EmscherLippe-Land erh\u00e4lt zum 4. Mal das G\u00fctesiegel des Bundesverbandes Deutscher Stiftungen. Frau Beate Mertmann, Regionalkuratorin f\u00fcr NRW \u00fcberreichte diese hohe Auszeichnung in Schnieder\u00b4s Jammertal im Beisein von den Vorst\u00e4nden, Kuratoriumsmitgliedern und Partnerstiftern. Dieses Mal ist das G\u00fctesiegel f\u00fcr 3 Jahre g\u00fcltig, anstatt wie bisher 2 Jahre. Die B\u00fcrgerstiftung&hellip;<br \/><a class=\"read_more ctl_read_more\" target=\"_self\" href=\"https:\/\/xn--brgerstiftung-emscherlippe-land-oid.de\/index.php\/timeline\/buergerstiftung-emscherlippe-land-erhaelt-guetesiegel-fuer-3-jahre\/\" role=\"link\">Mehr lesen<\/a><\/p>\n<\/div><\/div><\/div><!-- Timeline Content --><div id=\"ctl-story-504\" class=\"ctl-story ctl-story-dot-icon swiper-slide odd\" data-story-index=\"5\" role=\"article\"><!-- Story Year Section --><div data-cls=\"sc-nv-light horizontal\" class=\"timeline-year scrollable-section ctl-year ctl-year-container light-year\" data-section-title=\"2011\" id=\"year-2011\"><div class=\"ctl-year-label ctl-year-text\"><span>2011<\/span><\/div><\/div><!-- Story IconDot --><div class=\"ctl-icondot\"><\/div> <!-- Story Arrow --><div class=\"ctl-arrow\"><\/div>\r\n\t\t\t<!-- Story Content --><div class=\"ctl-content\"><!-- Story Title --> <div class=\"ctl-title story-504\" role=\"heading\" aria-level=\"2\"><a target=\"_self\" title=\"B\u00fcrgerstiftung EmscherLippe-Land erh\u00e4lt zum dritten Mal in Folge das G\u00fctesiegel\" href=\"https:\/\/xn--brgerstiftung-emscherlippe-land-oid.de\/index.php\/timeline\/buergerstiftung-emscherlippe-land-erhaelt-zum-dritten-mal-in-folge-das-guetesiegel\/\" class=\"story-link\">B\u00fcrgerstiftung EmscherLippe-Land erh\u00e4lt zum dritten Mal in Folge das G\u00fctesiegel<\/a><\/div><!-- Story Media --><div class=\"ctl-media full\"><a data-glightbox=\"B\u00fcrgerstiftung EmscherLippe-Land erh\u00e4lt zum dritten Mal in Folge das G\u00fctesiegel\" href=\"https:\/\/xn--brgerstiftung-emscherlippe-land-oid.de\/wp-content\/uploads\/2020\/07\/20110930_Guetesiegel.jpg\" class=\"ctl_glightbox\"><img loading=\"lazy\" decoding=\"async\" width=\"525\" height=\"350\" src=\"https:\/\/xn--brgerstiftung-emscherlippe-land-oid.de\/wp-content\/uploads\/2020\/07\/20110930_Guetesiegel.jpg\" class=\"story-img wp-post-image\" alt=\"B\u00fcrgerstiftung EmscherLippe-Land erh\u00e4lt zum dritten Mal in Folge das G\u00fctesiegel\" srcset=\"https:\/\/xn--brgerstiftung-emscherlippe-land-oid.de\/wp-content\/uploads\/2020\/07\/20110930_Guetesiegel.jpg 800w, https:\/\/xn--brgerstiftung-emscherlippe-land-oid.de\/wp-content\/uploads\/2020\/07\/20110930_Guetesiegel-300x200.jpg 300w, https:\/\/xn--brgerstiftung-emscherlippe-land-oid.de\/wp-content\/uploads\/2020\/07\/20110930_Guetesiegel-768x512.jpg 768w\" sizes=\"auto, 100vw\" \/><\/a><\/div><!-- Story Description --><div class=\"ctl-description\"><p>B\u00fcrgerstiftung EmscherLippe-Land erh\u00e4lt zum dritten Mal in Folge das G\u00fctesiegel Am vergangenen Freitag durfte die B\u00fcrgerstiftung EmscherLippe-Land bei der Arbeitskreistagung der B\u00fcrgerstiftungen in Krefeld das G\u00fctesiegel des Bundesverbandes Deutscher Stiftungen f\u00fcr weitere zwei Jahre entgegennehmen. &#8222;Wir sehen in der nochmaligen Auszeichnung eine Best\u00e4tigung f\u00fcr unser b\u00fcrgerschaftliches Engagement im Emscher-Lippe-Land&#8220;, freut&hellip;<br \/><a class=\"read_more ctl_read_more\" target=\"_self\" href=\"https:\/\/xn--brgerstiftung-emscherlippe-land-oid.de\/index.php\/timeline\/buergerstiftung-emscherlippe-land-erhaelt-zum-dritten-mal-in-folge-das-guetesiegel\/\" role=\"link\">Mehr lesen<\/a><\/p>\n<\/div><\/div><\/div><!-- Timeline Content --><div id=\"ctl-story-810\" class=\"ctl-story ctl-story-dot-icon swiper-slide even\" data-story-index=\"6\" role=\"article\"><!-- Story IconDot --><div class=\"ctl-icondot\"><\/div> <!-- Story Arrow --><div class=\"ctl-arrow\"><\/div>\r\n\t\t\t<!-- Story Content --><div class=\"ctl-content\"><!-- Story Title --> <div class=\"ctl-title story-810\" role=\"heading\" aria-level=\"2\"><a target=\"_self\" title=\"B\u00fcrgerstiftung EmscherLippe-Land gewinnt F\u00f6rderpreis der Aktiven B\u00fcrgerschaft 2011\" href=\"https:\/\/xn--brgerstiftung-emscherlippe-land-oid.de\/index.php\/timeline\/buergerstiftung-emscherlippe-land-gewinnt-foerderpreis-der-aktiven-buergerschaft-2011\/\" class=\"story-link\">B\u00fcrgerstiftung EmscherLippe-Land gewinnt F\u00f6rderpreis der Aktiven B\u00fcrgerschaft 2011<\/a><\/div><!-- Story Media --><div class=\"ctl-media full\"><a data-glightbox=\"B\u00fcrgerstiftung EmscherLippe-Land gewinnt F\u00f6rderpreis der Aktiven B\u00fcrgerschaft 2011\" href=\"https:\/\/xn--brgerstiftung-emscherlippe-land-oid.de\/wp-content\/uploads\/2020\/07\/gewinnerlogo_foerderpreis_web_mA.jpg\" class=\"ctl_glightbox\"><img loading=\"lazy\" decoding=\"async\" width=\"199\" height=\"213\" src=\"https:\/\/xn--brgerstiftung-emscherlippe-land-oid.de\/wp-content\/uploads\/2020\/07\/gewinnerlogo_foerderpreis_web_mA.jpg\" class=\"story-img wp-post-image\" alt=\"B\u00fcrgerstiftung EmscherLippe-Land gewinnt F\u00f6rderpreis der Aktiven B\u00fcrgerschaft 2011\" sizes=\"auto, 100vw\" \/><\/a><\/div><!-- Story Description --><div class=\"ctl-description\"><p>Wer sich mit Geld stifterisch bet\u00e4tigen m\u00f6chte, erzielt mit B\u00fcrgerstiftungen die richtige Wirkung. Sie unterst\u00fctzen Stifterinnen und Stifter, wenn es darum geht, selbst Gutes zu tun \u2013 zum Beispiel mit Treuhandstiftungen und Fonds. Bei der B\u00fcrgerstiftung EmscherLippe-Land (Nordrhein-Westfalen) kann sich jeder als Stifterin oder Stifter f\u00fcr die Region engagieren. Mit&hellip;<br \/><a class=\"read_more ctl_read_more\" target=\"_self\" href=\"https:\/\/xn--brgerstiftung-emscherlippe-land-oid.de\/index.php\/timeline\/buergerstiftung-emscherlippe-land-gewinnt-foerderpreis-der-aktiven-buergerschaft-2011\/\" role=\"link\">Mehr lesen<\/a><\/p>\n<\/div><\/div><\/div><!-- Timeline Content --><div id=\"ctl-story-422\" class=\"ctl-story ctl-story-dot-icon swiper-slide odd\" data-story-index=\"7\" role=\"article\"><!-- Story Year Section --><div data-cls=\"sc-nv-light horizontal\" class=\"timeline-year scrollable-section ctl-year ctl-year-container light-year\" data-section-title=\"2009\" id=\"year-2009\"><div class=\"ctl-year-label ctl-year-text\"><span>2009<\/span><\/div><\/div><!-- Story IconDot --><div class=\"ctl-icondot\"><\/div> <!-- Story Arrow --><div class=\"ctl-arrow\"><\/div>\r\n\t\t\t<!-- Story Content --><div class=\"ctl-content\"><!-- Story Title --> <div class=\"ctl-title story-422\" role=\"heading\" aria-level=\"2\"><a target=\"_self\" title=\"B\u00fcrgerstiftung EmscherLippe-Land erh\u00e4lt abermals hohe Auszeichnung\" href=\"https:\/\/xn--brgerstiftung-emscherlippe-land-oid.de\/index.php\/timeline\/buergerstiftung-emscherlippe-land-erhaelt-abermals-hohe-auszeichnung\/\" class=\"story-link\">B\u00fcrgerstiftung EmscherLippe-Land erh\u00e4lt abermals hohe Auszeichnung<\/a><\/div><!-- Story Media --><div class=\"ctl-media full\"><a data-glightbox=\"B\u00fcrgerstiftung EmscherLippe-Land erh\u00e4lt abermals hohe Auszeichnung\" href=\"https:\/\/xn--brgerstiftung-emscherlippe-land-oid.de\/wp-content\/uploads\/2020\/07\/20091102_UebergabeGuetesiegel_Bild1.jpg\" class=\"ctl_glightbox\"><img loading=\"lazy\" decoding=\"async\" width=\"525\" height=\"394\" src=\"https:\/\/xn--brgerstiftung-emscherlippe-land-oid.de\/wp-content\/uploads\/2020\/07\/20091102_UebergabeGuetesiegel_Bild1.jpg\" class=\"story-img wp-post-image\" alt=\"B\u00fcrgerstiftung EmscherLippe-Land erh\u00e4lt abermals hohe Auszeichnung\" srcset=\"https:\/\/xn--brgerstiftung-emscherlippe-land-oid.de\/wp-content\/uploads\/2020\/07\/20091102_UebergabeGuetesiegel_Bild1.jpg 800w, https:\/\/xn--brgerstiftung-emscherlippe-land-oid.de\/wp-content\/uploads\/2020\/07\/20091102_UebergabeGuetesiegel_Bild1-300x225.jpg 300w, https:\/\/xn--brgerstiftung-emscherlippe-land-oid.de\/wp-content\/uploads\/2020\/07\/20091102_UebergabeGuetesiegel_Bild1-768x576.jpg 768w\" sizes=\"auto, 100vw\" \/><\/a><\/div><!-- Story Description --><div class=\"ctl-description\"><p>B\u00fcrgerstiftung EmscherLippe-Land erh\u00e4lt abermals hohe Auszeichnung Die von der Waltroper Volksbank initiierte B\u00fcrgerstiftung EmscherLippe-Land darf f\u00fcr weitere zwei Jahre das G\u00fctesiegel des Bundesverbandes Deutscher Stiftungen tragen. Michael Jacobi, Regionalkurator des Bundesverbandes, nahm gestern die feierliche Ehrung und \u00dcbergabe des G\u00fctesiegels in der Volksbank-Hauptstelle in Waltrop vor und w\u00fcrdigte damit die&hellip;<br \/><a class=\"read_more ctl_read_more\" target=\"_self\" href=\"https:\/\/xn--brgerstiftung-emscherlippe-land-oid.de\/index.php\/timeline\/buergerstiftung-emscherlippe-land-erhaelt-abermals-hohe-auszeichnung\/\" role=\"link\">Mehr lesen<\/a><\/p>\n<\/div><\/div><\/div><!-- Timeline Content --><div id=\"ctl-story-293\" class=\"ctl-story ctl-story-dot-icon swiper-slide even\" data-story-index=\"8\" role=\"article\"><!-- Story Year Section --><div data-cls=\"sc-nv-light horizontal\" class=\"timeline-year scrollable-section ctl-year ctl-year-container light-year\" data-section-title=\"2007\" id=\"year-2007\"><div class=\"ctl-year-label ctl-year-text\"><span>2007<\/span><\/div><\/div><!-- Story IconDot --><div class=\"ctl-icondot\"><\/div> <!-- Story Arrow --><div class=\"ctl-arrow\"><\/div>\r\n\t\t\t<!-- Story Content --><div class=\"ctl-content\"><!-- Story Title --> <div class=\"ctl-title story-293\" role=\"heading\" aria-level=\"2\"><a target=\"_self\" title=\"B\u00fcrgerstiftung EmscherLippe-Land erh\u00e4lt G\u00fctesiegel\" href=\"https:\/\/xn--brgerstiftung-emscherlippe-land-oid.de\/index.php\/timeline\/buergerstiftung-emscherlippe-land-erhaelt-guetesiegel\/\" class=\"story-link\">B\u00fcrgerstiftung EmscherLippe-Land erh\u00e4lt G\u00fctesiegel<\/a><\/div><!-- Story Media --><div class=\"ctl-media full\"><a data-glightbox=\"B\u00fcrgerstiftung EmscherLippe-Land erh\u00e4lt G\u00fctesiegel\" href=\"https:\/\/xn--brgerstiftung-emscherlippe-land-oid.de\/wp-content\/uploads\/2020\/07\/20071009_Guetesiegel_Bild1.jpg\" class=\"ctl_glightbox\"><img loading=\"lazy\" decoding=\"async\" width=\"525\" height=\"394\" src=\"https:\/\/xn--brgerstiftung-emscherlippe-land-oid.de\/wp-content\/uploads\/2020\/07\/20071009_Guetesiegel_Bild1.jpg\" class=\"story-img wp-post-image\" alt=\"B\u00fcrgerstiftung EmscherLippe-Land erh\u00e4lt G\u00fctesiegel\" srcset=\"https:\/\/xn--brgerstiftung-emscherlippe-land-oid.de\/wp-content\/uploads\/2020\/07\/20071009_Guetesiegel_Bild1.jpg 800w, https:\/\/xn--brgerstiftung-emscherlippe-land-oid.de\/wp-content\/uploads\/2020\/07\/20071009_Guetesiegel_Bild1-300x225.jpg 300w, https:\/\/xn--brgerstiftung-emscherlippe-land-oid.de\/wp-content\/uploads\/2020\/07\/20071009_Guetesiegel_Bild1-768x576.jpg 768w\" sizes=\"auto, 100vw\" \/><\/a><\/div><!-- Story Description --><div class=\"ctl-description\"><p>09.10.2007 Mit dem G\u00fctesiegel des Bundesverbandes Deutscher Stiftungen ausgezeichnet wurde die von der Volksbank eG, Waltrop, in 2005 initiierte B\u00fcrgerstiftung EmscherLippe-Land. Dr. Elisabeth Nilkens, Regionalkuratorin der bundesweit agierenden Initiative B\u00fcrgerstiftungen nahm die feierliche Ehrung und Verleihung des G\u00fctesiegels gestern in der Volksbank Hauptgesch\u00e4ftsstelle in Waltrop vor und w\u00fcrdigte damit das&hellip;<br \/><a class=\"read_more ctl_read_more\" target=\"_self\" href=\"https:\/\/xn--brgerstiftung-emscherlippe-land-oid.de\/index.php\/timeline\/buergerstiftung-emscherlippe-land-erhaelt-guetesiegel\/\" role=\"link\">Mehr lesen<\/a><\/p>\n<\/div><\/div><\/div>\t\t\t\t\t\t\t<\/div>\r\n\t\t\t\t\t\t\t<span class=\"swiper-notification\" aria-live=\"assertive\" aria-atomic=\"true\"><\/span>\r\n\t\t\t\t\t\t<\/div>\r\n\t\t\t\t\t<\/div>\r\n\t\t\t\t\t<!-- Swiper Next button -->\r\n\t\t\t\t\t<div class=\"ctl-button-prev swiper-button-disabled\" tabindex=\"0\" role=\"button\" aria-label=\"Previous slide\" aria-disabled=\"true\">\r\n\t\t\t\t\t\t<svg xmlns=\"http:\/\/www.w3.org\/2000\/svg\" height=\"1em\" viewBox=\"0 0 320 512\">\r\n\t\t\t\t<path d=\"M34.52 239.03L228.87 44.69c9.37-9.37 24.57-9.37 33.94 0l22.67 22.67c9.36 9.36 9.37 24.52.04 33.9L131.49 256l154.02 154.75c9.34 9.38 9.32 24.54-.04 33.9l-22.67 22.67c-9.37 9.37-24.57 9.37-33.94 0L34.52 272.97c-9.37-9.37-9.37-24.57 0-33.94z\"\/>\r\n\t\t\t\t<\/svg>\t\t\t\t\t<\/div>\r\n\t\t\t\t\t<!-- Swiper Previous Button -->\r\n\t\t\t\t\t<div class=\"ctl-button-next\" tabindex=\"0\" role=\"button\" aria-label=\"Next slide\" aria-disabled=\"false\">\r\n\t\t\t\t\t\t<svg xmlns=\"http:\/\/www.w3.org\/2000\/svg\" height=\"1em\" viewBox=\"0 0 320 512\">\r\n\t\t\t\t<path d=\"M285.476 272.971L91.132 467.314c-9.373 9.373-24.569 9.373-33.941 0l-22.667-22.667c-9.357-9.357-9.375-24.522-.04-33.901L188.505 256 34.484 101.255c-9.335-9.379-9.317-24.544.04-33.901l22.667-22.667c9.373-9.373 24.569-9.373 33.941 0L285.475 239.03c9.373 9.372 9.373 24.568.001 33.941z\"\/>\r\n\t\t\t\t<\/svg>\t\t\t\t\t<\/div>\r\n\t\t\t\t\t<!-- Swiper Horizontal line -->\r\n\t\t\t\t\t<div class=\"ctl-h-line\"><\/div>\r\n\t\t\t\t\t\t\t\t\t\t\t<style id=\"cool_timeline_1-styles\" type=\"text\/css\">\r\n\t\t\t\t\t\t\t.ctl-wrapper .cool-timeline-wrapper.ctl-horizontal-wrapper.ctl-design-3 {--ctw-cbx-title-color: #666666;}\t\t\t\t\t\t\t\/* Specific Story Style Start *\/\/* Specific Story Style End *\/\t\t\t\t\t\t<\/style>\r\n\t\t\t\t\t\t\t\t\t\t<\/div>\r\n\t\t\t<\/div>\r\n\t\t\t","protected":false},"excerpt":{"rendered":"<p>Hand in Hand gemeinsam etwas bewegen f\u00fcr das EmscherLippe-Land. Die B\u00fcrgerstiftung EmscherLippe-Land ist im Juni 2005 von B\u00fcrgerinnen und B\u00fcrgern der St\u00e4dte Waltrop, Castrop-Rauxel, Datteln, L\u00fcnen und Oer-Erkenschwick auf Initiative der Volksbank eG, Waltrop, ins Leben gerufen worden, um das soziale Engagement und den Gemeinschaftssinn der B\u00fcrger zu f\u00f6rdern, denn aktive B\u00fcrger zeigen Verantwortung. Alle &hellip; <\/p>\n<p class=\"link-more\"><a href=\"https:\/\/xn--brgerstiftung-emscherlippe-land-oid.de\/index.php\/timeline\/buergerstiftung-emscherlippe-land-erhaelt-guetesiegel\/\" class=\"more-link\"><span class=\"screen-reader-text\">\u201eB\u00fcrgerstiftung EmscherLippe-Land erh\u00e4lt G\u00fctesiegel\u201c <\/span>weiterlesen<\/a><\/p>\n","protected":false},"author":1,"featured_media":165,"parent":0,"menu_order":0,"comment_status":"closed","ping_status":"closed","template":"","meta":{"footnotes":""},"class_list":["post-148","page","type-page","status-publish","has-post-thumbnail","hentry"],"yoast_head":"<!-- This site is optimized with the Yoast SEO plugin v27.5 - https:\/\/yoast.com\/product\/yoast-seo-wordpress\/ -->\n<title>Engagement - B\u00fcrgerstiftung Emscherlippe-Land %<\/title>\n<meta name=\"robots\" content=\"index, follow, max-snippet:-1, max-image-preview:large, max-video-preview:-1\" \/>\n<link rel=\"canonical\" href=\"https:\/\/xn--brgerstiftung-emscherlippe-land-oid.de\/index.php\/engagement\/\" \/>\n<meta property=\"og:locale\" content=\"de_DE\" \/>\n<meta property=\"og:type\" content=\"article\" \/>\n<meta property=\"og:title\" content=\"Engagement - B\u00fcrgerstiftung Emscherlippe-Land %\" \/>\n<meta property=\"og:description\" content=\"Hand in Hand gemeinsam etwas bewegen f\u00fcr das EmscherLippe-Land. Die B\u00fcrgerstiftung EmscherLippe-Land ist im Juni 2005 von B\u00fcrgerinnen und B\u00fcrgern der St\u00e4dte Waltrop, Castrop-Rauxel, Datteln, L\u00fcnen und Oer-Erkenschwick auf Initiative der Volksbank eG, Waltrop, ins Leben gerufen worden, um das soziale Engagement und den Gemeinschaftssinn der B\u00fcrger zu f\u00f6rdern, denn aktive B\u00fcrger zeigen Verantwortung. Alle &hellip; \u201eB\u00fcrgerstiftung EmscherLippe-Land erh\u00e4lt G\u00fctesiegel\u201c weiterlesen\" \/>\n<meta property=\"og:url\" content=\"https:\/\/xn--brgerstiftung-emscherlippe-land-oid.de\/index.php\/engagement\/\" \/>\n<meta property=\"og:site_name\" content=\"B\u00fcrgerstiftung Emscherlippe-Land\" \/>\n<meta property=\"article:publisher\" content=\"https:\/\/www.facebook.com\/BuergerstiftungEmscherlippeLand\" \/>\n<meta property=\"article:modified_time\" content=\"2026-01-14T11:47:40+00:00\" \/>\n<meta property=\"og:image\" content=\"https:\/\/xn--brgerstiftung-emscherlippe-land-oid.de\/wp-content\/uploads\/2020\/07\/32741994_1062425593906368_5499277491598000128_o.jpg\" \/>\n\t<meta property=\"og:image:width\" content=\"1728\" \/>\n\t<meta property=\"og:image:height\" content=\"1296\" \/>\n\t<meta property=\"og:image:type\" content=\"image\/jpeg\" \/>\n<meta name=\"twitter:card\" content=\"summary_large_image\" \/>\n<meta name=\"twitter:label1\" content=\"Gesch\u00e4tzte Lesezeit\" \/>\n\t<meta name=\"twitter:data1\" content=\"2\u00a0Minuten\" \/>\n<script type=\"application\/ld+json\" class=\"yoast-schema-graph\">{\"@context\":\"https:\\\/\\\/schema.org\",\"@graph\":[{\"@type\":\"WebPage\",\"@id\":\"https:\\\/\\\/xn--brgerstiftung-emscherlippe-land-oid.de\\\/index.php\\\/engagement\\\/\",\"url\":\"https:\\\/\\\/xn--brgerstiftung-emscherlippe-land-oid.de\\\/index.php\\\/engagement\\\/\",\"name\":\"Engagement - B\u00fcrgerstiftung Emscherlippe-Land %\",\"isPartOf\":{\"@id\":\"https:\\\/\\\/xn--brgerstiftung-emscherlippe-land-oid.de\\\/#website\"},\"primaryImageOfPage\":{\"@id\":\"https:\\\/\\\/xn--brgerstiftung-emscherlippe-land-oid.de\\\/index.php\\\/engagement\\\/#primaryimage\"},\"image\":{\"@id\":\"https:\\\/\\\/xn--brgerstiftung-emscherlippe-land-oid.de\\\/index.php\\\/engagement\\\/#primaryimage\"},\"thumbnailUrl\":\"https:\\\/\\\/xn--brgerstiftung-emscherlippe-land-oid.de\\\/wp-content\\\/uploads\\\/2020\\\/07\\\/32741994_1062425593906368_5499277491598000128_o.jpg\",\"datePublished\":\"2020-07-13T12:45:36+00:00\",\"dateModified\":\"2026-01-14T11:47:40+00:00\",\"breadcrumb\":{\"@id\":\"https:\\\/\\\/xn--brgerstiftung-emscherlippe-land-oid.de\\\/index.php\\\/engagement\\\/#breadcrumb\"},\"inLanguage\":\"de\",\"potentialAction\":[{\"@type\":\"ReadAction\",\"target\":[\"https:\\\/\\\/xn--brgerstiftung-emscherlippe-land-oid.de\\\/index.php\\\/engagement\\\/\"]}]},{\"@type\":\"ImageObject\",\"inLanguage\":\"de\",\"@id\":\"https:\\\/\\\/xn--brgerstiftung-emscherlippe-land-oid.de\\\/index.php\\\/engagement\\\/#primaryimage\",\"url\":\"https:\\\/\\\/xn--brgerstiftung-emscherlippe-land-oid.de\\\/wp-content\\\/uploads\\\/2020\\\/07\\\/32741994_1062425593906368_5499277491598000128_o.jpg\",\"contentUrl\":\"https:\\\/\\\/xn--brgerstiftung-emscherlippe-land-oid.de\\\/wp-content\\\/uploads\\\/2020\\\/07\\\/32741994_1062425593906368_5499277491598000128_o.jpg\",\"width\":1728,\"height\":1296},{\"@type\":\"BreadcrumbList\",\"@id\":\"https:\\\/\\\/xn--brgerstiftung-emscherlippe-land-oid.de\\\/index.php\\\/engagement\\\/#breadcrumb\",\"itemListElement\":[{\"@type\":\"ListItem\",\"position\":1,\"name\":\"Home\",\"item\":\"https:\\\/\\\/xn--brgerstiftung-emscherlippe-land-oid.de\\\/\"},{\"@type\":\"ListItem\",\"position\":2,\"name\":\"Engagement\"}]},{\"@type\":\"WebSite\",\"@id\":\"https:\\\/\\\/xn--brgerstiftung-emscherlippe-land-oid.de\\\/#website\",\"url\":\"https:\\\/\\\/xn--brgerstiftung-emscherlippe-land-oid.de\\\/\",\"name\":\"B\u00fcrgerstiftung Emscherlippe-Land\",\"description\":\"Eine Gemeinschaft lebt vom Engagement jedes Einzelnen.\",\"publisher\":{\"@id\":\"https:\\\/\\\/xn--brgerstiftung-emscherlippe-land-oid.de\\\/#organization\"},\"potentialAction\":[{\"@type\":\"SearchAction\",\"target\":{\"@type\":\"EntryPoint\",\"urlTemplate\":\"https:\\\/\\\/xn--brgerstiftung-emscherlippe-land-oid.de\\\/?s={search_term_string}\"},\"query-input\":{\"@type\":\"PropertyValueSpecification\",\"valueRequired\":true,\"valueName\":\"search_term_string\"}}],\"inLanguage\":\"de\"},{\"@type\":\"Organization\",\"@id\":\"https:\\\/\\\/xn--brgerstiftung-emscherlippe-land-oid.de\\\/#organization\",\"name\":\"B\u00fcrgerstiftung Emscherlippe-Land\",\"url\":\"https:\\\/\\\/xn--brgerstiftung-emscherlippe-land-oid.de\\\/\",\"logo\":{\"@type\":\"ImageObject\",\"inLanguage\":\"de\",\"@id\":\"https:\\\/\\\/xn--brgerstiftung-emscherlippe-land-oid.de\\\/#\\\/schema\\\/logo\\\/image\\\/\",\"url\":\"https:\\\/\\\/xn--brgerstiftung-emscherlippe-land-oid.de\\\/wp-content\\\/uploads\\\/2020\\\/07\\\/BSLogoSchriftRechts-scaled.jpg\",\"contentUrl\":\"https:\\\/\\\/xn--brgerstiftung-emscherlippe-land-oid.de\\\/wp-content\\\/uploads\\\/2020\\\/07\\\/BSLogoSchriftRechts-scaled.jpg\",\"width\":2560,\"height\":792,\"caption\":\"B\u00fcrgerstiftung Emscherlippe-Land\"},\"image\":{\"@id\":\"https:\\\/\\\/xn--brgerstiftung-emscherlippe-land-oid.de\\\/#\\\/schema\\\/logo\\\/image\\\/\"},\"sameAs\":[\"https:\\\/\\\/www.facebook.com\\\/BuergerstiftungEmscherlippeLand\"]}]}<\/script>\n<!-- \/ Yoast SEO plugin. -->","yoast_head_json":{"title":"Engagement - B\u00fcrgerstiftung Emscherlippe-Land %","robots":{"index":"index","follow":"follow","max-snippet":"max-snippet:-1","max-image-preview":"max-image-preview:large","max-video-preview":"max-video-preview:-1"},"canonical":"https:\/\/xn--brgerstiftung-emscherlippe-land-oid.de\/index.php\/engagement\/","og_locale":"de_DE","og_type":"article","og_title":"Engagement - B\u00fcrgerstiftung Emscherlippe-Land %","og_description":"Hand in Hand gemeinsam etwas bewegen f\u00fcr das EmscherLippe-Land. Die B\u00fcrgerstiftung EmscherLippe-Land ist im Juni 2005 von B\u00fcrgerinnen und B\u00fcrgern der St\u00e4dte Waltrop, Castrop-Rauxel, Datteln, L\u00fcnen und Oer-Erkenschwick auf Initiative der Volksbank eG, Waltrop, ins Leben gerufen worden, um das soziale Engagement und den Gemeinschaftssinn der B\u00fcrger zu f\u00f6rdern, denn aktive B\u00fcrger zeigen Verantwortung. Alle &hellip; \u201eB\u00fcrgerstiftung EmscherLippe-Land erh\u00e4lt G\u00fctesiegel\u201c weiterlesen","og_url":"https:\/\/xn--brgerstiftung-emscherlippe-land-oid.de\/index.php\/engagement\/","og_site_name":"B\u00fcrgerstiftung Emscherlippe-Land","article_publisher":"https:\/\/www.facebook.com\/BuergerstiftungEmscherlippeLand","article_modified_time":"2026-01-14T11:47:40+00:00","og_image":[{"width":1728,"height":1296,"url":"https:\/\/xn--brgerstiftung-emscherlippe-land-oid.de\/wp-content\/uploads\/2020\/07\/32741994_1062425593906368_5499277491598000128_o.jpg","type":"image\/jpeg"}],"twitter_card":"summary_large_image","twitter_misc":{"Gesch\u00e4tzte Lesezeit":"2\u00a0Minuten"},"schema":{"@context":"https:\/\/schema.org","@graph":[{"@type":"WebPage","@id":"https:\/\/xn--brgerstiftung-emscherlippe-land-oid.de\/index.php\/engagement\/","url":"https:\/\/xn--brgerstiftung-emscherlippe-land-oid.de\/index.php\/engagement\/","name":"Engagement - B\u00fcrgerstiftung Emscherlippe-Land %","isPartOf":{"@id":"https:\/\/xn--brgerstiftung-emscherlippe-land-oid.de\/#website"},"primaryImageOfPage":{"@id":"https:\/\/xn--brgerstiftung-emscherlippe-land-oid.de\/index.php\/engagement\/#primaryimage"},"image":{"@id":"https:\/\/xn--brgerstiftung-emscherlippe-land-oid.de\/index.php\/engagement\/#primaryimage"},"thumbnailUrl":"https:\/\/xn--brgerstiftung-emscherlippe-land-oid.de\/wp-content\/uploads\/2020\/07\/32741994_1062425593906368_5499277491598000128_o.jpg","datePublished":"2020-07-13T12:45:36+00:00","dateModified":"2026-01-14T11:47:40+00:00","breadcrumb":{"@id":"https:\/\/xn--brgerstiftung-emscherlippe-land-oid.de\/index.php\/engagement\/#breadcrumb"},"inLanguage":"de","potentialAction":[{"@type":"ReadAction","target":["https:\/\/xn--brgerstiftung-emscherlippe-land-oid.de\/index.php\/engagement\/"]}]},{"@type":"ImageObject","inLanguage":"de","@id":"https:\/\/xn--brgerstiftung-emscherlippe-land-oid.de\/index.php\/engagement\/#primaryimage","url":"https:\/\/xn--brgerstiftung-emscherlippe-land-oid.de\/wp-content\/uploads\/2020\/07\/32741994_1062425593906368_5499277491598000128_o.jpg","contentUrl":"https:\/\/xn--brgerstiftung-emscherlippe-land-oid.de\/wp-content\/uploads\/2020\/07\/32741994_1062425593906368_5499277491598000128_o.jpg","width":1728,"height":1296},{"@type":"BreadcrumbList","@id":"https:\/\/xn--brgerstiftung-emscherlippe-land-oid.de\/index.php\/engagement\/#breadcrumb","itemListElement":[{"@type":"ListItem","position":1,"name":"Home","item":"https:\/\/xn--brgerstiftung-emscherlippe-land-oid.de\/"},{"@type":"ListItem","position":2,"name":"Engagement"}]},{"@type":"WebSite","@id":"https:\/\/xn--brgerstiftung-emscherlippe-land-oid.de\/#website","url":"https:\/\/xn--brgerstiftung-emscherlippe-land-oid.de\/","name":"B\u00fcrgerstiftung Emscherlippe-Land","description":"Eine Gemeinschaft lebt vom Engagement jedes Einzelnen.","publisher":{"@id":"https:\/\/xn--brgerstiftung-emscherlippe-land-oid.de\/#organization"},"potentialAction":[{"@type":"SearchAction","target":{"@type":"EntryPoint","urlTemplate":"https:\/\/xn--brgerstiftung-emscherlippe-land-oid.de\/?s={search_term_string}"},"query-input":{"@type":"PropertyValueSpecification","valueRequired":true,"valueName":"search_term_string"}}],"inLanguage":"de"},{"@type":"Organization","@id":"https:\/\/xn--brgerstiftung-emscherlippe-land-oid.de\/#organization","name":"B\u00fcrgerstiftung Emscherlippe-Land","url":"https:\/\/xn--brgerstiftung-emscherlippe-land-oid.de\/","logo":{"@type":"ImageObject","inLanguage":"de","@id":"https:\/\/xn--brgerstiftung-emscherlippe-land-oid.de\/#\/schema\/logo\/image\/","url":"https:\/\/xn--brgerstiftung-emscherlippe-land-oid.de\/wp-content\/uploads\/2020\/07\/BSLogoSchriftRechts-scaled.jpg","contentUrl":"https:\/\/xn--brgerstiftung-emscherlippe-land-oid.de\/wp-content\/uploads\/2020\/07\/BSLogoSchriftRechts-scaled.jpg","width":2560,"height":792,"caption":"B\u00fcrgerstiftung Emscherlippe-Land"},"image":{"@id":"https:\/\/xn--brgerstiftung-emscherlippe-land-oid.de\/#\/schema\/logo\/image\/"},"sameAs":["https:\/\/www.facebook.com\/BuergerstiftungEmscherlippeLand"]}]}},"_links":{"self":[{"href":"https:\/\/xn--brgerstiftung-emscherlippe-land-oid.de\/index.php\/wp-json\/wp\/v2\/pages\/148","targetHints":{"allow":["GET"]}}],"collection":[{"href":"https:\/\/xn--brgerstiftung-emscherlippe-land-oid.de\/index.php\/wp-json\/wp\/v2\/pages"}],"about":[{"href":"https:\/\/xn--brgerstiftung-emscherlippe-land-oid.de\/index.php\/wp-json\/wp\/v2\/types\/page"}],"author":[{"embeddable":true,"href":"https:\/\/xn--brgerstiftung-emscherlippe-land-oid.de\/index.php\/wp-json\/wp\/v2\/users\/1"}],"replies":[{"embeddable":true,"href":"https:\/\/xn--brgerstiftung-emscherlippe-land-oid.de\/index.php\/wp-json\/wp\/v2\/comments?post=148"}],"version-history":[{"count":20,"href":"https:\/\/xn--brgerstiftung-emscherlippe-land-oid.de\/index.php\/wp-json\/wp\/v2\/pages\/148\/revisions"}],"predecessor-version":[{"id":2303,"href":"https:\/\/xn--brgerstiftung-emscherlippe-land-oid.de\/index.php\/wp-json\/wp\/v2\/pages\/148\/revisions\/2303"}],"wp:featuredmedia":[{"embeddable":true,"href":"https:\/\/xn--brgerstiftung-emscherlippe-land-oid.de\/index.php\/wp-json\/wp\/v2\/media\/165"}],"wp:attachment":[{"href":"https:\/\/xn--brgerstiftung-emscherlippe-land-oid.de\/index.php\/wp-json\/wp\/v2\/media?parent=148"}],"curies":[{"name":"wp","href":"https:\/\/api.w.org\/{rel}","templated":true}]}}