{"version":"1.0","provider_name":"B\u00fcrgerstiftung Emscherlippe-Land","provider_url":"https:\/\/xn--brgerstiftung-emscherlippe-land-oid.de","author_name":"admin","author_url":"https:\/\/xn--brgerstiftung-emscherlippe-land-oid.de\/index.php\/author\/stiftung\/","title":"Bu\u0308rgerstiftung EmscherLippe-Land pflanzt fu\u0308r Stiftungspaten Dr. Ristic einen Apfelbaum - B\u00fcrgerstiftung Emscherlippe-Land","type":"rich","width":600,"height":338,"html":"<blockquote class=\"wp-embedded-content\" data-secret=\"ylZ26d6Oti\"><a href=\"https:\/\/xn--brgerstiftung-emscherlippe-land-oid.de\/index.php\/timeline\/stiftungspate-dr-ristic\/\">Bu\u0308rgerstiftung EmscherLippe-Land pflanzt fu\u0308r Stiftungspaten Dr. Ristic einen Apfelbaum<\/a><\/blockquote><iframe sandbox=\"allow-scripts\" security=\"restricted\" src=\"https:\/\/xn--brgerstiftung-emscherlippe-land-oid.de\/index.php\/timeline\/stiftungspate-dr-ristic\/embed\/#?secret=ylZ26d6Oti\" width=\"600\" height=\"338\" title=\"&#8222;Bu\u0308rgerstiftung EmscherLippe-Land pflanzt fu\u0308r Stiftungspaten Dr. Ristic einen Apfelbaum&#8220; &#8211; B\u00fcrgerstiftung Emscherlippe-Land\" data-secret=\"ylZ26d6Oti\" frameborder=\"0\" marginwidth=\"0\" marginheight=\"0\" scrolling=\"no\" class=\"wp-embedded-content\"><\/iframe><script>\n\/*! This file is auto-generated *\/\n!function(d,l){\"use strict\";l.querySelector&&d.addEventListener&&\"undefined\"!=typeof URL&&(d.wp=d.wp||{},d.wp.receiveEmbedMessage||(d.wp.receiveEmbedMessage=function(e){var t=e.data;if((t||t.secret||t.message||t.value)&&!\/[^a-zA-Z0-9]\/.test(t.secret)){for(var s,r,n,a=l.querySelectorAll('iframe[data-secret=\"'+t.secret+'\"]'),o=l.querySelectorAll('blockquote[data-secret=\"'+t.secret+'\"]'),c=new RegExp(\"^https?:$\",\"i\"),i=0;i<o.length;i++)o[i].style.display=\"none\";for(i=0;i<a.length;i++)s=a[i],e.source===s.contentWindow&&(s.removeAttribute(\"style\"),\"height\"===t.message?(1e3<(r=parseInt(t.value,10))?r=1e3:~~r<200&&(r=200),s.height=r):\"link\"===t.message&&(r=new URL(s.getAttribute(\"src\")),n=new URL(t.value),c.test(n.protocol))&&n.host===r.host&&l.activeElement===s&&(d.top.location.href=t.value))}},d.addEventListener(\"message\",d.wp.receiveEmbedMessage,!1),l.addEventListener(\"DOMContentLoaded\",function(){for(var e,t,s=l.querySelectorAll(\"iframe.wp-embedded-content\"),r=0;r<s.length;r++)(t=(e=s[r]).getAttribute(\"data-secret\"))||(t=Math.random().toString(36).substring(2,12),e.src+=\"#?secret=\"+t,e.setAttribute(\"data-secret\",t)),e.contentWindow.postMessage({message:\"ready\",secret:t},\"*\")},!1)))}(window,document);\n\/\/# sourceURL=https:\/\/xn--brgerstiftung-emscherlippe-land-oid.de\/wp-includes\/js\/wp-embed.min.js\n<\/script>\n","thumbnail_url":"https:\/\/xn--brgerstiftung-emscherlippe-land-oid.de\/wp-content\/uploads\/2024\/12\/Baumpflanzung-scaled.jpg","thumbnail_width":2560,"thumbnail_height":2287,"description":"Als Symbol der Nachhaltigkeit pflanzt die B\u00fcrgerstiftung EmscherLippe-Land f\u00fcr jeden Stiftungspaten einen Stiftungsbaum. Der 37. Baum wurde Ende November f\u00fcr Dr. Thomas Ristic gepflanzt. Bei der Wahl des Standortes musste der Stiftungspate nicht lange \u00fcberlegen. Seine drei Kinder besuchten zur Kindergartenzeit den Katholischen Kindergarten St. Rochus. \u201eMeine Kinder sind mittlerweile erwachsen, doch die Verbindung zu &hellip; \u201e\u201c weiterlesen"}