{"version":"1.0","provider_name":"B\u00fcrgerstiftung Emscherlippe-Land","provider_url":"https:\/\/xn--brgerstiftung-emscherlippe-land-oid.de","author_name":"admin","author_url":"https:\/\/xn--brgerstiftung-emscherlippe-land-oid.de\/index.php\/author\/stiftung\/","title":"Grund zum Strahlen - B\u00fcrgerstiftung Emscherlippe-Land","type":"rich","width":600,"height":338,"html":"<blockquote class=\"wp-embedded-content\" data-secret=\"L1NtIsiUEo\"><a href=\"https:\/\/xn--brgerstiftung-emscherlippe-land-oid.de\/index.php\/timeline\/grund-zum-strahlen\/\">Grund zum Strahlen<\/a><\/blockquote><iframe sandbox=\"allow-scripts\" security=\"restricted\" src=\"https:\/\/xn--brgerstiftung-emscherlippe-land-oid.de\/index.php\/timeline\/grund-zum-strahlen\/embed\/#?secret=L1NtIsiUEo\" width=\"600\" height=\"338\" title=\"&#8222;Grund zum Strahlen&#8220; &#8211; B\u00fcrgerstiftung Emscherlippe-Land\" data-secret=\"L1NtIsiUEo\" frameborder=\"0\" marginwidth=\"0\" marginheight=\"0\" scrolling=\"no\" class=\"wp-embedded-content\"><\/iframe><script>\n\/*! This file is auto-generated *\/\n!function(d,l){\"use strict\";l.querySelector&&d.addEventListener&&\"undefined\"!=typeof URL&&(d.wp=d.wp||{},d.wp.receiveEmbedMessage||(d.wp.receiveEmbedMessage=function(e){var t=e.data;if((t||t.secret||t.message||t.value)&&!\/[^a-zA-Z0-9]\/.test(t.secret)){for(var s,r,n,a=l.querySelectorAll('iframe[data-secret=\"'+t.secret+'\"]'),o=l.querySelectorAll('blockquote[data-secret=\"'+t.secret+'\"]'),c=new RegExp(\"^https?:$\",\"i\"),i=0;i<o.length;i++)o[i].style.display=\"none\";for(i=0;i<a.length;i++)s=a[i],e.source===s.contentWindow&&(s.removeAttribute(\"style\"),\"height\"===t.message?(1e3<(r=parseInt(t.value,10))?r=1e3:~~r<200&&(r=200),s.height=r):\"link\"===t.message&&(r=new URL(s.getAttribute(\"src\")),n=new URL(t.value),c.test(n.protocol))&&n.host===r.host&&l.activeElement===s&&(d.top.location.href=t.value))}},d.addEventListener(\"message\",d.wp.receiveEmbedMessage,!1),l.addEventListener(\"DOMContentLoaded\",function(){for(var e,t,s=l.querySelectorAll(\"iframe.wp-embedded-content\"),r=0;r<s.length;r++)(t=(e=s[r]).getAttribute(\"data-secret\"))||(t=Math.random().toString(36).substring(2,12),e.src+=\"#?secret=\"+t,e.setAttribute(\"data-secret\",t)),e.contentWindow.postMessage({message:\"ready\",secret:t},\"*\")},!1)))}(window,document);\n\/\/# sourceURL=https:\/\/xn--brgerstiftung-emscherlippe-land-oid.de\/wp-includes\/js\/wp-embed.min.js\n<\/script>\n","thumbnail_url":"https:\/\/xn--brgerstiftung-emscherlippe-land-oid.de\/wp-content\/uploads\/2020\/08\/Spenden\u00fcbergabe31.07.2020-scaled.jpg","thumbnail_width":2560,"thumbnail_height":1710,"description":"B\u00fcrgerstiftung EmscherLippe-Land \u00fcberreicht Guter-Zweck-Schecks im Gesamtwert von 10.000 Euro Bei strahlendem Sonnenschein konnte am Freitag die Kinder-tagesst\u00e4tte Wunderfitz in L\u00fcnen die B\u00fcrgerstiftung Emscher-Lippe-Land sowie deren ausgew\u00e4hlte Spendenempf\u00e4nger auf ihrem Au\u00dfengel\u00e4nde begr\u00fc\u00dfen. Anlass war die Spenden-\u00fcbergabe von der B\u00fcrgerstiftung im Gesamtwert von 10.000 Euro an zehn gemeinn\u00fctzige Einrichtungen und Vereine aus den Regionen Castrop-Rauxel, Datteln, Oer-Erkenschwick, &hellip; \u201e\u201c weiterlesen"}